{"id":1645,"date":"2023-06-20T13:18:39","date_gmt":"2023-06-20T11:18:39","guid":{"rendered":"https:\/\/sjolinsgymnasium.se\/vasastan\/?page_id=1645"},"modified":"2025-08-27T16:35:42","modified_gmt":"2025-08-27T14:35:42","slug":"meritvarde","status":"publish","type":"page","link":"https:\/\/sjolinsgymnasium.se\/vasastan\/om-gymnasievalet\/meritvarde\/","title":{"rendered":"Meritv\u00e4rde"},"content":{"rendered":"\n\t\n\t\n\t\n\n\t\n\t\n\t\t\n<section  class=\"c-block l-stacked  \" data-color-scheme=\"vit\">\n\t<div class=\"ams-fifty ams-fifty--container ams-fifty--right ams-fifty--top l-container u-pt-fluid-3xl-6xl u-pb-fluid-3xl-6xl\">\n\t\t<div class=\"ams-fifty__content l-stack l-stack-xl is-left is-left@lg\">\n\t\t\t<div class=\"ams-fifty__text l-stack l-stack-lg\">\n\t\t\t\t\t\n\t<h1\n\tclass=\"c-heading u-font-title-1 \"\n\tstyle=\"\">\n\t\t\n\t\t\t\t\tMeritv\u00e4rde p\u00e5 Sj\u00f6lins Vasastan\n\t\t\t\t\n\t<\/h1>\n\n\t\t\t\t\t\t\t\t\t<div class=\"text l-stack u-font-body\">\n\t\t\t\t\t\t<p><span data-sheets-value=\"{&quot;1&quot;:2,&quot;2&quot;:&quot;L\u00e4gsta meritv\u00e4rdet p\u00e5 en skola varierar fr\u00e5n \u00e5r till \u00e5r beroende p\u00e5 hur m\u00e5nga som s\u00f6ker till skolan och hur m\u00e5nga platser skolan har till ett visst program och inriktning. H\u00e4r kan du se l\u00e4gsta meritv\u00e4rden som elever hade som b\u00f6rjade p\u00e5 Sj\u00f6lins Vasastan i augusti 2023. \\n\\nEKEKO\\nEKJUR\\nNANAT\\nNANAS\\nSASAM\\nSABET&quot;}\" data-sheets-userformat=\"{&quot;2&quot;:5025,&quot;3&quot;:{&quot;1&quot;:0},&quot;8&quot;:{&quot;1&quot;:[{&quot;1&quot;:2,&quot;2&quot;:0,&quot;5&quot;:{&quot;1&quot;:2,&quot;2&quot;:0}},{&quot;1&quot;:0,&quot;2&quot;:0,&quot;3&quot;:3},{&quot;1&quot;:1,&quot;2&quot;:0,&quot;4&quot;:1}]},&quot;10&quot;:0,&quot;11&quot;:4,&quot;12&quot;:0,&quot;15&quot;:&quot;Roboto&quot;}\">L\u00e4gsta meritv\u00e4rdet p\u00e5 en skola varierar fr\u00e5n \u00e5r till \u00e5r beroende p\u00e5 hur m\u00e5nga som s\u00f6ker till skolan och hur m\u00e5nga platser skolan har till ett visst program och inriktning. H\u00e4r kan du se l\u00e4gsta meritv\u00e4rden som elever hade som b\u00f6rjade p\u00e5 Sj\u00f6lins Vasastan i augusti 2025.<\/span><\/p>\n<p>EKEKO: 282.5<br \/>\nEKJUR: 285<br \/>\nNANAT: 305<br \/>\nNANAS: 300<br \/>\nSASAM: 277.5<br \/>\nSABET: 275<\/p>\n\n\t\t\t\t\t<\/div>\n\t\t\t\t\t\t\t<\/div>\n\n\t\t\t\t\t<\/div>\n\n\t\t <div class=\"ams-fifty__media u-ratio-square\">\n\t\t \t\t\t\t\t<img decoding=\"async\" width=\"600\" height=\"400\" src=\"https:\/\/sjolinsgymnasium.se\/wp-content\/uploads\/sites\/7\/2023\/07\/kopia-av-gfkt2115-scaled-600x400.jpg\" class=\"attachment-md size-md\" alt=\"Tre elever sitter runt ett bord p\u00e5 Campus Vasastan\" sizes=\"(min-width: 64em) 600px, calc(100vw - 160px)\" srcset=\"https:\/\/sjolinsgymnasium.se\/wp-content\/uploads\/sites\/7\/2023\/07\/kopia-av-gfkt2115-scaled-600x400.jpg 600w, https:\/\/sjolinsgymnasium.se\/wp-content\/uploads\/sites\/7\/2023\/07\/kopia-av-gfkt2115-scaled-300x200.jpg 300w, https:\/\/sjolinsgymnasium.se\/wp-content\/uploads\/sites\/7\/2023\/07\/kopia-av-gfkt2115-scaled-400x267.jpg 400w, https:\/\/sjolinsgymnasium.se\/wp-content\/uploads\/sites\/7\/2023\/07\/kopia-av-gfkt2115-scaled-800x533.jpg 800w, https:\/\/sjolinsgymnasium.se\/wp-content\/uploads\/sites\/7\/2023\/07\/kopia-av-gfkt2115-scaled-1024x683.jpg 1024w, https:\/\/sjolinsgymnasium.se\/wp-content\/uploads\/sites\/7\/2023\/07\/kopia-av-gfkt2115-scaled-1200x800.jpg 1200w\" \/>\n\t\t\t\n\t\t\t\n\t\t\t\t\t<\/div>\n\t<\/div>\n\n\t\t\n\t\t\t\n\t\t\t\t\t\t\t\n\t\t\t\t<div class=\"c-bg c-bg--img\" data-settings=\"{&quot;desktop_settings&quot;:{&quot;size&quot;:&quot;contain&quot;,&quot;position&quot;:&quot;bottom-left&quot;},&quot;mobile_settings&quot;:{&quot;size&quot;:&quot;contain&quot;,&quot;position&quot;:&quot;bottom-left&quot;}}\" data-position=\"middle-center\" data-size=\"cover\">\n\t\t\t<picture><source media=\"(min-width: 48em)\" srcset=\"https:\/\/sjolinsgymnasium.se\/wp-content\/uploads\/sites\/7\/2023\/06\/sjofjadervanster5desktoprgbgron.svg\" sizes=\"\" \/><source srcset=\"https:\/\/sjolinsgymnasium.se\/wp-content\/uploads\/sites\/7\/2023\/06\/sjofjadervanster5mobilergbgron.svg\" sizes=\"\" \/><img decoding=\"async\" src=\"https:\/\/sjolinsgymnasium.se\/wp-content\/uploads\/sites\/7\/2023\/06\/sjofjadervanster5desktoprgbgron.svg\" class=\"attachment-hero-lg size-hero-lg\" alt=\"\" sizes=\"\" height=\"467.3\" width=\"199.3\" \/><\/picture>\n\t\t<\/div>\n\t\n<\/section>\n\n\n\n\t\n\t\n\t\n\n\t\n\t\n\t\t\n<section  class=\"c-block l-stacked  \" data-color-scheme=\"beige\">\n\t<div class=\"ams-fifty ams-fifty--container ams-fifty--left ams-fifty--top l-container u-pt-fluid-3xl-6xl u-pb-fluid-3xl-6xl\">\n\t\t<div class=\"ams-fifty__content l-stack l-stack-xl is-left is-left@lg\">\n\t\t\t<div class=\"ams-fifty__text l-stack l-stack-lg\">\n\t\t\t\t\t\n\t<h2\n\tclass=\"c-heading u-font-title-1 \"\n\tstyle=\"\">\n\t\t\n\t\t\t\t\tHur r\u00e4knar jag ut mitt meritv\u00e4rde?\n\t\t\t\t\n\t<\/h2>\n\n\t\t\t\t\t\t\t\t\t<div class=\"text l-stack u-font-body\">\n\t\t\t\t\t\t<p><span data-sheets-value=\"{&quot;1&quot;:2,&quot;2&quot;:&quot;R\u00e4kna enkelt ut ditt meritv\u00e4rde fr\u00e5n grundskolan med hj\u00e4lp av meritv\u00e4rdesr\u00e4knaren p\u00e5 Gymnasiekolls hemsida.&quot;}\" data-sheets-userformat=\"{&quot;2&quot;:5025,&quot;3&quot;:{&quot;1&quot;:0},&quot;8&quot;:{&quot;1&quot;:[{&quot;1&quot;:2,&quot;2&quot;:0,&quot;5&quot;:{&quot;1&quot;:2,&quot;2&quot;:0}},{&quot;1&quot;:0,&quot;2&quot;:0,&quot;3&quot;:3},{&quot;1&quot;:1,&quot;2&quot;:0,&quot;4&quot;:1}]},&quot;10&quot;:0,&quot;11&quot;:4,&quot;12&quot;:0,&quot;15&quot;:&quot;Roboto&quot;}\">R\u00e4kna enkelt ut ditt meritv\u00e4rde fr\u00e5n grundskolan med hj\u00e4lp av meritv\u00e4rdesr\u00e4knaren p\u00e5 Gymnasiekolls hemsida.<\/span><\/p>\n\n\t\t\t\t\t<\/div>\n\t\t\t\t\t\t\t<\/div>\n\n\t\t\t\t<div class=\"ams-fifty__action u-inline-items\">\n\t\t\t\t\t\t\t\n\n\n<a href=\"https:\/\/gymnasiekoll.se\/gymnasieval\/meritvarde\/\"\n\t\n\tclass=\"c-btn \"\n\tdata-style=\"round\"\n\tdata-size=\"md\"\n\tdata-width=\"full-mobile\"\n\tdata-variant=\"outline\"\n\ttarget=\"_blank\">\n\t\t\t<span class=\"label\"> R\u00e4kna ut ditt meritv\u00e4rde<\/span>\n\t\t\t<\/a>\n\t\t\t<\/div>\n\t\t<\/div>\n\n\t\t <div class=\"ams-fifty__media u-ratio-square\">\n\t\t \t\t\t\t\t<img decoding=\"async\" width=\"600\" height=\"400\" src=\"https:\/\/sjolinsgymnasium.se\/wp-content\/uploads\/sites\/7\/2023\/07\/sjolins-vasastan-meritvarde-202303-scaled-600x400.jpg\" class=\"attachment-md size-md\" alt=\"Elever sitter runt ett bord p\u00e5 Campus Vasastan\" sizes=\"(min-width: 64em) 600px, calc(100vw - 160px)\" srcset=\"https:\/\/sjolinsgymnasium.se\/wp-content\/uploads\/sites\/7\/2023\/07\/sjolins-vasastan-meritvarde-202303-scaled-600x400.jpg 600w, https:\/\/sjolinsgymnasium.se\/wp-content\/uploads\/sites\/7\/2023\/07\/sjolins-vasastan-meritvarde-202303-scaled-300x200.jpg 300w, https:\/\/sjolinsgymnasium.se\/wp-content\/uploads\/sites\/7\/2023\/07\/sjolins-vasastan-meritvarde-202303-scaled-400x267.jpg 400w, https:\/\/sjolinsgymnasium.se\/wp-content\/uploads\/sites\/7\/2023\/07\/sjolins-vasastan-meritvarde-202303-scaled-800x533.jpg 800w, https:\/\/sjolinsgymnasium.se\/wp-content\/uploads\/sites\/7\/2023\/07\/sjolins-vasastan-meritvarde-202303-scaled-1024x683.jpg 1024w, https:\/\/sjolinsgymnasium.se\/wp-content\/uploads\/sites\/7\/2023\/07\/sjolins-vasastan-meritvarde-202303-scaled-1200x800.jpg 1200w\" \/>\n\t\t\t\n\t\t\t\n\t\t\t\t\t<\/div>\n\t<\/div>\n\n\t\t\n\n<\/section>\n\n\n\n\t<div class=\"module_wrapper ams_remote_pages_module \">\n\t\t\n\n<section  class=\"ams-cta ams-cta--stacked c-block l-stacked\" data-color-scheme=\"vit\">\n\t<div class=\"l-container-narrow l-stack l-stack-fluid-2xl u-pt-fluid-3xl-6xl u-pb-fluid-3xl-6xl is-center is-center@md\">\n\t\t\t\t\t<div class=\"ams-cta__intro l-stack l-stack-lg\">\n\t\t\t\t\t\n\t<h2\n\tclass=\"c-heading u-font-title-1 \"\n\tstyle=\"\">\n\t\t\n\t\t\t\t\tV\u00e5ra gymnasieprogram\n\t\t\t\t\n\t<\/h2>\n\n\t\t\t\t\t\t\t\t\t<div class=\"c-text l-stack u-cs-xl u-font-body\">\n\t\t\t\t\t\t<p><span data-sheets-value=\"{&quot;1&quot;:2,&quot;2&quot;:&quot;Alla v\u00e5ra gymnasieprogram p\u00e5 Sj\u00f6lins \u00e4r h\u00f6gskolef\u00f6rberedande och ger dig en tydlig koppling till samh\u00e4llet genom case-arbete.\\n\\n\\n&quot;}\" data-sheets-userformat=\"{&quot;2&quot;:5025,&quot;3&quot;:{&quot;1&quot;:0},&quot;8&quot;:{&quot;1&quot;:[{&quot;1&quot;:2,&quot;2&quot;:0,&quot;5&quot;:{&quot;1&quot;:2,&quot;2&quot;:0}},{&quot;1&quot;:0,&quot;2&quot;:0,&quot;3&quot;:3},{&quot;1&quot;:1,&quot;2&quot;:0,&quot;4&quot;:1}]},&quot;10&quot;:0,&quot;11&quot;:4,&quot;12&quot;:0,&quot;15&quot;:&quot;Roboto&quot;}\">Alla v\u00e5ra gymnasieprogram p\u00e5 Sj\u00f6lins \u00e4r h\u00f6gskolef\u00f6rberedande och ger dig en tydlig koppling till samh\u00e4llet genom case-arbete.<br \/>\n<\/span><\/p>\n\n\t\t\t\t\t<\/div>\n\t\t\t\t\t\t\t<\/div>\n\t\t\n\t\t\n\t\t\t<div class=\"ams-cta__action u-inline-items\">\n\t\t\t\t\t\t\t\n\n\n<a href=\"https:\/\/sjolinsgymnasium.se\/vasastan\/gymnasieprogram\/\"\n\t\n\tclass=\"c-btn \"\n\tdata-style=\"round\"\n\tdata-size=\"md\"\n\tdata-width=\"full-mobile\"\n\tdata-variant=\"default\"\n\ttarget=\"_self\">\n\t\t\t<span class=\"label\"> Till v\u00e5ra program<\/span>\n\t\t\t<\/a>\n\t\t\t<\/div>\n\t<\/div>\n\n\t\t\n\t\t\t\n\t\t\t\t\t\t\t\n\t\t\t\t<div class=\"c-bg c-bg--img\" data-settings=\"{&quot;desktop_settings&quot;:{&quot;size&quot;:&quot;cover&quot;,&quot;position&quot;:&quot;middle-center&quot;},&quot;mobile_settings&quot;:{&quot;size&quot;:&quot;cover&quot;,&quot;position&quot;:&quot;middle-center&quot;}}\" data-position=\"middle-center\" data-size=\"cover\">\n\t\t\t\n\t\t<\/div>\n\t\n<\/section>\n\t<\/div>\n\n\t","protected":false},"excerpt":{"rendered":"","protected":false},"author":1,"featured_media":0,"parent":385,"menu_order":0,"comment_status":"closed","ping_status":"closed","template":"","meta":{"footnotes":""},"yoast_head":"<!-- This site is optimized with the Yoast SEO plugin v22.0 - https:\/\/yoast.com\/wordpress\/plugins\/seo\/ -->\n<title>Meritv\u00e4rde - Sj\u00f6lins Gymnasium Vasastan<\/title>\n<meta name=\"description\" content=\"H\u00e4r kan du se l\u00e4gsta meritv\u00e4rden som elever hade som b\u00f6rjade p\u00e5 Sj\u00f6lins Vasastan i augusti 2023. V\u00e4lkommen till Sj\u00f6lins!\" \/>\n<meta name=\"robots\" content=\"index, follow, max-snippet:-1, max-image-preview:large, max-video-preview:-1\" \/>\n<link rel=\"canonical\" href=\"https:\/\/sjolinsgymnasium.se\/vasastan\/om-gymnasievalet\/meritvarde\/\" \/>\n<meta property=\"og:locale\" content=\"sv_SE\" \/>\n<meta property=\"og:type\" content=\"article\" \/>\n<meta property=\"og:title\" content=\"Meritv\u00e4rde - Sj\u00f6lins Gymnasium Vasastan\" \/>\n<meta property=\"og:description\" content=\"H\u00e4r kan du se l\u00e4gsta meritv\u00e4rden som elever hade som b\u00f6rjade p\u00e5 Sj\u00f6lins Vasastan i augusti 2023. V\u00e4lkommen till Sj\u00f6lins!\" \/>\n<meta property=\"og:url\" content=\"https:\/\/sjolinsgymnasium.se\/vasastan\/om-gymnasievalet\/meritvarde\/\" \/>\n<meta property=\"og:site_name\" content=\"Vasastan\" \/>\n<meta property=\"article:modified_time\" content=\"2025-08-27T14:35:42+00:00\" \/>\n<meta name=\"twitter:card\" content=\"summary_large_image\" \/>\n<meta name=\"twitter:title\" content=\"Meritv\u00e4rde - Sj\u00f6lins Gymnasium Vasastan\" \/>\n<meta name=\"twitter:description\" content=\"H\u00e4r kan du se l\u00e4gsta meritv\u00e4rden som elever hade som b\u00f6rjade p\u00e5 Sj\u00f6lins Vasastan i augusti 2023. V\u00e4lkommen till Sj\u00f6lins!\" \/>\n<meta name=\"twitter:label1\" content=\"Est. reading time\" \/>\n\t<meta name=\"twitter:data1\" content=\"2 minuter\" \/>\n<script type=\"application\/ld+json\" class=\"yoast-schema-graph\">{\"@context\":\"https:\/\/schema.org\",\"@graph\":[{\"@type\":\"WebPage\",\"@id\":\"https:\/\/sjolinsgymnasium.se\/vasastan\/om-gymnasievalet\/meritvarde\/\",\"url\":\"https:\/\/sjolinsgymnasium.se\/vasastan\/om-gymnasievalet\/meritvarde\/\",\"name\":\"Meritv\u00e4rde - Sj\u00f6lins Gymnasium Vasastan\",\"isPartOf\":{\"@id\":\"https:\/\/sjolinsgymnasium.se\/vasastan\/#website\"},\"datePublished\":\"2023-06-20T11:18:39+00:00\",\"dateModified\":\"2025-08-27T14:35:42+00:00\",\"description\":\"H\u00e4r kan du se l\u00e4gsta meritv\u00e4rden som elever hade som b\u00f6rjade p\u00e5 Sj\u00f6lins Vasastan i augusti 2023. V\u00e4lkommen till Sj\u00f6lins!\",\"breadcrumb\":{\"@id\":\"https:\/\/sjolinsgymnasium.se\/vasastan\/om-gymnasievalet\/meritvarde\/#breadcrumb\"},\"inLanguage\":\"sv-SE\",\"potentialAction\":[{\"@type\":\"ReadAction\",\"target\":[\"https:\/\/sjolinsgymnasium.se\/vasastan\/om-gymnasievalet\/meritvarde\/\"]}]},{\"@type\":\"BreadcrumbList\",\"@id\":\"https:\/\/sjolinsgymnasium.se\/vasastan\/om-gymnasievalet\/meritvarde\/#breadcrumb\",\"itemListElement\":[{\"@type\":\"ListItem\",\"position\":1,\"name\":\"Start\",\"item\":\"https:\/\/sjolinsgymnasium.se\/vasastan\/\"},{\"@type\":\"ListItem\",\"position\":2,\"name\":\"Om gymnasievalet\",\"item\":\"https:\/\/sjolinsgymnasium.se\/vasastan\/om-gymnasievalet\/\"},{\"@type\":\"ListItem\",\"position\":3,\"name\":\"Meritv\u00e4rde\"}]},{\"@type\":\"WebSite\",\"@id\":\"https:\/\/sjolinsgymnasium.se\/vasastan\/#website\",\"url\":\"https:\/\/sjolinsgymnasium.se\/vasastan\/\",\"name\":\"Vasastan\",\"description\":\"Just another WordPress site\",\"potentialAction\":[{\"@type\":\"SearchAction\",\"target\":{\"@type\":\"EntryPoint\",\"urlTemplate\":\"https:\/\/sjolinsgymnasium.se\/vasastan\/?s={search_term_string}\"},\"query-input\":\"required name=search_term_string\"}],\"inLanguage\":\"sv-SE\"}]}<\/script>\n<!-- \/ Yoast SEO plugin. -->","yoast_head_json":{"title":"Meritv\u00e4rde - Sj\u00f6lins Gymnasium Vasastan","description":"H\u00e4r kan du se l\u00e4gsta meritv\u00e4rden som elever hade som b\u00f6rjade p\u00e5 Sj\u00f6lins Vasastan i augusti 2023. V\u00e4lkommen till Sj\u00f6lins!","robots":{"index":"index","follow":"follow","max-snippet":"max-snippet:-1","max-image-preview":"max-image-preview:large","max-video-preview":"max-video-preview:-1"},"canonical":"https:\/\/sjolinsgymnasium.se\/vasastan\/om-gymnasievalet\/meritvarde\/","og_locale":"sv_SE","og_type":"article","og_title":"Meritv\u00e4rde - Sj\u00f6lins Gymnasium Vasastan","og_description":"H\u00e4r kan du se l\u00e4gsta meritv\u00e4rden som elever hade som b\u00f6rjade p\u00e5 Sj\u00f6lins Vasastan i augusti 2023. V\u00e4lkommen till Sj\u00f6lins!","og_url":"https:\/\/sjolinsgymnasium.se\/vasastan\/om-gymnasievalet\/meritvarde\/","og_site_name":"Vasastan","article_modified_time":"2025-08-27T14:35:42+00:00","twitter_card":"summary_large_image","twitter_title":"Meritv\u00e4rde - Sj\u00f6lins Gymnasium Vasastan","twitter_description":"H\u00e4r kan du se l\u00e4gsta meritv\u00e4rden som elever hade som b\u00f6rjade p\u00e5 Sj\u00f6lins Vasastan i augusti 2023. V\u00e4lkommen till Sj\u00f6lins!","twitter_misc":{"Est. reading time":"2 minuter"},"schema":{"@context":"https:\/\/schema.org","@graph":[{"@type":"WebPage","@id":"https:\/\/sjolinsgymnasium.se\/vasastan\/om-gymnasievalet\/meritvarde\/","url":"https:\/\/sjolinsgymnasium.se\/vasastan\/om-gymnasievalet\/meritvarde\/","name":"Meritv\u00e4rde - Sj\u00f6lins Gymnasium Vasastan","isPartOf":{"@id":"https:\/\/sjolinsgymnasium.se\/vasastan\/#website"},"datePublished":"2023-06-20T11:18:39+00:00","dateModified":"2025-08-27T14:35:42+00:00","description":"H\u00e4r kan du se l\u00e4gsta meritv\u00e4rden som elever hade som b\u00f6rjade p\u00e5 Sj\u00f6lins Vasastan i augusti 2023. V\u00e4lkommen till Sj\u00f6lins!","breadcrumb":{"@id":"https:\/\/sjolinsgymnasium.se\/vasastan\/om-gymnasievalet\/meritvarde\/#breadcrumb"},"inLanguage":"sv-SE","potentialAction":[{"@type":"ReadAction","target":["https:\/\/sjolinsgymnasium.se\/vasastan\/om-gymnasievalet\/meritvarde\/"]}]},{"@type":"BreadcrumbList","@id":"https:\/\/sjolinsgymnasium.se\/vasastan\/om-gymnasievalet\/meritvarde\/#breadcrumb","itemListElement":[{"@type":"ListItem","position":1,"name":"Start","item":"https:\/\/sjolinsgymnasium.se\/vasastan\/"},{"@type":"ListItem","position":2,"name":"Om gymnasievalet","item":"https:\/\/sjolinsgymnasium.se\/vasastan\/om-gymnasievalet\/"},{"@type":"ListItem","position":3,"name":"Meritv\u00e4rde"}]},{"@type":"WebSite","@id":"https:\/\/sjolinsgymnasium.se\/vasastan\/#website","url":"https:\/\/sjolinsgymnasium.se\/vasastan\/","name":"Vasastan","description":"Just another WordPress site","potentialAction":[{"@type":"SearchAction","target":{"@type":"EntryPoint","urlTemplate":"https:\/\/sjolinsgymnasium.se\/vasastan\/?s={search_term_string}"},"query-input":"required name=search_term_string"}],"inLanguage":"sv-SE"}]}},"_links":{"self":[{"href":"https:\/\/sjolinsgymnasium.se\/vasastan\/wp-json\/wp\/v2\/pages\/1645"}],"collection":[{"href":"https:\/\/sjolinsgymnasium.se\/vasastan\/wp-json\/wp\/v2\/pages"}],"about":[{"href":"https:\/\/sjolinsgymnasium.se\/vasastan\/wp-json\/wp\/v2\/types\/page"}],"author":[{"embeddable":true,"href":"https:\/\/sjolinsgymnasium.se\/vasastan\/wp-json\/wp\/v2\/users\/1"}],"replies":[{"embeddable":true,"href":"https:\/\/sjolinsgymnasium.se\/vasastan\/wp-json\/wp\/v2\/comments?post=1645"}],"version-history":[{"count":10,"href":"https:\/\/sjolinsgymnasium.se\/vasastan\/wp-json\/wp\/v2\/pages\/1645\/revisions"}],"predecessor-version":[{"id":3159,"href":"https:\/\/sjolinsgymnasium.se\/vasastan\/wp-json\/wp\/v2\/pages\/1645\/revisions\/3159"}],"up":[{"embeddable":true,"href":"https:\/\/sjolinsgymnasium.se\/vasastan\/wp-json\/wp\/v2\/pages\/385"}],"wp:attachment":[{"href":"https:\/\/sjolinsgymnasium.se\/vasastan\/wp-json\/wp\/v2\/media?parent=1645"}],"curies":[{"name":"wp","href":"https:\/\/api.w.org\/{rel}","templated":true}]}}