{"id":412,"date":"2023-03-03T15:28:56","date_gmt":"2023-03-03T14:28:56","guid":{"rendered":"https:\/\/sjolinsgymnasium.se\/sodermalm\/?page_id=412"},"modified":"2026-04-16T09:05:56","modified_gmt":"2026-04-16T07:05:56","slug":"om-oss","status":"publish","type":"page","link":"https:\/\/sjolinsgymnasium.se\/sodermalm\/om-oss\/","title":{"rendered":"Om oss"},"content":{"rendered":"\n\t\n\t\n\t\n\n\t\n\t\n\t\t\n<section  class=\"c-block l-stacked  \" data-color-scheme=\"vit\">\n\t<div class=\"ams-fifty ams-fifty--container ams-fifty--right ams-fifty--top l-container u-pt-fluid-3xl-6xl u-pb-fluid-3xl-6xl\">\n\t\t<div class=\"ams-fifty__content l-stack l-stack-xl is-left is-left@lg\">\n\t\t\t<div class=\"ams-fifty__text l-stack l-stack-lg\">\n\t\t\t\t\t\n\t<h1\n\tclass=\"c-heading u-font-title-1 \"\n\tstyle=\"\">\n\t\t\n\t\t\t\t\tOm Sj\u00f6lins Gymnasium S\u00f6dermalm\n\t\t\t\t\n\t<\/h1>\n\n\t\t\t\t\t\t\t\t\t<div class=\"text l-stack u-font-body\">\n\t\t\t\t\t\t<p><span data-sheets-value=\"{&quot;1&quot;:2,&quot;2&quot;:&quot;Sj\u00f6lins gymnasium p\u00e5 S\u00f6dermalm erbjuder en enast\u00e5ende utsikt \u00f6ver S\u00f6ders tak\u00e5sar fr\u00e5n sin h\u00f6ga klippa. F\u00f6rutom Sj\u00f6lins vanliga program s\u00e5 kan elever som vill elitsatsa p\u00e5 sin sport v\u00e4lja NIU (Nationell Idrottsutbildning) inom fotboll, handboll och hockey. Med skolcaf\u00e9, solig takterass och gener\u00f6st utrymme f\u00f6r studier och umg\u00e4nge, kan du njuta av en fantastisk skolmilj\u00f6. &quot;}\" data-sheets-userformat=\"{&quot;2&quot;:5025,&quot;3&quot;:{&quot;1&quot;:0},&quot;8&quot;:{&quot;1&quot;:[{&quot;1&quot;:2,&quot;2&quot;:0,&quot;5&quot;:{&quot;1&quot;:2,&quot;2&quot;:0}},{&quot;1&quot;:0,&quot;2&quot;:0,&quot;3&quot;:3},{&quot;1&quot;:1,&quot;2&quot;:0,&quot;4&quot;:1}]},&quot;10&quot;:0,&quot;11&quot;:4,&quot;12&quot;:0,&quot;15&quot;:&quot;Roboto&quot;}\">Sj\u00f6lins Gymnasium p\u00e5 S\u00f6dermalm erbjuder en enast\u00e5ende utsikt \u00f6ver S\u00f6ders tak\u00e5sar fr\u00e5n sin h\u00f6ga klippa. F\u00f6rutom Sj\u00f6lins vanliga program s\u00e5 kan elever som vill elitsatsa p\u00e5 sin sport v\u00e4lja <a href=\"https:\/\/sjolinsgymnasium.se\/sodermalm\/sodermalm-niu-nationell-idrottsutbildning\/\">NIU<\/a> (Nationell Idrottsutbildning) inom fotboll, handboll och hockey. <\/span><\/p>\n<p>Skolans lokaler \u00e4r v\u00e4l utrustade med labbsalar, idrottssal, matsal med eget k\u00f6k och goda kommunikationer till skolan fr\u00e5n Stockholm med omnejd.\u00a0<span data-sheets-value=\"{&quot;1&quot;:2,&quot;2&quot;:&quot;Sj\u00f6lins gymnasium p\u00e5 S\u00f6dermalm erbjuder en enast\u00e5ende utsikt \u00f6ver S\u00f6ders tak\u00e5sar fr\u00e5n sin h\u00f6ga klippa. F\u00f6rutom Sj\u00f6lins vanliga program s\u00e5 kan elever som vill elitsatsa p\u00e5 sin sport v\u00e4lja NIU (Nationell Idrottsutbildning) inom fotboll, handboll och hockey. Med skolcaf\u00e9, solig takterass och gener\u00f6st utrymme f\u00f6r studier och umg\u00e4nge, kan du njuta av en fantastisk skolmilj\u00f6. &quot;}\" data-sheets-userformat=\"{&quot;2&quot;:5025,&quot;3&quot;:{&quot;1&quot;:0},&quot;8&quot;:{&quot;1&quot;:[{&quot;1&quot;:2,&quot;2&quot;:0,&quot;5&quot;:{&quot;1&quot;:2,&quot;2&quot;:0}},{&quot;1&quot;:0,&quot;2&quot;:0,&quot;3&quot;:3},{&quot;1&quot;:1,&quot;2&quot;:0,&quot;4&quot;:1}]},&quot;10&quot;:0,&quot;11&quot;:4,&quot;12&quot;:0,&quot;15&quot;:&quot;Roboto&quot;}\">Med skolcaf\u00e9, solig takterass och utrymme f\u00f6r studier och umg\u00e4nge, kan du njuta av en fantastisk skolmilj\u00f6.\u00a0<\/span><\/p>\n\n\t\t\t\t\t<\/div>\n\t\t\t\t\t\t\t<\/div>\n\n\t\t\t\t<div class=\"ams-fifty__action u-inline-items\">\n\t\t\t\t\t\t\t\n\n\n<a href=\"https:\/\/sjolinsgymnasium.se\/sodermalm\/gymnasieprogram\/\"\n\t\n\tclass=\"c-btn \"\n\tdata-style=\"round\"\n\tdata-size=\"md\"\n\tdata-width=\"full-mobile\"\n\tdata-variant=\"default\"\n\ttarget=\"_self\">\n\t\t\t<span class=\"label\"> Se v\u00e5ra gymnasieprogram<\/span>\n\t\t\t<\/a>\n\t\t\t\t\t\t\t\n\n\n<a href=\"https:\/\/sjolinsgymnasium.se\/sodermalm\/oppet-hus\/\"\n\t\n\tclass=\"c-btn \"\n\tdata-style=\"round\"\n\tdata-size=\"md\"\n\tdata-width=\"full-mobile\"\n\tdata-variant=\"outline\"\n\ttarget=\"_self\">\n\t\t\t<span class=\"label\"> G\u00e5 p\u00e5 \u00d6ppet hus <\/span>\n\t\t\t<\/a>\n\t\t\t<\/div>\n\t\t<\/div>\n\n\t\t <div class=\"ams-fifty__media u-ratio-square\">\n\t\t \t\t\t\t\t<img decoding=\"async\" width=\"600\" height=\"400\" src=\"https:\/\/sjolinsgymnasium.se\/wp-content\/uploads\/sites\/6\/2023\/07\/kopia-av-sjolinssodermalm202303202803web7-600x400.jpg\" class=\"attachment-md size-md\" alt=\"Elever i skolans gemensamma lokaler\" sizes=\"(min-width: 64em) 600px, calc(100vw - 160px)\" srcset=\"https:\/\/sjolinsgymnasium.se\/wp-content\/uploads\/sites\/6\/2023\/07\/kopia-av-sjolinssodermalm202303202803web7-600x400.jpg 600w, https:\/\/sjolinsgymnasium.se\/wp-content\/uploads\/sites\/6\/2023\/07\/kopia-av-sjolinssodermalm202303202803web7-300x200.jpg 300w, https:\/\/sjolinsgymnasium.se\/wp-content\/uploads\/sites\/6\/2023\/07\/kopia-av-sjolinssodermalm202303202803web7-400x267.jpg 400w, https:\/\/sjolinsgymnasium.se\/wp-content\/uploads\/sites\/6\/2023\/07\/kopia-av-sjolinssodermalm202303202803web7-800x533.jpg 800w, https:\/\/sjolinsgymnasium.se\/wp-content\/uploads\/sites\/6\/2023\/07\/kopia-av-sjolinssodermalm202303202803web7-1024x683.jpg 1024w, https:\/\/sjolinsgymnasium.se\/wp-content\/uploads\/sites\/6\/2023\/07\/kopia-av-sjolinssodermalm202303202803web7-1200x800.jpg 1200w, https:\/\/sjolinsgymnasium.se\/wp-content\/uploads\/sites\/6\/2023\/07\/kopia-av-sjolinssodermalm202303202803web7.jpg 2048w\" \/>\n\t\t\t\n\t\t\t\n\t\t\t\t\t<\/div>\n\t<\/div>\n\n\t\t\n\t\t\t\n\t\t\t\t\t\t\t\n\t\t\t\t<div class=\"c-bg c-bg--img\" data-settings=\"{&quot;desktop_settings&quot;:{&quot;size&quot;:&quot;auto&quot;,&quot;position&quot;:&quot;bottom-right&quot;},&quot;mobile_settings&quot;:{&quot;size&quot;:&quot;auto&quot;,&quot;position&quot;:&quot;bottom-right&quot;}}\" data-position=\"middle-center\" data-size=\"cover\">\n\t\t\t\n\t\t<\/div>\n\t\n<\/section>\n\n\n\n\n<section  class=\"ams-usp c-block l-stacked\" data-color-scheme=\"vit\">\n\t<div class=\"l-container l-stack l-stack-fluid-2xl u-pt-fluid-3xl-6xl u-pb-fluid-3xl-6xl is-center is-center@md\">\n\t\t\t\t\t<div class=\"ams-usp__intro l-stack l-stack-lg\">\n\t\t\t\t\t\n\t<h2\n\tclass=\"c-heading u-font-title-1 \"\n\tstyle=\"\">\n\t\t\n\t\t\t\t\tDet h\u00e4r \u00e4r Sj\u00f6lins Gymnasium S\u00f6dermalm\n\t\t\t\t\n\t<\/h2>\n\n\t\t\t\t\t\t\t<\/div>\n\t\t\n\t\t\t<ul class=\"ams-usp__list l-grid u-justify-center u-gap-fluid-2xl-4xl\">\n\t\t\t\t\t<li class=\"l-col-6@md l-col-4@lg\">\n\t\t\t\t<article\n\t\t\t\t\tclass=\"\n\t\t\t\t\tc-card\n\t\t\t\t\thas-media-zoom\n\t\t\t\t\t\n\t\t\t\t\t\n\t\t\t\t\t\"\n\t\t\t\t\tdata-variant=\"neutral\"\n\t\t\t\t\tdata-style=\"square\"\n\t\t\t\t\t\n\t\t\t\t\t>\n\t\t\t\t\t\t\t\t\t\t\t<div class=\"c-card__content l-stack l-stack-sm u-text-center\">\n\t\t\t\t\t\t\t\t\t\t\t\t\t\t\t<h3 class=\"c-card__title u-font-title-3\">\n\t\t\t\t\t\t\t\t\t\t\t\t\t\t\t\t\t\t\t\t\t\t\t\t\t\t\t\t\t\tCase\n\t\t\t\t\t\t\t\t\t\t\t\t\t\t\t\t\t\t\t\t\t\t\t\t\t\t\t<\/h3>\n\t\t\t\t\t\t\t\n\t\t\t\t\t\t\t\t\t\t\t\t\t\t\t<div class=\"c-card__text l-stack-xs u-font-body\">\n\t\t\t\t\t\t\t\t\t<p>P\u00e5 Sj\u00f6lins Gymnasium jobbar du i case &#8211; en metod som kopplar ihop det du l\u00e4r dig i klassrummet med det som h\u00e4nder i samh\u00e4llet. H\u00e4r arbetar vi \u00f6ver \u00e4mnesgr\u00e4nserna och med hj\u00e4lp av v\u00e4rlden utanf\u00f6r skolan. Du f\u00e5r unders\u00f6ka en \u00adsituation eller h\u00e4ndelse ur flera perspektiv, l\u00e4ra dig att jobba i grupp, ta ansvar och t\u00e4nka kritiskt &#8211; n\u00e5got som ger dig den b\u00e4sta grunden f\u00f6r framtida studier.<\/p>\n\n\t\t\t\t\t\t\t\t<\/div>\n\t\t\t\t\t\t\t\t\t\t\t\t\t<\/div>\n\t\t\t\t\t\n\t\t\t\t\t<div class=\"c-card__media\">\n\t\t\t\t\t\t\t\t\t\t\t\t\t<img decoding=\"async\" width=\"400\" height=\"267\" src=\"https:\/\/sjolinsgymnasium.se\/wp-content\/uploads\/sites\/6\/2023\/08\/kopia-av-i0a1627-400x267.jpg\" class=\"u-radius-round u-ratio-landscape  ams_icon_size_usp-photo\" alt=\"L\u00e4rare undervisar framme vid tavlan i ett klassrum.\" srcset=\"https:\/\/sjolinsgymnasium.se\/wp-content\/uploads\/sites\/6\/2023\/08\/kopia-av-i0a1627-400x267.jpg 400w, https:\/\/sjolinsgymnasium.se\/wp-content\/uploads\/sites\/6\/2023\/08\/kopia-av-i0a1627-300x200.jpg 300w, https:\/\/sjolinsgymnasium.se\/wp-content\/uploads\/sites\/6\/2023\/08\/kopia-av-i0a1627-600x400.jpg 600w, https:\/\/sjolinsgymnasium.se\/wp-content\/uploads\/sites\/6\/2023\/08\/kopia-av-i0a1627-800x534.jpg 800w, https:\/\/sjolinsgymnasium.se\/wp-content\/uploads\/sites\/6\/2023\/08\/kopia-av-i0a1627-1024x683.jpg 1024w, https:\/\/sjolinsgymnasium.se\/wp-content\/uploads\/sites\/6\/2023\/08\/kopia-av-i0a1627-1200x800.jpg 1200w\" sizes=\"(max-width: 400px) 100vw, 400px\" \/>\n\t\t\t\t\t\t\t\t\t\t\t<\/div>\n\t\t\t\t<\/article>\n\t\t\t<\/li>\n\n\t\t\t\t\t<li class=\"l-col-6@md l-col-4@lg\">\n\t\t\t\t<article\n\t\t\t\t\tclass=\"\n\t\t\t\t\tc-card\n\t\t\t\t\thas-media-zoom\n\t\t\t\t\t\n\t\t\t\t\t\n\t\t\t\t\t\"\n\t\t\t\t\tdata-variant=\"neutral\"\n\t\t\t\t\tdata-style=\"square\"\n\t\t\t\t\t\n\t\t\t\t\t>\n\t\t\t\t\t\t\t\t\t\t\t<div class=\"c-card__content l-stack l-stack-sm u-text-center\">\n\t\t\t\t\t\t\t\t\t\t\t\t\t\t\t<h3 class=\"c-card__title u-font-title-3\">\n\t\t\t\t\t\t\t\t\t\t\t\t\t\t\t\t\t\t\t\t\t\t\t\t\t\t\t\t\t\tNIU\n\t\t\t\t\t\t\t\t\t\t\t\t\t\t\t\t\t\t\t\t\t\t\t\t\t\t\t<\/h3>\n\t\t\t\t\t\t\t\n\t\t\t\t\t\t\t\t\t\t\t\t\t\t\t<div class=\"c-card__text l-stack-xs u-font-body\">\n\t\t\t\t\t\t\t\t\t<p><span data-sheets-value=\"{&quot;1&quot;:2,&quot;2&quot;:&quot;P\u00e5 Sj\u00f6lins S\u00f6dermalm kan du kombinera din elitsatsning p\u00e5 ishockey, handboll eller fotboll med en fullst\u00e4ndig gymnasieexamen. Skolan \u00e4r certifierad f\u00f6r att erbjuda Nationell idrottsutbildning (NIU) och har ett m\u00e5ng\u00e5rigt samarbete med Svenska Handbollf\u00f6rbundet, Djurg\u00e5rden Ishockey och Djurg\u00e5rden Fotboll.\\n&quot;}\" data-sheets-userformat=\"{&quot;2&quot;:37793,&quot;3&quot;:{&quot;1&quot;:0},&quot;8&quot;:{&quot;1&quot;:[{&quot;1&quot;:2,&quot;2&quot;:0,&quot;5&quot;:{&quot;1&quot;:2,&quot;2&quot;:0}},{&quot;1&quot;:0,&quot;2&quot;:0,&quot;3&quot;:3},{&quot;1&quot;:1,&quot;2&quot;:0,&quot;4&quot;:1}]},&quot;10&quot;:0,&quot;11&quot;:4,&quot;12&quot;:0,&quot;15&quot;:&quot;Roboto&quot;,&quot;18&quot;:1}\">P\u00e5 Sj\u00f6lins S\u00f6dermalm kan du kombinera din elitsatsning p\u00e5 ishockey, handboll eller fotboll med en fullst\u00e4ndig gymnasieexamen. Skolan \u00e4r certifierad f\u00f6r att erbjuda Nationell idrottsutbildning (NIU) och har ett m\u00e5ng\u00e5rigt samarbete med Svenska Handbollf\u00f6rbundet, Djurg\u00e5rden Ishockey och Djurg\u00e5rden Fotboll.<br \/>\n<\/span><\/p>\n\n\t\t\t\t\t\t\t\t<\/div>\n\t\t\t\t\t\t\t\t\t\t\t\t\t<\/div>\n\t\t\t\t\t\n\t\t\t\t\t<div class=\"c-card__media\">\n\t\t\t\t\t\t\t\t\t\t\t\t\t<img decoding=\"async\" width=\"400\" height=\"354\" src=\"https:\/\/sjolinsgymnasium.se\/wp-content\/uploads\/sites\/6\/2023\/08\/sjolinssodermalmhandboll202303202803web13-e1776323150115-400x354.jpg\" class=\"u-radius-round u-ratio-landscape  ams_icon_size_usp-photo\" alt=\"NIU-elever innan en tr\u00e4ning\" srcset=\"https:\/\/sjolinsgymnasium.se\/wp-content\/uploads\/sites\/6\/2023\/08\/sjolinssodermalmhandboll202303202803web13-e1776323150115-400x354.jpg 400w, https:\/\/sjolinsgymnasium.se\/wp-content\/uploads\/sites\/6\/2023\/08\/sjolinssodermalmhandboll202303202803web13-e1776323150115-300x265.jpg 300w, https:\/\/sjolinsgymnasium.se\/wp-content\/uploads\/sites\/6\/2023\/08\/sjolinssodermalmhandboll202303202803web13-e1776323150115-600x531.jpg 600w, https:\/\/sjolinsgymnasium.se\/wp-content\/uploads\/sites\/6\/2023\/08\/sjolinssodermalmhandboll202303202803web13-e1776323150115-800x708.jpg 800w, https:\/\/sjolinsgymnasium.se\/wp-content\/uploads\/sites\/6\/2023\/08\/sjolinssodermalmhandboll202303202803web13-e1776323150115-1024x906.jpg 1024w, https:\/\/sjolinsgymnasium.se\/wp-content\/uploads\/sites\/6\/2023\/08\/sjolinssodermalmhandboll202303202803web13-e1776323150115-1200x1062.jpg 1200w, https:\/\/sjolinsgymnasium.se\/wp-content\/uploads\/sites\/6\/2023\/08\/sjolinssodermalmhandboll202303202803web13-e1776323150115.jpg 1543w\" sizes=\"(max-width: 400px) 100vw, 400px\" \/>\n\t\t\t\t\t\t\t\t\t\t\t<\/div>\n\t\t\t\t<\/article>\n\t\t\t<\/li>\n\n\t\t\t\t\t<li class=\"l-col-6@md l-col-4@lg\">\n\t\t\t\t<article\n\t\t\t\t\tclass=\"\n\t\t\t\t\tc-card\n\t\t\t\t\thas-media-zoom\n\t\t\t\t\t\n\t\t\t\t\t\n\t\t\t\t\t\"\n\t\t\t\t\tdata-variant=\"neutral\"\n\t\t\t\t\tdata-style=\"square\"\n\t\t\t\t\t\n\t\t\t\t\t>\n\t\t\t\t\t\t\t\t\t\t\t<div class=\"c-card__content l-stack l-stack-sm u-text-center\">\n\t\t\t\t\t\t\t\t\t\t\t\t\t\t\t<h3 class=\"c-card__title u-font-title-3\">\n\t\t\t\t\t\t\t\t\t\t\t\t\t\t\t\t\t\t\t\t\t\t\t\t\t\t\t\t\t\tStudiero och trygghet \n\t\t\t\t\t\t\t\t\t\t\t\t\t\t\t\t\t\t\t\t\t\t\t\t\t\t\t<\/h3>\n\t\t\t\t\t\t\t\n\t\t\t\t\t\t\t\t\t\t\t\t\t\t\t<div class=\"c-card__text l-stack-xs u-font-body\">\n\t\t\t\t\t\t\t\t\t<p><span data-sheets-value=\"{&quot;1&quot;:2,&quot;2&quot;:&quot;Goda f\u00f6ruts\u00e4ttningar f\u00f6r l\u00e4rande kr\u00e4ver utrymme f\u00f6r reflektion och hj\u00e4lp till fokus. D\u00e4rf\u00f6r satsar vi p\u00e5 studiero och att varje elev ska k\u00e4nna sig trygg i sin vardag. Till exempel ligger l\u00e4rarnas arbetsplatser i direkt anslutning till elevernas arbetsytor vilket skapar en lugn milj\u00f6 med mycken vuxenn\u00e4rvaro och n\u00e4ra till handledning och st\u00f6d.\\n\\n\\n&quot;}\" data-sheets-userformat=\"{&quot;2&quot;:5025,&quot;3&quot;:{&quot;1&quot;:0},&quot;8&quot;:{&quot;1&quot;:[{&quot;1&quot;:2,&quot;2&quot;:0,&quot;5&quot;:{&quot;1&quot;:2,&quot;2&quot;:0}},{&quot;1&quot;:0,&quot;2&quot;:0,&quot;3&quot;:3},{&quot;1&quot;:1,&quot;2&quot;:0,&quot;4&quot;:1}]},&quot;10&quot;:0,&quot;11&quot;:4,&quot;12&quot;:0,&quot;15&quot;:&quot;Roboto&quot;}\">Goda f\u00f6ruts\u00e4ttningar f\u00f6r l\u00e4rande kr\u00e4ver utrymme f\u00f6r reflektion och hj\u00e4lp till fokus. D\u00e4rf\u00f6r satsar vi p\u00e5 studiero och att varje elev ska k\u00e4nna sig trygg i sin vardag. Till exempel ligger l\u00e4rarnas arbetsplatser i direkt anslutning till elevernas arbetsytor vilket skapar en lugn milj\u00f6 med mycken vuxenn\u00e4rvaro och n\u00e4ra till handledning och st\u00f6d.<\/span><\/p>\n<p>&nbsp;<\/p>\n\n\t\t\t\t\t\t\t\t<\/div>\n\t\t\t\t\t\t\t\t\t\t\t\t\t<\/div>\n\t\t\t\t\t\n\t\t\t\t\t<div class=\"c-card__media\">\n\t\t\t\t\t\t\t\t\t\t\t\t\t<img decoding=\"async\" width=\"400\" height=\"267\" src=\"https:\/\/sjolinsgymnasium.se\/wp-content\/uploads\/sites\/6\/2023\/08\/sjolinsnacka202303202803web10-400x267.jpg\" class=\"u-radius-round u-ratio-landscape  ams_icon_size_usp-photo\" alt=\"Elever i ett klassrum\" srcset=\"https:\/\/sjolinsgymnasium.se\/wp-content\/uploads\/sites\/6\/2023\/08\/sjolinsnacka202303202803web10-400x267.jpg 400w, https:\/\/sjolinsgymnasium.se\/wp-content\/uploads\/sites\/6\/2023\/08\/sjolinsnacka202303202803web10-300x200.jpg 300w, https:\/\/sjolinsgymnasium.se\/wp-content\/uploads\/sites\/6\/2023\/08\/sjolinsnacka202303202803web10-600x400.jpg 600w, https:\/\/sjolinsgymnasium.se\/wp-content\/uploads\/sites\/6\/2023\/08\/sjolinsnacka202303202803web10-800x533.jpg 800w, https:\/\/sjolinsgymnasium.se\/wp-content\/uploads\/sites\/6\/2023\/08\/sjolinsnacka202303202803web10-1024x683.jpg 1024w, https:\/\/sjolinsgymnasium.se\/wp-content\/uploads\/sites\/6\/2023\/08\/sjolinsnacka202303202803web10-1200x800.jpg 1200w, https:\/\/sjolinsgymnasium.se\/wp-content\/uploads\/sites\/6\/2023\/08\/sjolinsnacka202303202803web10.jpg 2048w\" sizes=\"(max-width: 400px) 100vw, 400px\" \/>\n\t\t\t\t\t\t\t\t\t\t\t<\/div>\n\t\t\t\t<\/article>\n\t\t\t<\/li>\n\n\t\t\t<\/ul>\n\n\t\t\t<div class=\"ams-usp__action u-inline-items\">\n\t\t\t\t\t\t\t\n\n\n<a href=\"https:\/\/sjolinsgymnasium.se\/sodermalm\/oppet-hus\/\"\n\t\n\tclass=\"c-btn \"\n\tdata-style=\"round\"\n\tdata-size=\"md\"\n\tdata-width=\"full-mobile\"\n\tdata-variant=\"default\"\n\ttarget=\"_self\">\n\t\t\t<span class=\"label\"> G\u00e5 p\u00e5 \u00d6ppet hus <\/span>\n\t\t\t<\/a>\n\t\t\t<\/div>\n\t<\/div>\n\n\t\t\n\n<\/section>\n\n\n\n\n\n<section  class=\"ams-faq ams_event_module c-block l-stacked js-load-more\" data-color-scheme=\"nyans2_av_p2-hover-faq\" data-count=\"3\" data-count-mobile=\"2\">\n\t<div class=\"l-container-narrow l-stack l-stack-fluid-2xl u-pt-fluid-3xl-6xl u-pb-fluid-3xl-6xl is-center is-center@md\">\n\t\t\t\t\t<div class=\"ams-faq__intro l-stack l-stack-lg\">\n\t\t\t\t\t\n\t<h2\n\tclass=\"c-heading u-font-title-1 \"\n\tstyle=\"\">\n\t\t\n\t\t\t\t\tVanliga fr\u00e5gor om Sj\u00f6lins S\u00f6dermalm \n\t\t\t\t\n\t<\/h2>\n\n\t\t\t\t\t\t\t<\/div>\n\t\t\n\t\t\n\t\n\t    \n\t\n\t<ul\n\t\tid=\"ams-faq-list-69f5a71a73d81\"\n\t\tclass=\"ams-faq__ac ams-accordion_module c-accordion js-results \"\n\t\taria-label=\"Vanliga fr\u00e5gor\"\n\t\tdata-variant=\"border-between\"\n\t\tdata-ajax-action=\"log_faq_view\"\n\t\tdata-ajax-url=\"https:\/\/sjolinsgymnasium.se\/sodermalm\/wp-admin\/admin-ajax.php\"\n\t\tdata-ajax-nonce=\"033edfa66d\"\n\t\tdata-filter-animation=\"off\">\n\n\t\t\n\t\t\t\t\t\t\t\t\t\t\t\t\t\t\t\n\t\t\t\n\t\t\t<li data-ajax-id=\"2836\" class=\"c-accordion__item \"\n\t\t\tdata-filter=\"om-skolan december-2023\"\n\t\t\t>\n\t\t\t\t<h3 class=\"c-accordion__header\">\n\t\t\t\t\t\t\t\t\t\t<button class=\"c-accordion__trigger u-py-sm u-px-fluid-md-xl u-font-title-4\">\n\t\t\t\t\t\t<span>Har ni specialkost p\u00e5 skolan?<\/span>\n\t\t\t\t\t\t<svg class=\"ams-icon ams-icon__arrow-down\" width=\"24\" height=\"24\" viewbox=\"0 0 24 24\" fill=\"currentColor\" aria-hidden=\"true\" xmlns=\"http:\/\/www.w3.org\/2000\/svg\">\n\t\t\t\t\t\t\t\t\t\t\t\t\t<path d=\"m11.2033 18.4294-10.872894-10.67584c-.440539-.42594-.440539-1.1147 0-1.54065l.665495-.64345c.440539-.42595 1.152899-.42595 1.593439 0l9.41066 9.27114 9.4107-9.26207c.4405-.42595 1.1529-.42595 1.5934 0l.6655.64345c.4405.42594.4405 1.1147 0 1.54065l-10.8729 10.67587c-.4405.4168-1.1529.4168-1.5934-.0091z\"\/>\n\t\t\t\t\t\n\t\t\t\t\t\t<\/svg>\n\t\t\t\t\t<\/button>\n\t\t\t\t<\/h3>\n\t\t\t\t<div class=\"c-accordion__body l-stack u-font-body\">\n\t\t\t\t\t<div class=\"c-accordion__body__inner u-p-fluid-md-xl l-stack\">\n\t\t\t\t\t\t<p class=\"xmsonormal\">Ja! Det finns specialkost att f\u00e5 f\u00f6r dig som beh\u00f6ver det.<\/p>\n\n\t\t\t\t\t<\/div>\n\t\t\t\t<\/div>\n\t\t\t<\/li>\n\t\t\n\t\t\t\t\t\t\t\t\t\t\t\t\t\t\t\n\t\t\t\n\t\t\t<li data-ajax-id=\"2834\" class=\"c-accordion__item \"\n\t\t\tdata-filter=\"om-skolan december-2023\"\n\t\t\t>\n\t\t\t\t<h3 class=\"c-accordion__header\">\n\t\t\t\t\t\t\t\t\t\t<button class=\"c-accordion__trigger u-py-sm u-px-fluid-md-xl u-font-title-4\">\n\t\t\t\t\t\t<span>Vad \u00e4r case?<\/span>\n\t\t\t\t\t\t<svg class=\"ams-icon ams-icon__arrow-down\" width=\"24\" height=\"24\" viewbox=\"0 0 24 24\" fill=\"currentColor\" aria-hidden=\"true\" xmlns=\"http:\/\/www.w3.org\/2000\/svg\">\n\t\t\t\t\t\t\t\t\t\t\t\t\t<path d=\"m11.2033 18.4294-10.872894-10.67584c-.440539-.42594-.440539-1.1147 0-1.54065l.665495-.64345c.440539-.42595 1.152899-.42595 1.593439 0l9.41066 9.27114 9.4107-9.26207c.4405-.42595 1.1529-.42595 1.5934 0l.6655.64345c.4405.42594.4405 1.1147 0 1.54065l-10.8729 10.67587c-.4405.4168-1.1529.4168-1.5934-.0091z\"\/>\n\t\t\t\t\t\n\t\t\t\t\t\t<\/svg>\n\t\t\t\t\t<\/button>\n\t\t\t\t<\/h3>\n\t\t\t\t<div class=\"c-accordion__body l-stack u-font-body\">\n\t\t\t\t\t<div class=\"c-accordion__body__inner u-p-fluid-md-xl l-stack\">\n\t\t\t\t\t\t<p>Case \u00e4r en metod som kopplar ihop det du l\u00e4r dig i klassrummet med det som h\u00e4nder i samh\u00e4llet. H\u00e4r utg\u00e5r vi fr\u00e5n verkligheten, arbetar \u00f6ver \u00e4mnesgr\u00e4nserna och med hj\u00e4lp av v\u00e4rlden utanf\u00f6r skolan. Du kommer l\u00e4ra dig att jobba i grupp, ta ansvar, t\u00e4nka kritiskt och fritt \u2013 n\u00e5got som ger dig den b\u00e4sta grunden f\u00f6r framtida studier.<\/p>\n\n\t\t\t\t\t<\/div>\n\t\t\t\t<\/div>\n\t\t\t<\/li>\n\t\t\n\t\t\t\t\t\t\t\t\t\t\t\t\t\t\t\n\t\t\t\n\t\t\t<li data-ajax-id=\"2833\" class=\"c-accordion__item \"\n\t\t\tdata-filter=\"om-skolan december-2023\"\n\t\t\t>\n\t\t\t\t<h3 class=\"c-accordion__header\">\n\t\t\t\t\t\t\t\t\t\t<button class=\"c-accordion__trigger u-py-sm u-px-fluid-md-xl u-font-title-4\">\n\t\t\t\t\t\t<span>N\u00e4r \u00e4r det \u00d6ppet hus?<\/span>\n\t\t\t\t\t\t<svg class=\"ams-icon ams-icon__arrow-down\" width=\"24\" height=\"24\" viewbox=\"0 0 24 24\" fill=\"currentColor\" aria-hidden=\"true\" xmlns=\"http:\/\/www.w3.org\/2000\/svg\">\n\t\t\t\t\t\t\t\t\t\t\t\t\t<path d=\"m11.2033 18.4294-10.872894-10.67584c-.440539-.42594-.440539-1.1147 0-1.54065l.665495-.64345c.440539-.42595 1.152899-.42595 1.593439 0l9.41066 9.27114 9.4107-9.26207c.4405-.42595 1.1529-.42595 1.5934 0l.6655.64345c.4405.42594.4405 1.1147 0 1.54065l-10.8729 10.67587c-.4405.4168-1.1529.4168-1.5934-.0091z\"\/>\n\t\t\t\t\t\n\t\t\t\t\t\t<\/svg>\n\t\t\t\t\t<\/button>\n\t\t\t\t<\/h3>\n\t\t\t\t<div class=\"c-accordion__body l-stack u-font-body\">\n\t\t\t\t\t<div class=\"c-accordion__body__inner u-p-fluid-md-xl l-stack\">\n\t\t\t\t\t\t<p><a href=\"https:\/\/sjolinsgymnasium.se\/sodermalm\/oppet-hus\/\">L\u00e4s om datum f\u00f6r v\u00e5ra \u00f6ppna hus h\u00e4r.\u00a0<\/a><\/p>\n\n\t\t\t\t\t<\/div>\n\t\t\t\t<\/div>\n\t\t\t<\/li>\n\t\t\n\t\t\t\t\t\t\t\t\t\t\t\t\t\t\t\n\t\t\t\n\t\t\t<li data-ajax-id=\"2832\" class=\"c-accordion__item \"\n\t\t\tdata-filter=\"om-skolan december-2023\"\n\t\t\t>\n\t\t\t\t<h3 class=\"c-accordion__header\">\n\t\t\t\t\t\t\t\t\t\t<button class=\"c-accordion__trigger u-py-sm u-px-fluid-md-xl u-font-title-4\">\n\t\t\t\t\t\t<span>N\u00e4r s\u00f6ker jag till gymnasiet?<\/span>\n\t\t\t\t\t\t<svg class=\"ams-icon ams-icon__arrow-down\" width=\"24\" height=\"24\" viewbox=\"0 0 24 24\" fill=\"currentColor\" aria-hidden=\"true\" xmlns=\"http:\/\/www.w3.org\/2000\/svg\">\n\t\t\t\t\t\t\t\t\t\t\t\t\t<path d=\"m11.2033 18.4294-10.872894-10.67584c-.440539-.42594-.440539-1.1147 0-1.54065l.665495-.64345c.440539-.42595 1.152899-.42595 1.593439 0l9.41066 9.27114 9.4107-9.26207c.4405-.42595 1.1529-.42595 1.5934 0l.6655.64345c.4405.42594.4405 1.1147 0 1.54065l-10.8729 10.67587c-.4405.4168-1.1529.4168-1.5934-.0091z\"\/>\n\t\t\t\t\t\n\t\t\t\t\t\t<\/svg>\n\t\t\t\t\t<\/button>\n\t\t\t\t<\/h3>\n\t\t\t\t<div class=\"c-accordion__body l-stack u-font-body\">\n\t\t\t\t\t<div class=\"c-accordion__body__inner u-p-fluid-md-xl l-stack\">\n\t\t\t\t\t\t<p>Du hittar viktiga datum kopplat till<a href=\"https:\/\/sjolinsgymnasium.se\/sodermalm\/om-gymnasievalet\"> gymnasieantagningen h\u00e4r.<\/a><\/p>\n\n\t\t\t\t\t<\/div>\n\t\t\t\t<\/div>\n\t\t\t<\/li>\n\t\t\n\t\t\t\t\t\t\t\t\t\t\t\t\t\t\t\n\t\t\t\n\t\t\t<li data-ajax-id=\"2831\" class=\"c-accordion__item \"\n\t\t\tdata-filter=\"lasarstider december-2023\"\n\t\t\t>\n\t\t\t\t<h3 class=\"c-accordion__header\">\n\t\t\t\t\t\t\t\t\t\t<button class=\"c-accordion__trigger u-py-sm u-px-fluid-md-xl u-font-title-4\">\n\t\t\t\t\t\t<span>Vad har skolan f\u00f6r l\u00e4s\u00e5rstider?<\/span>\n\t\t\t\t\t\t<svg class=\"ams-icon ams-icon__arrow-down\" width=\"24\" height=\"24\" viewbox=\"0 0 24 24\" fill=\"currentColor\" aria-hidden=\"true\" xmlns=\"http:\/\/www.w3.org\/2000\/svg\">\n\t\t\t\t\t\t\t\t\t\t\t\t\t<path d=\"m11.2033 18.4294-10.872894-10.67584c-.440539-.42594-.440539-1.1147 0-1.54065l.665495-.64345c.440539-.42595 1.152899-.42595 1.593439 0l9.41066 9.27114 9.4107-9.26207c.4405-.42595 1.1529-.42595 1.5934 0l.6655.64345c.4405.42594.4405 1.1147 0 1.54065l-10.8729 10.67587c-.4405.4168-1.1529.4168-1.5934-.0091z\"\/>\n\t\t\t\t\t\n\t\t\t\t\t\t<\/svg>\n\t\t\t\t\t<\/button>\n\t\t\t\t<\/h3>\n\t\t\t\t<div class=\"c-accordion__body l-stack u-font-body\">\n\t\t\t\t\t<div class=\"c-accordion__body__inner u-p-fluid-md-xl l-stack\">\n\t\t\t\t\t\t<p>Du hittar information om skolans <a href=\"https:\/\/sjolinsgymnasium.se\/sodermalm\/lasarstider\">l\u00e4s\u00e5rstider h\u00e4r.<\/a><\/p>\n\n\t\t\t\t\t<\/div>\n\t\t\t\t<\/div>\n\t\t\t<\/li>\n\t\t\n\t\t\t\t\t\t\t\t\t\t\t\t\t\t\t\n\t\t\t\n\t\t\t<li data-ajax-id=\"2830\" class=\"c-accordion__item \"\n\t\t\tdata-filter=\"om-skolan december-2023\"\n\t\t\t>\n\t\t\t\t<h3 class=\"c-accordion__header\">\n\t\t\t\t\t\t\t\t\t\t<button class=\"c-accordion__trigger u-py-sm u-px-fluid-md-xl u-font-title-4\">\n\t\t\t\t\t\t<span>Har skolan en elevk\u00e5r?<\/span>\n\t\t\t\t\t\t<svg class=\"ams-icon ams-icon__arrow-down\" width=\"24\" height=\"24\" viewbox=\"0 0 24 24\" fill=\"currentColor\" aria-hidden=\"true\" xmlns=\"http:\/\/www.w3.org\/2000\/svg\">\n\t\t\t\t\t\t\t\t\t\t\t\t\t<path d=\"m11.2033 18.4294-10.872894-10.67584c-.440539-.42594-.440539-1.1147 0-1.54065l.665495-.64345c.440539-.42595 1.152899-.42595 1.593439 0l9.41066 9.27114 9.4107-9.26207c.4405-.42595 1.1529-.42595 1.5934 0l.6655.64345c.4405.42594.4405 1.1147 0 1.54065l-10.8729 10.67587c-.4405.4168-1.1529.4168-1.5934-.0091z\"\/>\n\t\t\t\t\t\n\t\t\t\t\t\t<\/svg>\n\t\t\t\t\t<\/button>\n\t\t\t\t<\/h3>\n\t\t\t\t<div class=\"c-accordion__body l-stack u-font-body\">\n\t\t\t\t\t<div class=\"c-accordion__body__inner u-p-fluid-md-xl l-stack\">\n\t\t\t\t\t\t<p>Sj\u00f6lins gymnasium S\u00f6dermalm har en v\u00e4ldigt aktiv elevk\u00e5r, du kan hitta deras informationskanaler p\u00e5 b\u00e5de Instagram och Tiktok<\/p>\n\n\t\t\t\t\t<\/div>\n\t\t\t\t<\/div>\n\t\t\t<\/li>\n\t\t\n\t\t\t\t\t\t\t\t\t\t\t\t\t\t\t\n\t\t\t\n\t\t\t<li data-ajax-id=\"2829\" class=\"c-accordion__item \"\n\t\t\tdata-filter=\"program-inriktningar december-2023\"\n\t\t\t>\n\t\t\t\t<h3 class=\"c-accordion__header\">\n\t\t\t\t\t\t\t\t\t\t<button class=\"c-accordion__trigger u-py-sm u-px-fluid-md-xl u-font-title-4\">\n\t\t\t\t\t\t<span>Vad beh\u00f6ver jag f\u00f6r betyg?<\/span>\n\t\t\t\t\t\t<svg class=\"ams-icon ams-icon__arrow-down\" width=\"24\" height=\"24\" viewbox=\"0 0 24 24\" fill=\"currentColor\" aria-hidden=\"true\" xmlns=\"http:\/\/www.w3.org\/2000\/svg\">\n\t\t\t\t\t\t\t\t\t\t\t\t\t<path d=\"m11.2033 18.4294-10.872894-10.67584c-.440539-.42594-.440539-1.1147 0-1.54065l.665495-.64345c.440539-.42595 1.152899-.42595 1.593439 0l9.41066 9.27114 9.4107-9.26207c.4405-.42595 1.1529-.42595 1.5934 0l.6655.64345c.4405.42594.4405 1.1147 0 1.54065l-10.8729 10.67587c-.4405.4168-1.1529.4168-1.5934-.0091z\"\/>\n\t\t\t\t\t\n\t\t\t\t\t\t<\/svg>\n\t\t\t\t\t<\/button>\n\t\t\t\t<\/h3>\n\t\t\t\t<div class=\"c-accordion__body l-stack u-font-body\">\n\t\t\t\t\t<div class=\"c-accordion__body__inner u-p-fluid-md-xl l-stack\">\n\t\t\t\t\t\t<p>F\u00f6r att vara beh\u00f6rig till gymnasiet m\u00e5ste du ha godk\u00e4nt i svenska eller svenska som andraspr\u00e5k, engelska och matte. Om du vill l\u00e4sa ett h\u00f6gskolef\u00f6rberedande program m\u00e5ste du ha godk\u00e4nt i ytterligare 9 \u00e4mnen, allts\u00e5 totalt 12 \u00e4mnen. F\u00f6r ekonomiprogrammet och samh\u00e4llsvetenskapsprogrammet ska 4 av de 9 \u00f6vriga godk\u00e4nda \u00e4mnena vara geografi, historia, samh\u00e4llskunskap och religionskunskap. F\u00f6r naturvetenskapsprogrammet ska 3 av de 9 \u00f6vriga godk\u00e4nda \u00e4mnena vara biologi, fysik och kemi.<\/p>\n\n\t\t\t\t\t<\/div>\n\t\t\t\t<\/div>\n\t\t\t<\/li>\n\t\t\n\t\t\t\t\t\t\t\t\t\t\t\t\t\t\t\n\t\t\t\n\t\t\t<li data-ajax-id=\"2826\" class=\"c-accordion__item \"\n\t\t\tdata-filter=\"program-inriktningar december-2023\"\n\t\t\t>\n\t\t\t\t<h3 class=\"c-accordion__header\">\n\t\t\t\t\t\t\t\t\t\t<button class=\"c-accordion__trigger u-py-sm u-px-fluid-md-xl u-font-title-4\">\n\t\t\t\t\t\t<span>Vilka kurser ing\u00e5r i programmen?<\/span>\n\t\t\t\t\t\t<svg class=\"ams-icon ams-icon__arrow-down\" width=\"24\" height=\"24\" viewbox=\"0 0 24 24\" fill=\"currentColor\" aria-hidden=\"true\" xmlns=\"http:\/\/www.w3.org\/2000\/svg\">\n\t\t\t\t\t\t\t\t\t\t\t\t\t<path d=\"m11.2033 18.4294-10.872894-10.67584c-.440539-.42594-.440539-1.1147 0-1.54065l.665495-.64345c.440539-.42595 1.152899-.42595 1.593439 0l9.41066 9.27114 9.4107-9.26207c.4405-.42595 1.1529-.42595 1.5934 0l.6655.64345c.4405.42594.4405 1.1147 0 1.54065l-10.8729 10.67587c-.4405.4168-1.1529.4168-1.5934-.0091z\"\/>\n\t\t\t\t\t\n\t\t\t\t\t\t<\/svg>\n\t\t\t\t\t<\/button>\n\t\t\t\t<\/h3>\n\t\t\t\t<div class=\"c-accordion__body l-stack u-font-body\">\n\t\t\t\t\t<div class=\"c-accordion__body__inner u-p-fluid-md-xl l-stack\">\n\t\t\t\t\t\t<p>H\u00e4r kan du se kurserna som ing\u00e5r i ekonomiprogrammet &#8211; <a href=\"https:\/\/sjolinsgymnasium.se\/sodermalm\/ekonomiprogrammet\/ekonomi\">INRIKTNING EKONOMI.<\/a> H\u00e4r kan du se kurserna som ing\u00e5r i ekonomiprogrammet &#8211; <a href=\"https:\/\/sjolinsgymnasium.se\/sodermalm\/ekonomiprogrammet\/juridik\">INRIKTNING JURIDIK.<\/a> H\u00e4r kan du se kurserna som ing\u00e5r i naturvetenskapsprogrammet &#8211;<a href=\"https:\/\/sjolinsgymnasium.se\/sodermalm\/naturvetenskapsprogrammet\/naturvetenskap\"> INRIKTNING NATUR<\/a>. H\u00e4r kan du se kurserna som ing\u00e5r i naturvetenskapsprogrammet &#8211; INRIKTNING <a href=\"https:\/\/sjolinsgymnasium.se\/sodermalm\/naturvetenskapsprogrammet\/natur-och-samhalle\">NATUR &amp; SAMH\u00c4LLE<\/a>. H\u00e4r kan du se kurserna som ing\u00e5r i samh\u00e4llsvetenskapsprogrammet &#8211; <a href=\"https:\/\/sjolinsgymnasium.se\/sodermalm\/samhallsvetenskapsprogrammet\/samhallsvetenskap\">INRIKTNING SAMH\u00c4LLE<\/a>. H\u00e4r kan du se kurserna som ing\u00e5r i samh\u00e4llsvetenskapsprogrammet &#8211; <a href=\"https:\/\/sjolinsgymnasium.se\/sodermalm\/samhallsvetenskapsprogrammet\/beteendevetenskap\">INRIKTNING BETEENDE<\/a>.<\/p>\n\n\t\t\t\t\t<\/div>\n\t\t\t\t<\/div>\n\t\t\t<\/li>\n\t\t\n\t\t\t\t\t\t\t\t\t\t\t\t\t\t\t\n\t\t\t\n\t\t\t<li data-ajax-id=\"2824\" class=\"c-accordion__item \"\n\t\t\tdata-filter=\"program-inriktningar december-2023\"\n\t\t\t>\n\t\t\t\t<h3 class=\"c-accordion__header\">\n\t\t\t\t\t\t\t\t\t\t<button class=\"c-accordion__trigger u-py-sm u-px-fluid-md-xl u-font-title-4\">\n\t\t\t\t\t\t<span>Vilka inriktningar finns det p\u00e5 programmen?<\/span>\n\t\t\t\t\t\t<svg class=\"ams-icon ams-icon__arrow-down\" width=\"24\" height=\"24\" viewbox=\"0 0 24 24\" fill=\"currentColor\" aria-hidden=\"true\" xmlns=\"http:\/\/www.w3.org\/2000\/svg\">\n\t\t\t\t\t\t\t\t\t\t\t\t\t<path d=\"m11.2033 18.4294-10.872894-10.67584c-.440539-.42594-.440539-1.1147 0-1.54065l.665495-.64345c.440539-.42595 1.152899-.42595 1.593439 0l9.41066 9.27114 9.4107-9.26207c.4405-.42595 1.1529-.42595 1.5934 0l.6655.64345c.4405.42594.4405 1.1147 0 1.54065l-10.8729 10.67587c-.4405.4168-1.1529.4168-1.5934-.0091z\"\/>\n\t\t\t\t\t\n\t\t\t\t\t\t<\/svg>\n\t\t\t\t\t<\/button>\n\t\t\t\t<\/h3>\n\t\t\t\t<div class=\"c-accordion__body l-stack u-font-body\">\n\t\t\t\t\t<div class=\"c-accordion__body__inner u-p-fluid-md-xl l-stack\">\n\t\t\t\t\t\t<p>Ekonomiprogrammet har inriktningarna EKONOMI och JURIDIK. Naturvetenskapsprogrammet har inriktningarna NATURVETENSKAP och NATURVETENSKAP OCH SAMH\u00c4LLE. Samh\u00e4llsvetenskapsprogrammet har inriktningarna SAMH\u00c4LLSVETENSKAP och BETEENDEVETENSKAP. Du kan dessutom l\u00e4sa NIU i kombination med alla programmen och sporterna som du kan v\u00e4lja \u00e4r hockey, handboll eller fotboll.<\/p>\n\n\t\t\t\t\t<\/div>\n\t\t\t\t<\/div>\n\t\t\t<\/li>\n\t\t\n\t\t\t\t\t\t\t\t\t\t\t\t\t\t\t\n\t\t\t\n\t\t\t<li data-ajax-id=\"2823\" class=\"c-accordion__item \"\n\t\t\tdata-filter=\"program-inriktningar december-2023\"\n\t\t\t>\n\t\t\t\t<h3 class=\"c-accordion__header\">\n\t\t\t\t\t\t\t\t\t\t<button class=\"c-accordion__trigger u-py-sm u-px-fluid-md-xl u-font-title-4\">\n\t\t\t\t\t\t<span>Vilka program finns det p\u00e5 skolan?<\/span>\n\t\t\t\t\t\t<svg class=\"ams-icon ams-icon__arrow-down\" width=\"24\" height=\"24\" viewbox=\"0 0 24 24\" fill=\"currentColor\" aria-hidden=\"true\" xmlns=\"http:\/\/www.w3.org\/2000\/svg\">\n\t\t\t\t\t\t\t\t\t\t\t\t\t<path d=\"m11.2033 18.4294-10.872894-10.67584c-.440539-.42594-.440539-1.1147 0-1.54065l.665495-.64345c.440539-.42595 1.152899-.42595 1.593439 0l9.41066 9.27114 9.4107-9.26207c.4405-.42595 1.1529-.42595 1.5934 0l.6655.64345c.4405.42594.4405 1.1147 0 1.54065l-10.8729 10.67587c-.4405.4168-1.1529.4168-1.5934-.0091z\"\/>\n\t\t\t\t\t\n\t\t\t\t\t\t<\/svg>\n\t\t\t\t\t<\/button>\n\t\t\t\t<\/h3>\n\t\t\t\t<div class=\"c-accordion__body l-stack u-font-body\">\n\t\t\t\t\t<div class=\"c-accordion__body__inner u-p-fluid-md-xl l-stack\">\n\t\t\t\t\t\t<p>P\u00e5 Sj\u00f6lins S\u00f6dermalm finns dessa program: &#8211; Ekonomiprogrammet &#8211; Naturvetenskapsprogrammet &#8211; Samh\u00e4llsvetenskapsprogrammet H\u00e4r kan du kan l\u00e4sa mer om <a href=\"https:\/\/sjolinsgymnasium.se\/sodermalm\/gymnasieprogram\">v\u00e5ra program.<\/a> Du kan dessutom l\u00e4sa NATIONELL IDROTTSUTBILDNING p\u00e5 samtliga program. L\u00e4s mer <a href=\"https:\/\/sjolinsgymnasium.se\/sodermalm\/sodermalm-niu-nationell-idrottsutbildning\/\">om NIU h\u00e4r.<\/a><\/p>\n\n\t\t\t\t\t<\/div>\n\t\t\t\t<\/div>\n\t\t\t<\/li>\n\t\t\n\t\t\t\t\t\t\t\t\t\t\t\t\t\t\t\n\t\t\t\n\t\t\t<li data-ajax-id=\"2822\" class=\"c-accordion__item \"\n\t\t\tdata-filter=\"kontakt december-2023\"\n\t\t\t>\n\t\t\t\t<h3 class=\"c-accordion__header\">\n\t\t\t\t\t\t\t\t\t\t<button class=\"c-accordion__trigger u-py-sm u-px-fluid-md-xl u-font-title-4\">\n\t\t\t\t\t\t<span>Var finns ledighetsans\u00f6kan?<\/span>\n\t\t\t\t\t\t<svg class=\"ams-icon ams-icon__arrow-down\" width=\"24\" height=\"24\" viewbox=\"0 0 24 24\" fill=\"currentColor\" aria-hidden=\"true\" xmlns=\"http:\/\/www.w3.org\/2000\/svg\">\n\t\t\t\t\t\t\t\t\t\t\t\t\t<path d=\"m11.2033 18.4294-10.872894-10.67584c-.440539-.42594-.440539-1.1147 0-1.54065l.665495-.64345c.440539-.42595 1.152899-.42595 1.593439 0l9.41066 9.27114 9.4107-9.26207c.4405-.42595 1.1529-.42595 1.5934 0l.6655.64345c.4405.42594.4405 1.1147 0 1.54065l-10.8729 10.67587c-.4405.4168-1.1529.4168-1.5934-.0091z\"\/>\n\t\t\t\t\t\n\t\t\t\t\t\t<\/svg>\n\t\t\t\t\t<\/button>\n\t\t\t\t<\/h3>\n\t\t\t\t<div class=\"c-accordion__body l-stack u-font-body\">\n\t\t\t\t\t<div class=\"c-accordion__body__inner u-p-fluid-md-xl l-stack\">\n\t\t\t\t\t\t<p>Ledighet ans\u00f6ks via blankett som finns p\u00e5 Schoolsoft. Ingen ledighet beviljas f\u00f6r semesterresor utan enbart f\u00f6r enskilda angel\u00e4genheter, tex begravning eller idrott p\u00e5 elitniv\u00e5. Mentor kan bevilja ledighet upp till tre dagar, g\u00e4ller det fler dagar ska \u00e4rendet skickas till skolledningen.<\/p>\n\n\t\t\t\t\t<\/div>\n\t\t\t\t<\/div>\n\t\t\t<\/li>\n\t\t\n\t\t\t\t\t\t\t\t\t\t\t\t\t\t\t\n\t\t\t\n\t\t\t<li data-ajax-id=\"2821\" class=\"c-accordion__item \"\n\t\t\tdata-filter=\"kontakt december-2023\"\n\t\t\t>\n\t\t\t\t<h3 class=\"c-accordion__header\">\n\t\t\t\t\t\t\t\t\t\t<button class=\"c-accordion__trigger u-py-sm u-px-fluid-md-xl u-font-title-4\">\n\t\t\t\t\t\t<span>Hur sjukanm\u00e4ler jag mig?<\/span>\n\t\t\t\t\t\t<svg class=\"ams-icon ams-icon__arrow-down\" width=\"24\" height=\"24\" viewbox=\"0 0 24 24\" fill=\"currentColor\" aria-hidden=\"true\" xmlns=\"http:\/\/www.w3.org\/2000\/svg\">\n\t\t\t\t\t\t\t\t\t\t\t\t\t<path d=\"m11.2033 18.4294-10.872894-10.67584c-.440539-.42594-.440539-1.1147 0-1.54065l.665495-.64345c.440539-.42595 1.152899-.42595 1.593439 0l9.41066 9.27114 9.4107-9.26207c.4405-.42595 1.1529-.42595 1.5934 0l.6655.64345c.4405.42594.4405 1.1147 0 1.54065l-10.8729 10.67587c-.4405.4168-1.1529.4168-1.5934-.0091z\"\/>\n\t\t\t\t\t\n\t\t\t\t\t\t<\/svg>\n\t\t\t\t\t<\/button>\n\t\t\t\t<\/h3>\n\t\t\t\t<div class=\"c-accordion__body l-stack u-font-body\">\n\t\t\t\t\t<div class=\"c-accordion__body__inner u-p-fluid-md-xl l-stack\">\n\t\t\t\t\t\t<p>Sjukanm\u00e4lan g\u00f6rs via<a href=\"https:\/\/sms.schoolsoft.se\/sjolins\/jsp\/Login.jsp\"> Schoolsoft.<\/a><\/p>\n\n\t\t\t\t\t<\/div>\n\t\t\t\t<\/div>\n\t\t\t<\/li>\n\t\t\n\t\t\t\t\t\t\t\t\t\t\t\t\t\t\t\n\t\t\t\n\t\t\t<li data-ajax-id=\"2820\" class=\"c-accordion__item \"\n\t\t\tdata-filter=\"kontakt december-2023\"\n\t\t\t>\n\t\t\t\t<h3 class=\"c-accordion__header\">\n\t\t\t\t\t\t\t\t\t\t<button class=\"c-accordion__trigger u-py-sm u-px-fluid-md-xl u-font-title-4\">\n\t\t\t\t\t\t<span>Var hittar jag Schoolsoft?<\/span>\n\t\t\t\t\t\t<svg class=\"ams-icon ams-icon__arrow-down\" width=\"24\" height=\"24\" viewbox=\"0 0 24 24\" fill=\"currentColor\" aria-hidden=\"true\" xmlns=\"http:\/\/www.w3.org\/2000\/svg\">\n\t\t\t\t\t\t\t\t\t\t\t\t\t<path d=\"m11.2033 18.4294-10.872894-10.67584c-.440539-.42594-.440539-1.1147 0-1.54065l.665495-.64345c.440539-.42595 1.152899-.42595 1.593439 0l9.41066 9.27114 9.4107-9.26207c.4405-.42595 1.1529-.42595 1.5934 0l.6655.64345c.4405.42594.4405 1.1147 0 1.54065l-10.8729 10.67587c-.4405.4168-1.1529.4168-1.5934-.0091z\"\/>\n\t\t\t\t\t\n\t\t\t\t\t\t<\/svg>\n\t\t\t\t\t<\/button>\n\t\t\t\t<\/h3>\n\t\t\t\t<div class=\"c-accordion__body l-stack u-font-body\">\n\t\t\t\t\t<div class=\"c-accordion__body__inner u-p-fluid-md-xl l-stack\">\n\t\t\t\t\t\t<p>H\u00e4r \u00e4r l\u00e4nk direkt till <a href=\"https:\/\/sms.schoolsoft.se\/sjolins\/jsp\/Login.jsp\">Schoolsoft.\u00a0<\/a><\/p>\n\n\t\t\t\t\t<\/div>\n\t\t\t\t<\/div>\n\t\t\t<\/li>\n\t\t\n\t\t\t\t\t\t\t\t\t\t\t\t\t\t\t\n\t\t\t\n\t\t\t<li data-ajax-id=\"2819\" class=\"c-accordion__item \"\n\t\t\tdata-filter=\"kontakt december-2023\"\n\t\t\t>\n\t\t\t\t<h3 class=\"c-accordion__header\">\n\t\t\t\t\t\t\t\t\t\t<button class=\"c-accordion__trigger u-py-sm u-px-fluid-md-xl u-font-title-4\">\n\t\t\t\t\t\t<span>Jag vill vara elev f\u00f6r en dag &#8211; hur g\u00f6r jag?<\/span>\n\t\t\t\t\t\t<svg class=\"ams-icon ams-icon__arrow-down\" width=\"24\" height=\"24\" viewbox=\"0 0 24 24\" fill=\"currentColor\" aria-hidden=\"true\" xmlns=\"http:\/\/www.w3.org\/2000\/svg\">\n\t\t\t\t\t\t\t\t\t\t\t\t\t<path d=\"m11.2033 18.4294-10.872894-10.67584c-.440539-.42594-.440539-1.1147 0-1.54065l.665495-.64345c.440539-.42595 1.152899-.42595 1.593439 0l9.41066 9.27114 9.4107-9.26207c.4405-.42595 1.1529-.42595 1.5934 0l.6655.64345c.4405.42594.4405 1.1147 0 1.54065l-10.8729 10.67587c-.4405.4168-1.1529.4168-1.5934-.0091z\"\/>\n\t\t\t\t\t\n\t\t\t\t\t\t<\/svg>\n\t\t\t\t\t<\/button>\n\t\t\t\t<\/h3>\n\t\t\t\t<div class=\"c-accordion__body l-stack u-font-body\">\n\t\t\t\t\t<div class=\"c-accordion__body__inner u-p-fluid-md-xl l-stack\">\n\t\t\t\t\t\t<p>L\u00e4s mer om v\u00e5ra <a href=\"https:\/\/sjolinsgymnasium.se\/sodermalm\/prova-pa-dag\">prova p\u00e5 dagar h\u00e4r!<\/a><\/p>\n\n\t\t\t\t\t<\/div>\n\t\t\t\t<\/div>\n\t\t\t<\/li>\n\t\t\n\t\t\t\t\t\t\t\t\t\t\t\t\t\t\t\n\t\t\t\n\t\t\t<li data-ajax-id=\"2818\" class=\"c-accordion__item \"\n\t\t\tdata-filter=\"kontakt december-2023\"\n\t\t\t>\n\t\t\t\t<h3 class=\"c-accordion__header\">\n\t\t\t\t\t\t\t\t\t\t<button class=\"c-accordion__trigger u-py-sm u-px-fluid-md-xl u-font-title-4\">\n\t\t\t\t\t\t<span>Vem ska jag kontakta f\u00f6r byte av gymnasium?<\/span>\n\t\t\t\t\t\t<svg class=\"ams-icon ams-icon__arrow-down\" width=\"24\" height=\"24\" viewbox=\"0 0 24 24\" fill=\"currentColor\" aria-hidden=\"true\" xmlns=\"http:\/\/www.w3.org\/2000\/svg\">\n\t\t\t\t\t\t\t\t\t\t\t\t\t<path d=\"m11.2033 18.4294-10.872894-10.67584c-.440539-.42594-.440539-1.1147 0-1.54065l.665495-.64345c.440539-.42595 1.152899-.42595 1.593439 0l9.41066 9.27114 9.4107-9.26207c.4405-.42595 1.1529-.42595 1.5934 0l.6655.64345c.4405.42594.4405 1.1147 0 1.54065l-10.8729 10.67587c-.4405.4168-1.1529.4168-1.5934-.0091z\"\/>\n\t\t\t\t\t\n\t\t\t\t\t\t<\/svg>\n\t\t\t\t\t<\/button>\n\t\t\t\t<\/h3>\n\t\t\t\t<div class=\"c-accordion__body l-stack u-font-body\">\n\t\t\t\t\t<div class=\"c-accordion__body__inner u-p-fluid-md-xl l-stack\">\n\t\t\t\t\t\t<p>Maila till <a href=\"mailto:sodermalm.byte@sjolinsgymnasium.se\">sodermalm.byte@sjolinsgymnasium.se<\/a> och bifoga din nuvarande studieplan och\/eller dina betyg fr\u00e5n \u00e5k 9. V\u00e5r SYV kommer \u00e5terkoppla dig om m\u00f6jlighet till byte.<\/p>\n\n\t\t\t\t\t<\/div>\n\t\t\t\t<\/div>\n\t\t\t<\/li>\n\t\t\n\t\t\t\t\t\t\t\t\t\t\t\t\t\t\t\n\t\t\t\n\t\t\t<li data-ajax-id=\"2172\" class=\"c-accordion__item \"\n\t\t\tdata-filter=\"om-skolan juli-2023\"\n\t\t\t>\n\t\t\t\t<h3 class=\"c-accordion__header\">\n\t\t\t\t\t\t\t\t\t\t<button class=\"c-accordion__trigger u-py-sm u-px-fluid-md-xl u-font-title-4\">\n\t\t\t\t\t\t<span>\u00c4r Sj\u00f6lins S\u00f6dermalm en friskola?<\/span>\n\t\t\t\t\t\t<svg class=\"ams-icon ams-icon__arrow-down\" width=\"24\" height=\"24\" viewbox=\"0 0 24 24\" fill=\"currentColor\" aria-hidden=\"true\" xmlns=\"http:\/\/www.w3.org\/2000\/svg\">\n\t\t\t\t\t\t\t\t\t\t\t\t\t<path d=\"m11.2033 18.4294-10.872894-10.67584c-.440539-.42594-.440539-1.1147 0-1.54065l.665495-.64345c.440539-.42595 1.152899-.42595 1.593439 0l9.41066 9.27114 9.4107-9.26207c.4405-.42595 1.1529-.42595 1.5934 0l.6655.64345c.4405.42594.4405 1.1147 0 1.54065l-10.8729 10.67587c-.4405.4168-1.1529.4168-1.5934-.0091z\"\/>\n\t\t\t\t\t\n\t\t\t\t\t\t<\/svg>\n\t\t\t\t\t<\/button>\n\t\t\t\t<\/h3>\n\t\t\t\t<div class=\"c-accordion__body l-stack u-font-body\">\n\t\t\t\t\t<div class=\"c-accordion__body__inner u-p-fluid-md-xl l-stack\">\n\t\t\t\t\t\t<p><span data-sheets-value=\"{&quot;1&quot;:2,&quot;2&quot;:&quot;Sj\u00f6lins S\u00f6dermalm \u00e4r en frist\u00e5ende skola som \u00e4gs av AcadeMedia, norra Europas st\u00f6rsta utbildningsf\u00f6retag. Totalt driver AcadeMedia drygt 140 gymnasieskolor i Sverige. VAD \u00c4R EN FRISKOLA? En friskola drivs av en annan \u00e4gare \u00e4n en kommun eller ett landsting. Alla AcadeMedias friskolor \u00e4r helt KOSTNADSFRIA. Alla har m\u00f6jlighet att s\u00f6ka till en friskola, oavsett var man \u00e4r folkbokf\u00f6rd. Ans\u00f6kan och antagning av elever sker p\u00e5 samma s\u00e4tt som p\u00e5 en kommunal skola. Friskolan har samma r\u00e4ttigheter och skyldigheter som andra skolor, vilket till exempel inneb\u00e4r att de, bland annat, f\u00f6ljer skollagen n\u00e4r det g\u00e4ller betygss\u00e4ttning.&quot;}\" data-sheets-userformat=\"{&quot;2&quot;:575,&quot;3&quot;:{&quot;1&quot;:0},&quot;4&quot;:{&quot;1&quot;:2,&quot;2&quot;:14281427},&quot;5&quot;:{&quot;1&quot;:[{&quot;1&quot;:2,&quot;2&quot;:0,&quot;5&quot;:{&quot;1&quot;:2,&quot;2&quot;:0}},{&quot;1&quot;:0,&quot;2&quot;:0,&quot;3&quot;:3},{&quot;1&quot;:1,&quot;2&quot;:0,&quot;4&quot;:1}]},&quot;6&quot;:{&quot;1&quot;:[{&quot;1&quot;:2,&quot;2&quot;:0,&quot;5&quot;:{&quot;1&quot;:2,&quot;2&quot;:0}},{&quot;1&quot;:0,&quot;2&quot;:0,&quot;3&quot;:3},{&quot;1&quot;:1,&quot;2&quot;:0,&quot;4&quot;:1}]},&quot;7&quot;:{&quot;1&quot;:[{&quot;1&quot;:2,&quot;2&quot;:0,&quot;5&quot;:{&quot;1&quot;:2,&quot;2&quot;:0}},{&quot;1&quot;:0,&quot;2&quot;:0,&quot;3&quot;:3},{&quot;1&quot;:1,&quot;2&quot;:0,&quot;4&quot;:1}]},&quot;8&quot;:{&quot;1&quot;:[{&quot;1&quot;:2,&quot;2&quot;:0,&quot;5&quot;:{&quot;1&quot;:2,&quot;2&quot;:0}},{&quot;1&quot;:0,&quot;2&quot;:0,&quot;3&quot;:3},{&quot;1&quot;:1,&quot;2&quot;:0,&quot;4&quot;:1}]},&quot;12&quot;:0}\">Sj\u00f6lins S\u00f6dermalm \u00e4r en frist\u00e5ende skola som \u00e4gs av AcadeMedia, norra Europas st\u00f6rsta utbildningsf\u00f6retag. Totalt driver AcadeMedia drygt 140 gymnasieskolor i Sverige. Vad \u00e4r en friskola? En friskola drivs av en annan \u00e4gare \u00e4n en kommun eller ett landsting. Alla AcadeMedias friskolor \u00e4r helt kostnadsfria. Alla har m\u00f6jlighet att s\u00f6ka till en friskola, oavsett var man \u00e4r folkbokf\u00f6rd. Ans\u00f6kan och antagning av elever sker p\u00e5 samma s\u00e4tt som p\u00e5 en kommunal skola. Friskolan har samma r\u00e4ttigheter och skyldigheter som andra skolor, vilket till exempel inneb\u00e4r att de, bland annat, f\u00f6ljer skollagen n\u00e4r det g\u00e4ller betygss\u00e4ttning.<\/span><\/p>\n\n\t\t\t\t\t<\/div>\n\t\t\t\t<\/div>\n\t\t\t<\/li>\n\t\t\n\t\t\t\t\t\t\t\t\t\t\t\t\t\t\t\n\t\t\t\n\t\t\t<li data-ajax-id=\"2170\" class=\"c-accordion__item \"\n\t\t\tdata-filter=\"om-skolan juli-2023\"\n\t\t\t>\n\t\t\t\t<h3 class=\"c-accordion__header\">\n\t\t\t\t\t\t\t\t\t\t<button class=\"c-accordion__trigger u-py-sm u-px-fluid-md-xl u-font-title-4\">\n\t\t\t\t\t\t<span>Varf\u00f6r ska jag v\u00e4lja Sj\u00f6lins S\u00f6dermalm?<\/span>\n\t\t\t\t\t\t<svg class=\"ams-icon ams-icon__arrow-down\" width=\"24\" height=\"24\" viewbox=\"0 0 24 24\" fill=\"currentColor\" aria-hidden=\"true\" xmlns=\"http:\/\/www.w3.org\/2000\/svg\">\n\t\t\t\t\t\t\t\t\t\t\t\t\t<path d=\"m11.2033 18.4294-10.872894-10.67584c-.440539-.42594-.440539-1.1147 0-1.54065l.665495-.64345c.440539-.42595 1.152899-.42595 1.593439 0l9.41066 9.27114 9.4107-9.26207c.4405-.42595 1.1529-.42595 1.5934 0l.6655.64345c.4405.42594.4405 1.1147 0 1.54065l-10.8729 10.67587c-.4405.4168-1.1529.4168-1.5934-.0091z\"\/>\n\t\t\t\t\t\n\t\t\t\t\t\t<\/svg>\n\t\t\t\t\t<\/button>\n\t\t\t\t<\/h3>\n\t\t\t\t<div class=\"c-accordion__body l-stack u-font-body\">\n\t\t\t\t\t<div class=\"c-accordion__body__inner u-p-fluid-md-xl l-stack\">\n\t\t\t\t\t\t<p><span data-sheets-value=\"{&quot;1&quot;:2,&quot;2&quot;:&quot;Genom en kombination av tydliga strukturer och \u00adengagerade \u00adl\u00e4rare \u00adskapar vi tillsammans med v\u00e5ra elever en trygg \u00adatmosf\u00e4r d\u00e4r du \u00adutvecklas p\u00e5 dina egna villkor. Hos oss kommer du \u00adjobba i case, ett arbetss\u00e4tt som kommer att utmana dig och f\u00e5 dig att v\u00e4xa, t\u00e4nka kritiskt kritiskt och sj\u00e4lvst\u00e4ndigt kombinerat med f\u00f6rm\u00e5ga att jobba i grupp. V\u00e5ra l\u00e4rare finns d\u00e4r under hela skoldagen, redo att peppa, coacha och diskutera det som h\u00e4nder. P\u00e5 Sj\u00f6lins S\u00f6dermalm finns det utrymme och att vara sig sj\u00e4lv och att v\u00e4xa som individ.&quot;}\" data-sheets-userformat=\"{&quot;2&quot;:575,&quot;3&quot;:{&quot;1&quot;:0},&quot;4&quot;:{&quot;1&quot;:2,&quot;2&quot;:14281427},&quot;5&quot;:{&quot;1&quot;:[{&quot;1&quot;:2,&quot;2&quot;:0,&quot;5&quot;:{&quot;1&quot;:2,&quot;2&quot;:0}},{&quot;1&quot;:0,&quot;2&quot;:0,&quot;3&quot;:3},{&quot;1&quot;:1,&quot;2&quot;:0,&quot;4&quot;:1}]},&quot;6&quot;:{&quot;1&quot;:[{&quot;1&quot;:2,&quot;2&quot;:0,&quot;5&quot;:{&quot;1&quot;:2,&quot;2&quot;:0}},{&quot;1&quot;:0,&quot;2&quot;:0,&quot;3&quot;:3},{&quot;1&quot;:1,&quot;2&quot;:0,&quot;4&quot;:1}]},&quot;7&quot;:{&quot;1&quot;:[{&quot;1&quot;:2,&quot;2&quot;:0,&quot;5&quot;:{&quot;1&quot;:2,&quot;2&quot;:0}},{&quot;1&quot;:0,&quot;2&quot;:0,&quot;3&quot;:3},{&quot;1&quot;:1,&quot;2&quot;:0,&quot;4&quot;:1}]},&quot;8&quot;:{&quot;1&quot;:[{&quot;1&quot;:2,&quot;2&quot;:0,&quot;5&quot;:{&quot;1&quot;:2,&quot;2&quot;:0}},{&quot;1&quot;:0,&quot;2&quot;:0,&quot;3&quot;:3},{&quot;1&quot;:1,&quot;2&quot;:0,&quot;4&quot;:1}]},&quot;12&quot;:0}\">Genom en kombination av tydliga strukturer och \u00adengagerade \u00adl\u00e4rare \u00adskapar vi tillsammans med v\u00e5ra elever en trygg \u00adatmosf\u00e4r d\u00e4r du \u00adutvecklas p\u00e5 dina egna villkor. Hos oss kommer du \u00adjobba i case, ett arbetss\u00e4tt som kommer att utmana dig och f\u00e5 dig att v\u00e4xa, t\u00e4nka kritiskt kritiskt och sj\u00e4lvst\u00e4ndigt kombinerat med f\u00f6rm\u00e5ga att jobba i grupp. V\u00e5ra l\u00e4rare finns d\u00e4r under hela skoldagen, redo att peppa, coacha och diskutera det som h\u00e4nder. P\u00e5 Sj\u00f6lins S\u00f6dermalm finns det utrymme och att vara sig sj\u00e4lv och att v\u00e4xa som individ.<\/span><\/p>\n\n\t\t\t\t\t<\/div>\n\t\t\t\t<\/div>\n\t\t\t<\/li>\n\t\t\n\t\t\t\t\t\t\t\t\t\t\t\t\t\t\t\n\t\t\t\n\t\t\t<li data-ajax-id=\"2168\" class=\"c-accordion__item \"\n\t\t\tdata-filter=\"ansokan-merit juli-2023\"\n\t\t\t>\n\t\t\t\t<h3 class=\"c-accordion__header\">\n\t\t\t\t\t\t\t\t\t\t<button class=\"c-accordion__trigger u-py-sm u-px-fluid-md-xl u-font-title-4\">\n\t\t\t\t\t\t<span>Hur s\u00f6ker jag NIU?<\/span>\n\t\t\t\t\t\t<svg class=\"ams-icon ams-icon__arrow-down\" width=\"24\" height=\"24\" viewbox=\"0 0 24 24\" fill=\"currentColor\" aria-hidden=\"true\" xmlns=\"http:\/\/www.w3.org\/2000\/svg\">\n\t\t\t\t\t\t\t\t\t\t\t\t\t<path d=\"m11.2033 18.4294-10.872894-10.67584c-.440539-.42594-.440539-1.1147 0-1.54065l.665495-.64345c.440539-.42595 1.152899-.42595 1.593439 0l9.41066 9.27114 9.4107-9.26207c.4405-.42595 1.1529-.42595 1.5934 0l.6655.64345c.4405.42594.4405 1.1147 0 1.54065l-10.8729 10.67587c-.4405.4168-1.1529.4168-1.5934-.0091z\"\/>\n\t\t\t\t\t\n\t\t\t\t\t\t<\/svg>\n\t\t\t\t\t<\/button>\n\t\t\t\t<\/h3>\n\t\t\t\t<div class=\"c-accordion__body l-stack u-font-body\">\n\t\t\t\t\t<div class=\"c-accordion__body__inner u-p-fluid-md-xl l-stack\">\n\t\t\t\t\t\t<p><span data-sheets-value=\"{&quot;1&quot;:2,&quot;2&quot;:&quot;P\u00e5 Sj\u00f6lins S\u00f6dermalm kan du kombinera alla program med elitsatsning p\u00e5 FOTBOLL, HANDBOLL, eller ISHOCKEY. Ans\u00f6kan sker i tv\u00e5 delar. Den ena \u00e4r ans\u00f6kan till gymnasieprogrammet, som du s\u00f6ker som vanligt. Den andra \u00e4r ans\u00f6kan till idrottsf\u00f6rbundet f\u00f6r din sport, och den processen kan se lite olika ut. SISTA AN\u00d6KNINGSDAG F\u00d6R NIU \u00c4R 1 DECEMBER. Du hittar mer information h\u00e4r [https:\/\/www.sjolinsgymnasium.se\/sodermalm\/niu-nationell-idrottsutbildning\/].&quot;}\" data-sheets-userformat=\"{&quot;2&quot;:575,&quot;3&quot;:{&quot;1&quot;:0},&quot;4&quot;:{&quot;1&quot;:2,&quot;2&quot;:14281427},&quot;5&quot;:{&quot;1&quot;:[{&quot;1&quot;:2,&quot;2&quot;:0,&quot;5&quot;:{&quot;1&quot;:2,&quot;2&quot;:0}},{&quot;1&quot;:0,&quot;2&quot;:0,&quot;3&quot;:3},{&quot;1&quot;:1,&quot;2&quot;:0,&quot;4&quot;:1}]},&quot;6&quot;:{&quot;1&quot;:[{&quot;1&quot;:2,&quot;2&quot;:0,&quot;5&quot;:{&quot;1&quot;:2,&quot;2&quot;:0}},{&quot;1&quot;:0,&quot;2&quot;:0,&quot;3&quot;:3},{&quot;1&quot;:1,&quot;2&quot;:0,&quot;4&quot;:1}]},&quot;7&quot;:{&quot;1&quot;:[{&quot;1&quot;:2,&quot;2&quot;:0,&quot;5&quot;:{&quot;1&quot;:2,&quot;2&quot;:0}},{&quot;1&quot;:0,&quot;2&quot;:0,&quot;3&quot;:3},{&quot;1&quot;:1,&quot;2&quot;:0,&quot;4&quot;:1}]},&quot;8&quot;:{&quot;1&quot;:[{&quot;1&quot;:2,&quot;2&quot;:0,&quot;5&quot;:{&quot;1&quot;:2,&quot;2&quot;:0}},{&quot;1&quot;:0,&quot;2&quot;:0,&quot;3&quot;:3},{&quot;1&quot;:1,&quot;2&quot;:0,&quot;4&quot;:1}]},&quot;12&quot;:0}\">P\u00e5 Sj\u00f6lins S\u00f6dermalm kan du kombinera alla program med elitsatsning p\u00e5 fotboll, handboll, eller ishockey. Ans\u00f6kan sker i tv\u00e5 delar. Den ena \u00e4r ans\u00f6kan till gymnasieprogrammet, som du s\u00f6ker som vanligt. Den andra \u00e4r ans\u00f6kan till idrottsf\u00f6rbundet f\u00f6r din sport, och den processen kan se lite olika ut. Sista ans\u00f6kningsdag f\u00f6r NIU \u00e4r 1 december. <a href=\"https:\/\/sjolinsgymnasium.se\/sodermalm\/sodermalm-niu-nationell-idrottsutbildning\/\">Du hittar mer information h\u00e4r.\u00a0<\/a><\/span><\/p>\n\n\t\t\t\t\t<\/div>\n\t\t\t\t<\/div>\n\t\t\t<\/li>\n\t\t\n\t\t\t\t\t\t\t\t\t\t\t\t\t\t\t\n\t\t\t\n\t\t\t<li data-ajax-id=\"1874\" class=\"c-accordion__item \"\n\t\t\tdata-filter=\"om-skolan juni-2023\"\n\t\t\t>\n\t\t\t\t<h3 class=\"c-accordion__header\">\n\t\t\t\t\t\t\t\t\t\t<button class=\"c-accordion__trigger u-py-sm u-px-fluid-md-xl u-font-title-4\">\n\t\t\t\t\t\t<span>N\u00e4r startade skolan?<\/span>\n\t\t\t\t\t\t<svg class=\"ams-icon ams-icon__arrow-down\" width=\"24\" height=\"24\" viewbox=\"0 0 24 24\" fill=\"currentColor\" aria-hidden=\"true\" xmlns=\"http:\/\/www.w3.org\/2000\/svg\">\n\t\t\t\t\t\t\t\t\t\t\t\t\t<path d=\"m11.2033 18.4294-10.872894-10.67584c-.440539-.42594-.440539-1.1147 0-1.54065l.665495-.64345c.440539-.42595 1.152899-.42595 1.593439 0l9.41066 9.27114 9.4107-9.26207c.4405-.42595 1.1529-.42595 1.5934 0l.6655.64345c.4405.42594.4405 1.1147 0 1.54065l-10.8729 10.67587c-.4405.4168-1.1529.4168-1.5934-.0091z\"\/>\n\t\t\t\t\t\n\t\t\t\t\t\t<\/svg>\n\t\t\t\t\t<\/button>\n\t\t\t\t<\/h3>\n\t\t\t\t<div class=\"c-accordion__body l-stack u-font-body\">\n\t\t\t\t\t<div class=\"c-accordion__body__inner u-p-fluid-md-xl l-stack\">\n\t\t\t\t\t\t<p>1:a oktober \u00e5r 2000.<\/p>\n\n\t\t\t\t\t<\/div>\n\t\t\t\t<\/div>\n\t\t\t<\/li>\n\t\t\n\t\t\t\t\t\t\t\t\t\t\t\t\t\t\t\n\t\t\t\n\t\t\t<li data-ajax-id=\"1873\" class=\"c-accordion__item \"\n\t\t\tdata-filter=\"om-skolan juni-2023\"\n\t\t\t>\n\t\t\t\t<h3 class=\"c-accordion__header\">\n\t\t\t\t\t\t\t\t\t\t<button class=\"c-accordion__trigger u-py-sm u-px-fluid-md-xl u-font-title-4\">\n\t\t\t\t\t\t<span>Hur m\u00e5nga elever g\u00e5r p\u00e5 skolan?<\/span>\n\t\t\t\t\t\t<svg class=\"ams-icon ams-icon__arrow-down\" width=\"24\" height=\"24\" viewbox=\"0 0 24 24\" fill=\"currentColor\" aria-hidden=\"true\" xmlns=\"http:\/\/www.w3.org\/2000\/svg\">\n\t\t\t\t\t\t\t\t\t\t\t\t\t<path d=\"m11.2033 18.4294-10.872894-10.67584c-.440539-.42594-.440539-1.1147 0-1.54065l.665495-.64345c.440539-.42595 1.152899-.42595 1.593439 0l9.41066 9.27114 9.4107-9.26207c.4405-.42595 1.1529-.42595 1.5934 0l.6655.64345c.4405.42594.4405 1.1147 0 1.54065l-10.8729 10.67587c-.4405.4168-1.1529.4168-1.5934-.0091z\"\/>\n\t\t\t\t\t\n\t\t\t\t\t\t<\/svg>\n\t\t\t\t\t<\/button>\n\t\t\t\t<\/h3>\n\t\t\t\t<div class=\"c-accordion__body l-stack u-font-body\">\n\t\t\t\t\t<div class=\"c-accordion__body__inner u-p-fluid-md-xl l-stack\">\n\t\t\t\t\t\t<p>Det g\u00e5r 860 elever p\u00e5 skolan l\u00e4s\u00e5ret 23\/24. L\u00e4s\u00e5ret 24\/25 har vi 950 elever, det \u00e4r antalet vi sedan h\u00e5ller oss p\u00e5. Varje klass best\u00e5r som mest av 32 elever.<\/p>\n\n\t\t\t\t\t<\/div>\n\t\t\t\t<\/div>\n\t\t\t<\/li>\n\t\t\n\t\t\t\t\t\t\t\t\t\t\t\t\t\t\t\n\t\t\t\n\t\t\t<li data-ajax-id=\"1872\" class=\"c-accordion__item \"\n\t\t\tdata-filter=\"om-skolan juni-2023\"\n\t\t\t>\n\t\t\t\t<h3 class=\"c-accordion__header\">\n\t\t\t\t\t\t\t\t\t\t<button class=\"c-accordion__trigger u-py-sm u-px-fluid-md-xl u-font-title-4\">\n\t\t\t\t\t\t<span>Var ligger skolan?<\/span>\n\t\t\t\t\t\t<svg class=\"ams-icon ams-icon__arrow-down\" width=\"24\" height=\"24\" viewbox=\"0 0 24 24\" fill=\"currentColor\" aria-hidden=\"true\" xmlns=\"http:\/\/www.w3.org\/2000\/svg\">\n\t\t\t\t\t\t\t\t\t\t\t\t\t<path d=\"m11.2033 18.4294-10.872894-10.67584c-.440539-.42594-.440539-1.1147 0-1.54065l.665495-.64345c.440539-.42595 1.152899-.42595 1.593439 0l9.41066 9.27114 9.4107-9.26207c.4405-.42595 1.1529-.42595 1.5934 0l.6655.64345c.4405.42594.4405 1.1147 0 1.54065l-10.8729 10.67587c-.4405.4168-1.1529.4168-1.5934-.0091z\"\/>\n\t\t\t\t\t\n\t\t\t\t\t\t<\/svg>\n\t\t\t\t\t<\/button>\n\t\t\t\t<\/h3>\n\t\t\t\t<div class=\"c-accordion__body l-stack u-font-body\">\n\t\t\t\t\t<div class=\"c-accordion__body__inner u-p-fluid-md-xl l-stack\">\n\t\t\t\t\t\t<p><span data-sheets-value=\"{&quot;1&quot;:2,&quot;2&quot;:&quot;Vi finns p\u00e5 SANDBACKSGATAN 10 [https:\/\/www.google.com\/maps\/place\/Sj%C3%B6lins+Gymnasium+S%C3%B6dermalm\/@59.3168436,18.0804868,17z\/data=!3m1!4b1!4m5!3m4!1s0x465f77f96ae69ec5:0x545a80b458904cad!8m2!3d59.3168409!4d18.0826754], tunnelbanestation Slussen. Sedan ca 5 minuters promenad. H\u00e4r [https:\/\/www.insidemaps.com\/app\/walkthrough-v2\/?projectId=bvYkrS6gu8&amp;env=production] kan du g\u00e5 en 3D-tur i skolans lokaler.&quot;}\" data-sheets-userformat=\"{&quot;2&quot;:575,&quot;3&quot;:{&quot;1&quot;:0},&quot;4&quot;:{&quot;1&quot;:2,&quot;2&quot;:14281427},&quot;5&quot;:{&quot;1&quot;:[{&quot;1&quot;:2,&quot;2&quot;:0,&quot;5&quot;:{&quot;1&quot;:2,&quot;2&quot;:0}},{&quot;1&quot;:0,&quot;2&quot;:0,&quot;3&quot;:3},{&quot;1&quot;:1,&quot;2&quot;:0,&quot;4&quot;:1}]},&quot;6&quot;:{&quot;1&quot;:[{&quot;1&quot;:2,&quot;2&quot;:0,&quot;5&quot;:{&quot;1&quot;:2,&quot;2&quot;:0}},{&quot;1&quot;:0,&quot;2&quot;:0,&quot;3&quot;:3},{&quot;1&quot;:1,&quot;2&quot;:0,&quot;4&quot;:1}]},&quot;7&quot;:{&quot;1&quot;:[{&quot;1&quot;:2,&quot;2&quot;:0,&quot;5&quot;:{&quot;1&quot;:2,&quot;2&quot;:0}},{&quot;1&quot;:0,&quot;2&quot;:0,&quot;3&quot;:3},{&quot;1&quot;:1,&quot;2&quot;:0,&quot;4&quot;:1}]},&quot;8&quot;:{&quot;1&quot;:[{&quot;1&quot;:2,&quot;2&quot;:0,&quot;5&quot;:{&quot;1&quot;:2,&quot;2&quot;:0}},{&quot;1&quot;:0,&quot;2&quot;:0,&quot;3&quot;:3},{&quot;1&quot;:1,&quot;2&quot;:0,&quot;4&quot;:1}]},&quot;12&quot;:0}\">Vi finns p\u00e5 Sandbacksgatan 10 p\u00e5 S\u00f6dermalm i Stockholm, tunnelbanestation Slussen. Sedan ca 5 minuters promenad.\u00a0<\/span><\/p>\n\n\t\t\t\t\t<\/div>\n\t\t\t\t<\/div>\n\t\t\t<\/li>\n\t\t\n\t\t\t\t\t\t\t\t\t\t\t\t\t\t\t\n\t\t\t\n\t\t\t<li data-ajax-id=\"1871\" class=\"c-accordion__item \"\n\t\t\tdata-filter=\"om-skolan juni-2023\"\n\t\t\t>\n\t\t\t\t<h3 class=\"c-accordion__header\">\n\t\t\t\t\t\t\t\t\t\t<button class=\"c-accordion__trigger u-py-sm u-px-fluid-md-xl u-font-title-4\">\n\t\t\t\t\t\t<span>Hur ser elevh\u00e4lsan ut, kan man f\u00e5 s\u00e4rskilt st\u00f6d?<\/span>\n\t\t\t\t\t\t<svg class=\"ams-icon ams-icon__arrow-down\" width=\"24\" height=\"24\" viewbox=\"0 0 24 24\" fill=\"currentColor\" aria-hidden=\"true\" xmlns=\"http:\/\/www.w3.org\/2000\/svg\">\n\t\t\t\t\t\t\t\t\t\t\t\t\t<path d=\"m11.2033 18.4294-10.872894-10.67584c-.440539-.42594-.440539-1.1147 0-1.54065l.665495-.64345c.440539-.42595 1.152899-.42595 1.593439 0l9.41066 9.27114 9.4107-9.26207c.4405-.42595 1.1529-.42595 1.5934 0l.6655.64345c.4405.42594.4405 1.1147 0 1.54065l-10.8729 10.67587c-.4405.4168-1.1529.4168-1.5934-.0091z\"\/>\n\t\t\t\t\t\n\t\t\t\t\t\t<\/svg>\n\t\t\t\t\t<\/button>\n\t\t\t\t<\/h3>\n\t\t\t\t<div class=\"c-accordion__body l-stack u-font-body\">\n\t\t\t\t\t<div class=\"c-accordion__body__inner u-p-fluid-md-xl l-stack\">\n\t\t\t\t\t\t<p><span data-sheets-value=\"{&quot;1&quot;:2,&quot;2&quot;:&quot;Vi har ett fullt EHT med alla professioner - SYV, skolsk\u00f6terska, specialpedagog, kurator, skolpsykolog samt skoll\u00e4kare. Alla utom skoll\u00e4kare och skolpsykolog finns p\u00e5 skolan VARJE VECKA. Alla i Elevh\u00e4lsoteamet finns tillg\u00e4ngliga f\u00f6r l\u00e4rare och elever men jobbar ocks\u00e5 som en ut\u00f6kad ledningsfunktion tillsammans med arbetslagsledarna, f\u00f6r att arbeta fr\u00e4mjande och f\u00f6rebyggande.&quot;}\" data-sheets-userformat=\"{&quot;2&quot;:575,&quot;3&quot;:{&quot;1&quot;:0},&quot;4&quot;:{&quot;1&quot;:2,&quot;2&quot;:14281427},&quot;5&quot;:{&quot;1&quot;:[{&quot;1&quot;:2,&quot;2&quot;:0,&quot;5&quot;:{&quot;1&quot;:2,&quot;2&quot;:0}},{&quot;1&quot;:0,&quot;2&quot;:0,&quot;3&quot;:3},{&quot;1&quot;:1,&quot;2&quot;:0,&quot;4&quot;:1}]},&quot;6&quot;:{&quot;1&quot;:[{&quot;1&quot;:2,&quot;2&quot;:0,&quot;5&quot;:{&quot;1&quot;:2,&quot;2&quot;:0}},{&quot;1&quot;:0,&quot;2&quot;:0,&quot;3&quot;:3},{&quot;1&quot;:1,&quot;2&quot;:0,&quot;4&quot;:1}]},&quot;7&quot;:{&quot;1&quot;:[{&quot;1&quot;:2,&quot;2&quot;:0,&quot;5&quot;:{&quot;1&quot;:2,&quot;2&quot;:0}},{&quot;1&quot;:0,&quot;2&quot;:0,&quot;3&quot;:3},{&quot;1&quot;:1,&quot;2&quot;:0,&quot;4&quot;:1}]},&quot;8&quot;:{&quot;1&quot;:[{&quot;1&quot;:2,&quot;2&quot;:0,&quot;5&quot;:{&quot;1&quot;:2,&quot;2&quot;:0}},{&quot;1&quot;:0,&quot;2&quot;:0,&quot;3&quot;:3},{&quot;1&quot;:1,&quot;2&quot;:0,&quot;4&quot;:1}]},&quot;12&quot;:0}\">Vi har ett fullt elevh\u00e4lsoteam med alla professioner &#8211; SYV, skolsk\u00f6terska, specialpedagog, kurator, skolpsykolog samt skoll\u00e4kare. Alla utom skoll\u00e4kare och skolpsykolog finns p\u00e5 skolan varje vecka. Alla i elevh\u00e4lsoteamet finns tillg\u00e4ngliga f\u00f6r l\u00e4rare och elever men jobbar ocks\u00e5 som en ut\u00f6kad ledningsfunktion tillsammans med arbetslagsledarna, f\u00f6r att arbeta fr\u00e4mjande och f\u00f6rebyggande.<\/span><\/p>\n\n\t\t\t\t\t<\/div>\n\t\t\t\t<\/div>\n\t\t\t<\/li>\n\t\t\n\t\t\t\t\t\t\t\t\t\t\t\t\t\t\t\n\t\t\t\n\t\t\t<li data-ajax-id=\"1870\" class=\"c-accordion__item \"\n\t\t\tdata-filter=\"om-skolan juni-2023\"\n\t\t\t>\n\t\t\t\t<h3 class=\"c-accordion__header\">\n\t\t\t\t\t\t\t\t\t\t<button class=\"c-accordion__trigger u-py-sm u-px-fluid-md-xl u-font-title-4\">\n\t\t\t\t\t\t<span>Erbjuder skolan l\u00e4xhj\u00e4lp?<\/span>\n\t\t\t\t\t\t<svg class=\"ams-icon ams-icon__arrow-down\" width=\"24\" height=\"24\" viewbox=\"0 0 24 24\" fill=\"currentColor\" aria-hidden=\"true\" xmlns=\"http:\/\/www.w3.org\/2000\/svg\">\n\t\t\t\t\t\t\t\t\t\t\t\t\t<path d=\"m11.2033 18.4294-10.872894-10.67584c-.440539-.42594-.440539-1.1147 0-1.54065l.665495-.64345c.440539-.42595 1.152899-.42595 1.593439 0l9.41066 9.27114 9.4107-9.26207c.4405-.42595 1.1529-.42595 1.5934 0l.6655.64345c.4405.42594.4405 1.1147 0 1.54065l-10.8729 10.67587c-.4405.4168-1.1529.4168-1.5934-.0091z\"\/>\n\t\t\t\t\t\n\t\t\t\t\t\t<\/svg>\n\t\t\t\t\t<\/button>\n\t\t\t\t<\/h3>\n\t\t\t\t<div class=\"c-accordion__body l-stack u-font-body\">\n\t\t\t\t\t<div class=\"c-accordion__body__inner u-p-fluid-md-xl l-stack\">\n\t\t\t\t\t\t<p><span data-sheets-value=\"{&quot;1&quot;:2,&quot;2&quot;:&quot;Varje m\u00e5ndag har alla l\u00e4rare KLINIKTID, vilket inneb\u00e4r att det finns tid d\u00e5 alla l\u00e4rare \u00e4r p\u00e5 plats samtidigt f\u00f6r handledning\/l\u00e4xhj\u00e4lp. Ing\u00e5ngen i v\u00e5r undervisning \u00e4r dock att majoriteten av allt arbete ska ske under lektionstid, d\u00e4r l\u00e4raren finns n\u00e4rvarande, f\u00f6r att m\u00f6jligg\u00f6ra friare kv\u00e4llar f\u00f6r b\u00e5de elever och f\u00f6r\u00e4ldrar. Ut\u00f6ver kliniktiden s\u00e5 har varje l\u00e4rare i sin tj\u00e4nst 4h som de l\u00e4gger ut i sitt schema f\u00f6r handledning, vilket ger stora m\u00f6jligheter f\u00f6r eleverna att tr\u00e4ffa inte bara sina l\u00e4rare - utan ocks\u00e5 andra i samma \u00e4mnen.&quot;}\" data-sheets-userformat=\"{&quot;2&quot;:575,&quot;3&quot;:{&quot;1&quot;:0},&quot;4&quot;:{&quot;1&quot;:2,&quot;2&quot;:14281427},&quot;5&quot;:{&quot;1&quot;:[{&quot;1&quot;:2,&quot;2&quot;:0,&quot;5&quot;:{&quot;1&quot;:2,&quot;2&quot;:0}},{&quot;1&quot;:0,&quot;2&quot;:0,&quot;3&quot;:3},{&quot;1&quot;:1,&quot;2&quot;:0,&quot;4&quot;:1}]},&quot;6&quot;:{&quot;1&quot;:[{&quot;1&quot;:2,&quot;2&quot;:0,&quot;5&quot;:{&quot;1&quot;:2,&quot;2&quot;:0}},{&quot;1&quot;:0,&quot;2&quot;:0,&quot;3&quot;:3},{&quot;1&quot;:1,&quot;2&quot;:0,&quot;4&quot;:1}]},&quot;7&quot;:{&quot;1&quot;:[{&quot;1&quot;:2,&quot;2&quot;:0,&quot;5&quot;:{&quot;1&quot;:2,&quot;2&quot;:0}},{&quot;1&quot;:0,&quot;2&quot;:0,&quot;3&quot;:3},{&quot;1&quot;:1,&quot;2&quot;:0,&quot;4&quot;:1}]},&quot;8&quot;:{&quot;1&quot;:[{&quot;1&quot;:2,&quot;2&quot;:0,&quot;5&quot;:{&quot;1&quot;:2,&quot;2&quot;:0}},{&quot;1&quot;:0,&quot;2&quot;:0,&quot;3&quot;:3},{&quot;1&quot;:1,&quot;2&quot;:0,&quot;4&quot;:1}]},&quot;12&quot;:0}\">Varje m\u00e5ndag har alla l\u00e4rare kliniktid, vilket inneb\u00e4r att det finns tid d\u00e5 alla l\u00e4rare \u00e4r p\u00e5 plats samtidigt f\u00f6r handledning\/l\u00e4xhj\u00e4lp. Ing\u00e5ngen i v\u00e5r undervisning \u00e4r dock att majoriteten av allt arbete ska ske under lektionstid, d\u00e4r l\u00e4raren finns n\u00e4rvarande, f\u00f6r att m\u00f6jligg\u00f6ra friare kv\u00e4llar f\u00f6r b\u00e5de elever och f\u00f6r\u00e4ldrar. Ut\u00f6ver kliniktiden s\u00e5 har varje l\u00e4rare i sin tj\u00e4nst 4h som de l\u00e4gger ut i sitt schema f\u00f6r handledning, vilket ger stora m\u00f6jligheter f\u00f6r eleverna att tr\u00e4ffa inte bara sina l\u00e4rare &#8211; utan ocks\u00e5 andra i samma \u00e4mnen.<\/span><\/p>\n\n\t\t\t\t\t<\/div>\n\t\t\t\t<\/div>\n\t\t\t<\/li>\n\t\t\n\t\t\t\t\t\t\t\t\t\t\t\t\t\t\t\n\t\t\t\n\t\t\t<li data-ajax-id=\"1869\" class=\"c-accordion__item \"\n\t\t\tdata-filter=\"om-skolan juni-2023\"\n\t\t\t>\n\t\t\t\t<h3 class=\"c-accordion__header\">\n\t\t\t\t\t\t\t\t\t\t<button class=\"c-accordion__trigger u-py-sm u-px-fluid-md-xl u-font-title-4\">\n\t\t\t\t\t\t<span>Vilka spr\u00e5k erbjuder skolan?<\/span>\n\t\t\t\t\t\t<svg class=\"ams-icon ams-icon__arrow-down\" width=\"24\" height=\"24\" viewbox=\"0 0 24 24\" fill=\"currentColor\" aria-hidden=\"true\" xmlns=\"http:\/\/www.w3.org\/2000\/svg\">\n\t\t\t\t\t\t\t\t\t\t\t\t\t<path d=\"m11.2033 18.4294-10.872894-10.67584c-.440539-.42594-.440539-1.1147 0-1.54065l.665495-.64345c.440539-.42595 1.152899-.42595 1.593439 0l9.41066 9.27114 9.4107-9.26207c.4405-.42595 1.1529-.42595 1.5934 0l.6655.64345c.4405.42594.4405 1.1147 0 1.54065l-10.8729 10.67587c-.4405.4168-1.1529.4168-1.5934-.0091z\"\/>\n\t\t\t\t\t\n\t\t\t\t\t\t<\/svg>\n\t\t\t\t\t<\/button>\n\t\t\t\t<\/h3>\n\t\t\t\t<div class=\"c-accordion__body l-stack u-font-body\">\n\t\t\t\t\t<div class=\"c-accordion__body__inner u-p-fluid-md-xl l-stack\">\n\t\t\t\t\t\t<p><span data-sheets-value=\"{&quot;1&quot;:2,&quot;2&quot;:&quot;Hos oss kan du l\u00e4sa SPANSKA, FRANSKA och TYSKA.&quot;}\" data-sheets-userformat=\"{&quot;2&quot;:575,&quot;3&quot;:{&quot;1&quot;:0},&quot;4&quot;:{&quot;1&quot;:2,&quot;2&quot;:14281427},&quot;5&quot;:{&quot;1&quot;:[{&quot;1&quot;:2,&quot;2&quot;:0,&quot;5&quot;:{&quot;1&quot;:2,&quot;2&quot;:0}},{&quot;1&quot;:0,&quot;2&quot;:0,&quot;3&quot;:3},{&quot;1&quot;:1,&quot;2&quot;:0,&quot;4&quot;:1}]},&quot;6&quot;:{&quot;1&quot;:[{&quot;1&quot;:2,&quot;2&quot;:0,&quot;5&quot;:{&quot;1&quot;:2,&quot;2&quot;:0}},{&quot;1&quot;:0,&quot;2&quot;:0,&quot;3&quot;:3},{&quot;1&quot;:1,&quot;2&quot;:0,&quot;4&quot;:1}]},&quot;7&quot;:{&quot;1&quot;:[{&quot;1&quot;:2,&quot;2&quot;:0,&quot;5&quot;:{&quot;1&quot;:2,&quot;2&quot;:0}},{&quot;1&quot;:0,&quot;2&quot;:0,&quot;3&quot;:3},{&quot;1&quot;:1,&quot;2&quot;:0,&quot;4&quot;:1}]},&quot;8&quot;:{&quot;1&quot;:[{&quot;1&quot;:2,&quot;2&quot;:0,&quot;5&quot;:{&quot;1&quot;:2,&quot;2&quot;:0}},{&quot;1&quot;:0,&quot;2&quot;:0,&quot;3&quot;:3},{&quot;1&quot;:1,&quot;2&quot;:0,&quot;4&quot;:1}]},&quot;12&quot;:0}\">Hos oss kan du l\u00e4sa Spanska, Franska och Tyska.<\/span><\/p>\n\n\t\t\t\t\t<\/div>\n\t\t\t\t<\/div>\n\t\t\t<\/li>\n\t\t\n\t\t\t\t\t\t\t\t\t\t\t\t\t\t\t\n\t\t\t\n\t\t\t<li data-ajax-id=\"1868\" class=\"c-accordion__item \"\n\t\t\tdata-filter=\"om-skolan juni-2023\"\n\t\t\t>\n\t\t\t\t<h3 class=\"c-accordion__header\">\n\t\t\t\t\t\t\t\t\t\t<button class=\"c-accordion__trigger u-py-sm u-px-fluid-md-xl u-font-title-4\">\n\t\t\t\t\t\t<span>Var har jag idrott?<\/span>\n\t\t\t\t\t\t<svg class=\"ams-icon ams-icon__arrow-down\" width=\"24\" height=\"24\" viewbox=\"0 0 24 24\" fill=\"currentColor\" aria-hidden=\"true\" xmlns=\"http:\/\/www.w3.org\/2000\/svg\">\n\t\t\t\t\t\t\t\t\t\t\t\t\t<path d=\"m11.2033 18.4294-10.872894-10.67584c-.440539-.42594-.440539-1.1147 0-1.54065l.665495-.64345c.440539-.42595 1.152899-.42595 1.593439 0l9.41066 9.27114 9.4107-9.26207c.4405-.42595 1.1529-.42595 1.5934 0l.6655.64345c.4405.42594.4405 1.1147 0 1.54065l-10.8729 10.67587c-.4405.4168-1.1529.4168-1.5934-.0091z\"\/>\n\t\t\t\t\t\n\t\t\t\t\t\t<\/svg>\n\t\t\t\t\t<\/button>\n\t\t\t\t<\/h3>\n\t\t\t\t<div class=\"c-accordion__body l-stack u-font-body\">\n\t\t\t\t\t<div class=\"c-accordion__body__inner u-p-fluid-md-xl l-stack\">\n\t\t\t\t\t\t<p><span data-sheets-value=\"{&quot;1&quot;:2,&quot;2&quot;:&quot;Vi har en egen idrottshall i skolan som vi kombinerar med lektioner i kringliggande parker och i Nackareservatet.&quot;}\" data-sheets-userformat=\"{&quot;2&quot;:575,&quot;3&quot;:{&quot;1&quot;:0},&quot;4&quot;:{&quot;1&quot;:2,&quot;2&quot;:14281427},&quot;5&quot;:{&quot;1&quot;:[{&quot;1&quot;:2,&quot;2&quot;:0,&quot;5&quot;:{&quot;1&quot;:2,&quot;2&quot;:0}},{&quot;1&quot;:0,&quot;2&quot;:0,&quot;3&quot;:3},{&quot;1&quot;:1,&quot;2&quot;:0,&quot;4&quot;:1}]},&quot;6&quot;:{&quot;1&quot;:[{&quot;1&quot;:2,&quot;2&quot;:0,&quot;5&quot;:{&quot;1&quot;:2,&quot;2&quot;:0}},{&quot;1&quot;:0,&quot;2&quot;:0,&quot;3&quot;:3},{&quot;1&quot;:1,&quot;2&quot;:0,&quot;4&quot;:1}]},&quot;7&quot;:{&quot;1&quot;:[{&quot;1&quot;:2,&quot;2&quot;:0,&quot;5&quot;:{&quot;1&quot;:2,&quot;2&quot;:0}},{&quot;1&quot;:0,&quot;2&quot;:0,&quot;3&quot;:3},{&quot;1&quot;:1,&quot;2&quot;:0,&quot;4&quot;:1}]},&quot;8&quot;:{&quot;1&quot;:[{&quot;1&quot;:2,&quot;2&quot;:0,&quot;5&quot;:{&quot;1&quot;:2,&quot;2&quot;:0}},{&quot;1&quot;:0,&quot;2&quot;:0,&quot;3&quot;:3},{&quot;1&quot;:1,&quot;2&quot;:0,&quot;4&quot;:1}]},&quot;12&quot;:0}\">Vi har en egen idrottshall i skolan som vi kombinerar med lektioner i kringliggande parker och i Nackareservatet.<\/span><\/p>\n\n\t\t\t\t\t<\/div>\n\t\t\t\t<\/div>\n\t\t\t<\/li>\n\t\t\n\t\t\t\t\t\t\t\t\t\t\t\t\t\t\t\n\t\t\t\n\t\t\t<li data-ajax-id=\"1867\" class=\"c-accordion__item \"\n\t\t\tdata-filter=\"om-skolan juni-2023\"\n\t\t\t>\n\t\t\t\t<h3 class=\"c-accordion__header\">\n\t\t\t\t\t\t\t\t\t\t<button class=\"c-accordion__trigger u-py-sm u-px-fluid-md-xl u-font-title-4\">\n\t\t\t\t\t\t<span>Hur ser schemat ut?<\/span>\n\t\t\t\t\t\t<svg class=\"ams-icon ams-icon__arrow-down\" width=\"24\" height=\"24\" viewbox=\"0 0 24 24\" fill=\"currentColor\" aria-hidden=\"true\" xmlns=\"http:\/\/www.w3.org\/2000\/svg\">\n\t\t\t\t\t\t\t\t\t\t\t\t\t<path d=\"m11.2033 18.4294-10.872894-10.67584c-.440539-.42594-.440539-1.1147 0-1.54065l.665495-.64345c.440539-.42595 1.152899-.42595 1.593439 0l9.41066 9.27114 9.4107-9.26207c.4405-.42595 1.1529-.42595 1.5934 0l.6655.64345c.4405.42594.4405 1.1147 0 1.54065l-10.8729 10.67587c-.4405.4168-1.1529.4168-1.5934-.0091z\"\/>\n\t\t\t\t\t\n\t\t\t\t\t\t<\/svg>\n\t\t\t\t\t<\/button>\n\t\t\t\t<\/h3>\n\t\t\t\t<div class=\"c-accordion__body l-stack u-font-body\">\n\t\t\t\t\t<div class=\"c-accordion__body__inner u-p-fluid-md-xl l-stack\">\n\t\t\t\t\t\t<p><span data-sheets-value=\"{&quot;1&quot;:2,&quot;2&quot;:&quot;De flesta lektioner startar mellan 8.30 och 9.00 och skoldagen \u00e4r slut mellan 14 och 16. Men det kan s\u00e5klart variera beroende p\u00e5 vilka kurser man l\u00e4ser.&quot;}\" data-sheets-userformat=\"{&quot;2&quot;:575,&quot;3&quot;:{&quot;1&quot;:0},&quot;4&quot;:{&quot;1&quot;:2,&quot;2&quot;:14281427},&quot;5&quot;:{&quot;1&quot;:[{&quot;1&quot;:2,&quot;2&quot;:0,&quot;5&quot;:{&quot;1&quot;:2,&quot;2&quot;:0}},{&quot;1&quot;:0,&quot;2&quot;:0,&quot;3&quot;:3},{&quot;1&quot;:1,&quot;2&quot;:0,&quot;4&quot;:1}]},&quot;6&quot;:{&quot;1&quot;:[{&quot;1&quot;:2,&quot;2&quot;:0,&quot;5&quot;:{&quot;1&quot;:2,&quot;2&quot;:0}},{&quot;1&quot;:0,&quot;2&quot;:0,&quot;3&quot;:3},{&quot;1&quot;:1,&quot;2&quot;:0,&quot;4&quot;:1}]},&quot;7&quot;:{&quot;1&quot;:[{&quot;1&quot;:2,&quot;2&quot;:0,&quot;5&quot;:{&quot;1&quot;:2,&quot;2&quot;:0}},{&quot;1&quot;:0,&quot;2&quot;:0,&quot;3&quot;:3},{&quot;1&quot;:1,&quot;2&quot;:0,&quot;4&quot;:1}]},&quot;8&quot;:{&quot;1&quot;:[{&quot;1&quot;:2,&quot;2&quot;:0,&quot;5&quot;:{&quot;1&quot;:2,&quot;2&quot;:0}},{&quot;1&quot;:0,&quot;2&quot;:0,&quot;3&quot;:3},{&quot;1&quot;:1,&quot;2&quot;:0,&quot;4&quot;:1}]},&quot;12&quot;:0}\">De flesta lektioner startar mellan 8.30 och 9.00 och skoldagen \u00e4r slut mellan 14 och 16. Men det kan s\u00e5klart variera beroende p\u00e5 vilka kurser man l\u00e4ser.<\/span><\/p>\n\n\t\t\t\t\t<\/div>\n\t\t\t\t<\/div>\n\t\t\t<\/li>\n\t\t\n\t\t\t\t\t\t\t\t\t\t\t\t\t\t\t\n\t\t\t\n\t\t\t<li data-ajax-id=\"1866\" class=\"c-accordion__item \"\n\t\t\tdata-filter=\"om-skolan juni-2023\"\n\t\t\t>\n\t\t\t\t<h3 class=\"c-accordion__header\">\n\t\t\t\t\t\t\t\t\t\t<button class=\"c-accordion__trigger u-py-sm u-px-fluid-md-xl u-font-title-4\">\n\t\t\t\t\t\t<span>F\u00e5r jag busskort av skolan?<\/span>\n\t\t\t\t\t\t<svg class=\"ams-icon ams-icon__arrow-down\" width=\"24\" height=\"24\" viewbox=\"0 0 24 24\" fill=\"currentColor\" aria-hidden=\"true\" xmlns=\"http:\/\/www.w3.org\/2000\/svg\">\n\t\t\t\t\t\t\t\t\t\t\t\t\t<path d=\"m11.2033 18.4294-10.872894-10.67584c-.440539-.42594-.440539-1.1147 0-1.54065l.665495-.64345c.440539-.42595 1.152899-.42595 1.593439 0l9.41066 9.27114 9.4107-9.26207c.4405-.42595 1.1529-.42595 1.5934 0l.6655.64345c.4405.42594.4405 1.1147 0 1.54065l-10.8729 10.67587c-.4405.4168-1.1529.4168-1.5934-.0091z\"\/>\n\t\t\t\t\t\n\t\t\t\t\t\t<\/svg>\n\t\t\t\t\t<\/button>\n\t\t\t\t<\/h3>\n\t\t\t\t<div class=\"c-accordion__body l-stack u-font-body\">\n\t\t\t\t\t<div class=\"c-accordion__body__inner u-p-fluid-md-xl l-stack\">\n\t\t\t\t\t\t<p><span data-sheets-value=\"{&quot;1&quot;:2,&quot;2&quot;:&quot;Bor du i Stockholm f\u00e5r du busskort om du har mer \u00e4n 6 KM till skolan.&quot;}\" data-sheets-userformat=\"{&quot;2&quot;:575,&quot;3&quot;:{&quot;1&quot;:0},&quot;4&quot;:{&quot;1&quot;:2,&quot;2&quot;:14281427},&quot;5&quot;:{&quot;1&quot;:[{&quot;1&quot;:2,&quot;2&quot;:0,&quot;5&quot;:{&quot;1&quot;:2,&quot;2&quot;:0}},{&quot;1&quot;:0,&quot;2&quot;:0,&quot;3&quot;:3},{&quot;1&quot;:1,&quot;2&quot;:0,&quot;4&quot;:1}]},&quot;6&quot;:{&quot;1&quot;:[{&quot;1&quot;:2,&quot;2&quot;:0,&quot;5&quot;:{&quot;1&quot;:2,&quot;2&quot;:0}},{&quot;1&quot;:0,&quot;2&quot;:0,&quot;3&quot;:3},{&quot;1&quot;:1,&quot;2&quot;:0,&quot;4&quot;:1}]},&quot;7&quot;:{&quot;1&quot;:[{&quot;1&quot;:2,&quot;2&quot;:0,&quot;5&quot;:{&quot;1&quot;:2,&quot;2&quot;:0}},{&quot;1&quot;:0,&quot;2&quot;:0,&quot;3&quot;:3},{&quot;1&quot;:1,&quot;2&quot;:0,&quot;4&quot;:1}]},&quot;8&quot;:{&quot;1&quot;:[{&quot;1&quot;:2,&quot;2&quot;:0,&quot;5&quot;:{&quot;1&quot;:2,&quot;2&quot;:0}},{&quot;1&quot;:0,&quot;2&quot;:0,&quot;3&quot;:3},{&quot;1&quot;:1,&quot;2&quot;:0,&quot;4&quot;:1}]},&quot;12&quot;:0}\">Bor du i Stockholm f\u00e5r du busskort om du har mer \u00e4n 6 KM till skolan.<\/span><\/p>\n\n\t\t\t\t\t<\/div>\n\t\t\t\t<\/div>\n\t\t\t<\/li>\n\t\t\n\t\t\t\t\t\t\t\t\t\t\t\t\t\t\t\n\t\t\t\n\t\t\t<li data-ajax-id=\"1865\" class=\"c-accordion__item \"\n\t\t\tdata-filter=\"om-skolan juni-2023\"\n\t\t\t>\n\t\t\t\t<h3 class=\"c-accordion__header\">\n\t\t\t\t\t\t\t\t\t\t<button class=\"c-accordion__trigger u-py-sm u-px-fluid-md-xl u-font-title-4\">\n\t\t\t\t\t\t<span>Har skolan en matsal?<\/span>\n\t\t\t\t\t\t<svg class=\"ams-icon ams-icon__arrow-down\" width=\"24\" height=\"24\" viewbox=\"0 0 24 24\" fill=\"currentColor\" aria-hidden=\"true\" xmlns=\"http:\/\/www.w3.org\/2000\/svg\">\n\t\t\t\t\t\t\t\t\t\t\t\t\t<path d=\"m11.2033 18.4294-10.872894-10.67584c-.440539-.42594-.440539-1.1147 0-1.54065l.665495-.64345c.440539-.42595 1.152899-.42595 1.593439 0l9.41066 9.27114 9.4107-9.26207c.4405-.42595 1.1529-.42595 1.5934 0l.6655.64345c.4405.42594.4405 1.1147 0 1.54065l-10.8729 10.67587c-.4405.4168-1.1529.4168-1.5934-.0091z\"\/>\n\t\t\t\t\t\n\t\t\t\t\t\t<\/svg>\n\t\t\t\t\t<\/button>\n\t\t\t\t<\/h3>\n\t\t\t\t<div class=\"c-accordion__body l-stack u-font-body\">\n\t\t\t\t\t<div class=\"c-accordion__body__inner u-p-fluid-md-xl l-stack\">\n\t\t\t\t\t\t<p class=\"xmsonormal\"><span data-ogsc=\"black\">V\u00e5r egen elevrestaurang med ledorden <b>h\u00e4lsa, inkludering och milj\u00f6<\/b> har panoramautsikt \u00f6ver Saltsj\u00f6n. All mat lagas p\u00e5 plats och mestadels fr\u00e5n grunden av v\u00e5ra kockar i v\u00e5rt v\u00e4lutrustade k\u00f6k och utbudet \u00e4r b\u00e5de stort och varierande. Dagligen erbjuds minst tv\u00e5 varmr\u00e4tter, en f\u00e4rgsprakande salladsbuff\u00e9 och sj\u00e4lvklart anpassad kost till de elever som har behov av detta. Vi jobbar aktivt med matsvinn, klimatp\u00e5verkan och i s\u00e4song vilket f\u00e4rgar menyer och utbud. V\u00e5rt m\u00e5l \u00e4r minst 40 % ekologiska r\u00e5varor och vi har \u00e4ven ett v\u00e4letablerat matr\u00e5d f\u00f6r samverkan mellan elever och k\u00f6k. <a href=\"https:\/\/www.instagram.com\/campussandbacken\/\" target=\"_blank\" rel=\"noopener\">F\u00f6lj oss g\u00e4rna p\u00e5 @campussandbacken p\u00e5 Instagram<\/a>. <\/span><span data-ogsc=\"black\">Kontaktperson \u00e4r k\u00f6kschef Simon Harrisson <a title=\"mailto:simon.harrisson@pysslingen.se\" href=\"mailto:simon.harrisson@pysslingen.se\" data-ogsc=\"\">simon.harrisson@pysslingen.se.<\/a><\/span><\/p>\n<p class=\"xmsonormal\">V\u00e5rt elevcaf\u00e9 p\u00e5 plan 6 drivs av Sima Zamani som l\u00e5ter doften av nybryggt kaffe ringla sig genom korridorerna. H\u00e4r finns \u00e4ven uppeh\u00e5llsrummet och en stor arbetsyta med utsikt \u00f6ver Stockholm.<\/p>\n\n\t\t\t\t\t<\/div>\n\t\t\t\t<\/div>\n\t\t\t<\/li>\n\t\t\n\t\t\t\t\t\t\t\t\t\t\t\t\t\t\t\n\t\t\t\n\t\t\t<li data-ajax-id=\"1864\" class=\"c-accordion__item \"\n\t\t\tdata-filter=\"om-skolan juni-2023\"\n\t\t\t>\n\t\t\t\t<h3 class=\"c-accordion__header\">\n\t\t\t\t\t\t\t\t\t\t<button class=\"c-accordion__trigger u-py-sm u-px-fluid-md-xl u-font-title-4\">\n\t\t\t\t\t\t<span>Vad f\u00e5r jag f\u00f6r dator?<\/span>\n\t\t\t\t\t\t<svg class=\"ams-icon ams-icon__arrow-down\" width=\"24\" height=\"24\" viewbox=\"0 0 24 24\" fill=\"currentColor\" aria-hidden=\"true\" xmlns=\"http:\/\/www.w3.org\/2000\/svg\">\n\t\t\t\t\t\t\t\t\t\t\t\t\t<path d=\"m11.2033 18.4294-10.872894-10.67584c-.440539-.42594-.440539-1.1147 0-1.54065l.665495-.64345c.440539-.42595 1.152899-.42595 1.593439 0l9.41066 9.27114 9.4107-9.26207c.4405-.42595 1.1529-.42595 1.5934 0l.6655.64345c.4405.42594.4405 1.1147 0 1.54065l-10.8729 10.67587c-.4405.4168-1.1529.4168-1.5934-.0091z\"\/>\n\t\t\t\t\t\n\t\t\t\t\t\t<\/svg>\n\t\t\t\t\t<\/button>\n\t\t\t\t<\/h3>\n\t\t\t\t<div class=\"c-accordion__body l-stack u-font-body\">\n\t\t\t\t\t<div class=\"c-accordion__body__inner u-p-fluid-md-xl l-stack\">\n\t\t\t\t\t\t<p><span data-sheets-value=\"{&quot;1&quot;:2,&quot;2&quot;:&quot;Som elev p\u00e5 Sj\u00f6lins S\u00f6dermalm erbjuds du en personlig b\u00e4rbar dator av m\u00e4rket Chromebook. Vi jobbar med Google Suite for Education i v\u00e5r undervisning.&quot;}\" data-sheets-userformat=\"{&quot;2&quot;:575,&quot;3&quot;:{&quot;1&quot;:0},&quot;4&quot;:{&quot;1&quot;:2,&quot;2&quot;:14281427},&quot;5&quot;:{&quot;1&quot;:[{&quot;1&quot;:2,&quot;2&quot;:0,&quot;5&quot;:{&quot;1&quot;:2,&quot;2&quot;:0}},{&quot;1&quot;:0,&quot;2&quot;:0,&quot;3&quot;:3},{&quot;1&quot;:1,&quot;2&quot;:0,&quot;4&quot;:1}]},&quot;6&quot;:{&quot;1&quot;:[{&quot;1&quot;:2,&quot;2&quot;:0,&quot;5&quot;:{&quot;1&quot;:2,&quot;2&quot;:0}},{&quot;1&quot;:0,&quot;2&quot;:0,&quot;3&quot;:3},{&quot;1&quot;:1,&quot;2&quot;:0,&quot;4&quot;:1}]},&quot;7&quot;:{&quot;1&quot;:[{&quot;1&quot;:2,&quot;2&quot;:0,&quot;5&quot;:{&quot;1&quot;:2,&quot;2&quot;:0}},{&quot;1&quot;:0,&quot;2&quot;:0,&quot;3&quot;:3},{&quot;1&quot;:1,&quot;2&quot;:0,&quot;4&quot;:1}]},&quot;8&quot;:{&quot;1&quot;:[{&quot;1&quot;:2,&quot;2&quot;:0,&quot;5&quot;:{&quot;1&quot;:2,&quot;2&quot;:0}},{&quot;1&quot;:0,&quot;2&quot;:0,&quot;3&quot;:3},{&quot;1&quot;:1,&quot;2&quot;:0,&quot;4&quot;:1}]},&quot;12&quot;:0}\">Som elev p\u00e5 Sj\u00f6lins S\u00f6dermalm erbjuds du en personlig b\u00e4rbar dator av m\u00e4rket Chromebook. Vi jobbar med Google Suite for Education i v\u00e5r undervisning.<\/span><\/p>\n\n\t\t\t\t\t<\/div>\n\t\t\t\t<\/div>\n\t\t\t<\/li>\n\t\t\n\t\t\t\t\t\t\t\t\t\t\t\t\t\t\t\n\t\t\t\n\t\t\t<li data-ajax-id=\"1863\" class=\"c-accordion__item \"\n\t\t\tdata-filter=\"ansokan-merit juni-2023\"\n\t\t\t>\n\t\t\t\t<h3 class=\"c-accordion__header\">\n\t\t\t\t\t\t\t\t\t\t<button class=\"c-accordion__trigger u-py-sm u-px-fluid-md-xl u-font-title-4\">\n\t\t\t\t\t\t<span>Vad betyder antagningsgr\u00e4ns?<\/span>\n\t\t\t\t\t\t<svg class=\"ams-icon ams-icon__arrow-down\" width=\"24\" height=\"24\" viewbox=\"0 0 24 24\" fill=\"currentColor\" aria-hidden=\"true\" xmlns=\"http:\/\/www.w3.org\/2000\/svg\">\n\t\t\t\t\t\t\t\t\t\t\t\t\t<path d=\"m11.2033 18.4294-10.872894-10.67584c-.440539-.42594-.440539-1.1147 0-1.54065l.665495-.64345c.440539-.42595 1.152899-.42595 1.593439 0l9.41066 9.27114 9.4107-9.26207c.4405-.42595 1.1529-.42595 1.5934 0l.6655.64345c.4405.42594.4405 1.1147 0 1.54065l-10.8729 10.67587c-.4405.4168-1.1529.4168-1.5934-.0091z\"\/>\n\t\t\t\t\t\n\t\t\t\t\t\t<\/svg>\n\t\t\t\t\t<\/button>\n\t\t\t\t<\/h3>\n\t\t\t\t<div class=\"c-accordion__body l-stack u-font-body\">\n\t\t\t\t\t<div class=\"c-accordion__body__inner u-p-fluid-md-xl l-stack\">\n\t\t\t\t\t\t<p>F\u00f6rutom beh\u00f6righetskraven finns inga l\u00e4gsta krav p\u00e5 po\u00e4ng f\u00f6r programmen, utan det beror p\u00e5 vilka andra som s\u00f6ker det \u00e5ret. P\u00e5 en utbildning med t.ex. 30 platser kommer de 30 med h\u00f6gst po\u00e4ng in. MEDELPO\u00c4NGEN \u00e4r medelv\u00e4rdet av meritpo\u00e4ngen de 30 har. ANTAGNINGSGR\u00c4NS \u00e4r den l\u00e4gsta po\u00e4ng n\u00e5gon kom in p\u00e5 det \u00e5ret.<\/p>\n\n\t\t\t\t\t<\/div>\n\t\t\t\t<\/div>\n\t\t\t<\/li>\n\t\t\n\t\t\t\t\t\t\t\t\t\t\t\t\t\t\t\n\t\t\t\n\t\t\t<li data-ajax-id=\"1862\" class=\"c-accordion__item \"\n\t\t\tdata-filter=\"vad-behover-jag-betyg-for-att-lasa-naturvetenskapsprogrammet juni-2023\"\n\t\t\t>\n\t\t\t\t<h3 class=\"c-accordion__header\">\n\t\t\t\t\t\t\t\t\t\t<button class=\"c-accordion__trigger u-py-sm u-px-fluid-md-xl u-font-title-4\">\n\t\t\t\t\t\t<span>Vad \u00e4r det f\u00f6r meritv\u00e4rde\/antagningspo\u00e4ng p\u00e5 Naturvetenskapsprogrammet?<\/span>\n\t\t\t\t\t\t<svg class=\"ams-icon ams-icon__arrow-down\" width=\"24\" height=\"24\" viewbox=\"0 0 24 24\" fill=\"currentColor\" aria-hidden=\"true\" xmlns=\"http:\/\/www.w3.org\/2000\/svg\">\n\t\t\t\t\t\t\t\t\t\t\t\t\t<path d=\"m11.2033 18.4294-10.872894-10.67584c-.440539-.42594-.440539-1.1147 0-1.54065l.665495-.64345c.440539-.42595 1.152899-.42595 1.593439 0l9.41066 9.27114 9.4107-9.26207c.4405-.42595 1.1529-.42595 1.5934 0l.6655.64345c.4405.42594.4405 1.1147 0 1.54065l-10.8729 10.67587c-.4405.4168-1.1529.4168-1.5934-.0091z\"\/>\n\t\t\t\t\t\n\t\t\t\t\t\t<\/svg>\n\t\t\t\t\t<\/button>\n\t\t\t\t<\/h3>\n\t\t\t\t<div class=\"c-accordion__body l-stack u-font-body\">\n\t\t\t\t\t<div class=\"c-accordion__body__inner u-p-fluid-md-xl l-stack\">\n\t\t\t\t\t\t<p>Naturvetenskapsprogrammet med inriktning Natur hade \u00e5r 2025 antagningspo\u00e4ng p\u00e5 320 och ett medelv\u00e4rde p\u00e5 325. Naturvetenskapsprogrammet med inriktning Samh\u00e4lle hade \u00e5r 2025 antagningspo\u00e4ng p\u00e5 312.5 och ett medelv\u00e4rde p\u00e5 320. Kom ih\u00e5g att meritv\u00e4rdet kan \u00e4ndras fr\u00e5n \u00e5r till \u00e5r beroende p\u00e5 hur m\u00e5nga som s\u00f6ker programmet och vilka betyg de har!<\/p>\n\n\t\t\t\t\t<\/div>\n\t\t\t\t<\/div>\n\t\t\t<\/li>\n\t\t\n\t\t\t\t\t\t\t\t\t\t\t\t\t\t\t\n\t\t\t\n\t\t\t<li data-ajax-id=\"1861\" class=\"c-accordion__item \"\n\t\t\tdata-filter=\"vad-behover-jag-betyg-for-att-lasa-samhallsvetenskapsprogrammet juni-2023\"\n\t\t\t>\n\t\t\t\t<h3 class=\"c-accordion__header\">\n\t\t\t\t\t\t\t\t\t\t<button class=\"c-accordion__trigger u-py-sm u-px-fluid-md-xl u-font-title-4\">\n\t\t\t\t\t\t<span>Vad \u00e4r det f\u00f6r meritv\u00e4rde\/antagningspo\u00e4ng p\u00e5 Samh\u00e4llsvetenskapsprogrammet?<\/span>\n\t\t\t\t\t\t<svg class=\"ams-icon ams-icon__arrow-down\" width=\"24\" height=\"24\" viewbox=\"0 0 24 24\" fill=\"currentColor\" aria-hidden=\"true\" xmlns=\"http:\/\/www.w3.org\/2000\/svg\">\n\t\t\t\t\t\t\t\t\t\t\t\t\t<path d=\"m11.2033 18.4294-10.872894-10.67584c-.440539-.42594-.440539-1.1147 0-1.54065l.665495-.64345c.440539-.42595 1.152899-.42595 1.593439 0l9.41066 9.27114 9.4107-9.26207c.4405-.42595 1.1529-.42595 1.5934 0l.6655.64345c.4405.42594.4405 1.1147 0 1.54065l-10.8729 10.67587c-.4405.4168-1.1529.4168-1.5934-.0091z\"\/>\n\t\t\t\t\t\n\t\t\t\t\t\t<\/svg>\n\t\t\t\t\t<\/button>\n\t\t\t\t<\/h3>\n\t\t\t\t<div class=\"c-accordion__body l-stack u-font-body\">\n\t\t\t\t\t<div class=\"c-accordion__body__inner u-p-fluid-md-xl l-stack\">\n\t\t\t\t\t\t<p>Samh\u00e4llsvetenskapsprogrammet med inriktning Samh\u00e4llsvetenskap hade \u00e5r 2025 antagningspo\u00e4ng p\u00e5 300 po\u00e4ng och ett medelv\u00e4rde p\u00e5 312,5. Inriktningen beteendevetenskap hade \u00e5r 2025 antagningspo\u00e4ng p\u00e5 280 po\u00e4ng och ett medelv\u00e4rde p\u00e5 300. Kom ih\u00e5g att meritv\u00e4rdet kan \u00e4ndras fr\u00e5n \u00e5r till \u00e5r beroende p\u00e5 hur m\u00e5nga som s\u00f6ker programmet och vilka betyg de har!<\/p>\n\n\t\t\t\t\t<\/div>\n\t\t\t\t<\/div>\n\t\t\t<\/li>\n\t\t\n\t\t\t\t\t\t\t\t\t\t\t\t\t\t\t\n\t\t\t\n\t\t\t<li data-ajax-id=\"1860\" class=\"c-accordion__item \"\n\t\t\tdata-filter=\"vad-behover-jag-betyg-for-att-lasa-ekonomiprogrammet juni-2023\"\n\t\t\t>\n\t\t\t\t<h3 class=\"c-accordion__header\">\n\t\t\t\t\t\t\t\t\t\t<button class=\"c-accordion__trigger u-py-sm u-px-fluid-md-xl u-font-title-4\">\n\t\t\t\t\t\t<span>Vad \u00e4r det f\u00f6r meritv\u00e4rde\/antagningspo\u00e4ng p\u00e5 Ekonomiprogrammet?<\/span>\n\t\t\t\t\t\t<svg class=\"ams-icon ams-icon__arrow-down\" width=\"24\" height=\"24\" viewbox=\"0 0 24 24\" fill=\"currentColor\" aria-hidden=\"true\" xmlns=\"http:\/\/www.w3.org\/2000\/svg\">\n\t\t\t\t\t\t\t\t\t\t\t\t\t<path d=\"m11.2033 18.4294-10.872894-10.67584c-.440539-.42594-.440539-1.1147 0-1.54065l.665495-.64345c.440539-.42595 1.152899-.42595 1.593439 0l9.41066 9.27114 9.4107-9.26207c.4405-.42595 1.1529-.42595 1.5934 0l.6655.64345c.4405.42594.4405 1.1147 0 1.54065l-10.8729 10.67587c-.4405.4168-1.1529.4168-1.5934-.0091z\"\/>\n\t\t\t\t\t\n\t\t\t\t\t\t<\/svg>\n\t\t\t\t\t<\/button>\n\t\t\t\t<\/h3>\n\t\t\t\t<div class=\"c-accordion__body l-stack u-font-body\">\n\t\t\t\t\t<div class=\"c-accordion__body__inner u-p-fluid-md-xl l-stack\">\n\t\t\t\t\t\t<p class=\"p1\">Ekonomiprogrammet med inriktning Ekonomi hade \u00e5r 2025 antagningspo\u00e4ng p\u00e5 297.5 po\u00e4ng och ett medelv\u00e4rde p\u00e5 312.5. Ekonomiprogrammet med inriktning Juridik hade \u00e5r 2025 antagningspo\u00e4ng p\u00e5 315 och ett medelv\u00e4rde p\u00e5 327.5. Kom ih\u00e5g att meritv\u00e4rdet kan \u00e4ndras fr\u00e5n \u00e5r till \u00e5r beroende p\u00e5 hur m\u00e5nga som s\u00f6ker programmet och vilka betyg de har!<\/p>\n\n\t\t\t\t\t<\/div>\n\t\t\t\t<\/div>\n\t\t\t<\/li>\n\t\t\t<\/ul>\n\n\t<div class=\"no-results u-mt-0 u-hide\" data-filter-fallback-id=\"ams-faq-list-69f5a71a73d81\">\n\t<p>Det finns inga resultat som matchar din filtrering.<\/p>\n<\/div>\n\n\t    <div class=\"ams-faq__more u-inline-items js-load-more-btn\">\n        <button href=\"#\"\n                class=\"c-btn\"\n                data-style=\"round\"\n                data-size=\"md\"\n                data-width=\"full-mobile\"\n                data-variant=\"outline\">\n        \tVisa fler fr\u00e5gor \n        <\/button>\n    <\/div>\n\n\n\t\t\n\t\t\t<\/div>\n\n\t\t\n\n<\/section>\n\n\n\n\t\n\t\n\t\n\n\t\n\t\n\t\t\n<section  class=\"c-block l-stacked  \" data-color-scheme=\"vit\">\n\t<div class=\"ams-fifty ams-fifty--container ams-fifty--left ams-fifty--top l-container u-pt-fluid-3xl-6xl u-pb-fluid-3xl-6xl\">\n\t\t<div class=\"ams-fifty__content l-stack l-stack-xl is-left is-left@lg\">\n\t\t\t<div class=\"ams-fifty__text l-stack l-stack-lg\">\n\t\t\t\t\t\n\t<h2\n\tclass=\"c-heading u-font-title-1 \"\n\tstyle=\"\">\n\t\t\n\t\t\t\t\tRektorn har ordet\n\t\t\t\t\n\t<\/h2>\n\n\t\t\t\t\t\t\t\t\t<div class=\"text l-stack u-font-body\">\n\t\t\t\t\t\t<p>H\u00e4r p\u00e5 Sj\u00f6lins Gymnasium S\u00f6dermalm erbjuds du som elev en gedigen och lustfylld utbildning. Du m\u00f6ter kunnig och engagerad personal som ger dig de b\u00e4sta f\u00f6ruts\u00e4ttningarna f\u00f6r h\u00f6gre studier och yrkesliv. Hos oss samlas elever som vill bli journalister, l\u00e4kare, beteendevetare, m\u00e4klare eller idrottsstj\u00e4rnor. Vi i personalen arbetar t\u00e4tt tillsammans, s\u00e5v\u00e4l inom kollegiet s\u00e5som med v\u00e5ra elever f\u00f6r att ge dig tre riktigt fina gymnasie\u00e5r hos oss. Vi vill att du ska n\u00e5 dina m\u00e5l och ha roligt under tiden. V\u00e5ra elever lyfter alltid fram att hos oss f\u00e5r de vara sig sj\u00e4lva och att de uppskattar den h\u00f6ga niv\u00e5n av undervisningen samt den goda st\u00e4mningen p\u00e5 skolan.<\/p>\n<p>V\u00e5ra l\u00e4rare brinner f\u00f6r v\u00e5r metodik \u2013 verklighetsbaserat l\u00e4rande med casefokus. V\u00e5ra lokaler \u00e4r ljusa och \u00f6ppna och \u00e4r anpassade efter v\u00e5rt arbetss\u00e4tt d\u00e4r h\u00f6g l\u00e4rarn\u00e4rvaro \u00e4r central. Vi har en idrottshall i huset samt en egen matsal d\u00e4r det serveras v\u00e4ldigt uppskattade luncher f\u00f6r b\u00e5de elever och personal.<\/p>\n<p>Varmt v\u00e4lkommen till Sj\u00f6lins S\u00f6dermalm!<\/p>\n<p><strong>Anna Jaeger, Rektor Sj\u00f6lins S\u00f6dermalm<\/strong><\/p>\n\n\t\t\t\t\t<\/div>\n\t\t\t\t\t\t\t<\/div>\n\n\t\t\t\t\t<\/div>\n\n\t\t <div class=\"ams-fifty__media u-ratio-square\">\n\t\t \t\t\t\t\t<img decoding=\"async\" width=\"600\" height=\"660\" src=\"https:\/\/sjolinsgymnasium.se\/wp-content\/uploads\/sites\/6\/2023\/08\/annarektorsodermalm-1-600x660.png\" class=\"attachment-md size-md\" alt=\"Personportr\u00e4tt\" sizes=\"(min-width: 64em) 600px, calc(100vw - 160px)\" srcset=\"https:\/\/sjolinsgymnasium.se\/wp-content\/uploads\/sites\/6\/2023\/08\/annarektorsodermalm-1-600x660.png 600w, https:\/\/sjolinsgymnasium.se\/wp-content\/uploads\/sites\/6\/2023\/08\/annarektorsodermalm-1-300x330.png 300w, https:\/\/sjolinsgymnasium.se\/wp-content\/uploads\/sites\/6\/2023\/08\/annarektorsodermalm-1-400x440.png 400w, https:\/\/sjolinsgymnasium.se\/wp-content\/uploads\/sites\/6\/2023\/08\/annarektorsodermalm-1-800x880.png 800w, https:\/\/sjolinsgymnasium.se\/wp-content\/uploads\/sites\/6\/2023\/08\/annarektorsodermalm-1-1024x1127.png 1024w, https:\/\/sjolinsgymnasium.se\/wp-content\/uploads\/sites\/6\/2023\/08\/annarektorsodermalm-1-1200x1320.png 1200w, https:\/\/sjolinsgymnasium.se\/wp-content\/uploads\/sites\/6\/2023\/08\/annarektorsodermalm-1.png 1714w\" \/>\n\t\t\t\n\t\t\t\n\t\t\t\t\t<\/div>\n\t<\/div>\n\n\t\t\n\t\t\t\n\t\t\t\t\t\t\t\n\t\t\t\t<div class=\"c-bg c-bg--img\" data-settings=\"{&quot;desktop_settings&quot;:{&quot;size&quot;:&quot;contain&quot;,&quot;position&quot;:&quot;bottom-right&quot;},&quot;mobile_settings&quot;:{&quot;size&quot;:&quot;contain&quot;,&quot;position&quot;:&quot;bottom-right&quot;}}\" data-position=\"middle-center\" data-size=\"cover\">\n\t\t\t<picture><source media=\"(min-width: 48em)\" srcset=\"https:\/\/sjolinsgymnasium.se\/wp-content\/uploads\/sites\/6\/2023\/06\/sjofjaderhoger5desktoprgbgron.svg\" sizes=\"\" \/><source srcset=\"https:\/\/sjolinsgymnasium.se\/wp-content\/uploads\/sites\/6\/2023\/06\/sjofjaderhoger5mobilergbgron.svg\" sizes=\"\" \/><img decoding=\"async\" src=\"https:\/\/sjolinsgymnasium.se\/wp-content\/uploads\/sites\/6\/2023\/06\/sjofjaderhoger5desktoprgbgron.svg\" class=\"attachment-hero-lg size-hero-lg\" alt=\"\" sizes=\"\" height=\"467.3\" width=\"199.3\" \/><\/picture>\n\t\t<\/div>\n\t\n<\/section>\n\n\n\n\t\n\t\n\t\n\n\t\n\t\n\t\t\n<section  class=\"c-block l-stacked  \" data-color-scheme=\"beige\">\n\t<div class=\"ams-fifty ams-fifty--container ams-fifty--right ams-fifty--top l-container u-pt-fluid-3xl-6xl u-pb-fluid-3xl-6xl\">\n\t\t<div class=\"ams-fifty__content l-stack l-stack-xl is-left is-left@lg\">\n\t\t\t<div class=\"ams-fifty__text l-stack l-stack-lg\">\n\t\t\t\t\t\n\t<h2\n\tclass=\"c-heading u-font-title-1 \"\n\tstyle=\"\">\n\t\t\n\t\t\t\t\tElevk\u00e5r\n\t\t\t\t\n\t<\/h2>\n\n\t\t\t\t\t\t\t\t\t<div class=\"text l-stack u-font-body\">\n\t\t\t\t\t\t<p><span data-sheets-value=\"{&quot;1&quot;:2,&quot;2&quot;:&quot;P\u00e5 Sj\u00f6lins f\u00f6rst\u00e5r vi att gymnasiet \u00e4r mycket mer \u00e4n bara de \u00e4mnen du studerar i klassrummet. Det handlar ocks\u00e5 om att bygga v\u00e4nskapsrelationer och delta i sp\u00e4nnande aktiviteter utanf\u00f6r skolans gr\u00e4nser, n\u00e5got som skapar en stark och sammanh\u00e5llen gemenskap. Det \u00e4r h\u00e4r v\u00e5ra engagerade elevk\u00e5rer kommer in i bilden.&quot;}\" data-sheets-userformat=\"{&quot;2&quot;:5025,&quot;3&quot;:{&quot;1&quot;:0},&quot;8&quot;:{&quot;1&quot;:[{&quot;1&quot;:2,&quot;2&quot;:0,&quot;5&quot;:{&quot;1&quot;:2,&quot;2&quot;:0}},{&quot;1&quot;:0,&quot;2&quot;:0,&quot;3&quot;:3},{&quot;1&quot;:1,&quot;2&quot;:0,&quot;4&quot;:1}]},&quot;10&quot;:0,&quot;11&quot;:4,&quot;12&quot;:0,&quot;15&quot;:&quot;Roboto&quot;}\">P\u00e5 Sj\u00f6lins f\u00f6rst\u00e5r vi att gymnasiet \u00e4r mycket mer \u00e4n bara de \u00e4mnen du studerar i klassrummet. Det handlar ocks\u00e5 om att bygga v\u00e4nskapsrelationer och delta i sp\u00e4nnande aktiviteter utanf\u00f6r skolans gr\u00e4nser, n\u00e5got som skapar en stark och sammanh\u00e5llen gemenskap. Det \u00e4r h\u00e4r v\u00e5ra engagerade elevk\u00e5rer kommer in i bilden.<\/span><\/p>\n\n\t\t\t\t\t<\/div>\n\t\t\t\t\t\t\t<\/div>\n\n\t\t\t\t<div class=\"ams-fifty__action u-inline-items\">\n\t\t\t\t\t\t\t\n\n\n<a href=\"https:\/\/www.tiktok.com\/@sjolinselevkarsodermalm\"\n\t\n\tclass=\"c-btn \"\n\tdata-style=\"round\"\n\tdata-size=\"md\"\n\tdata-width=\"full-mobile\"\n\tdata-variant=\"default\"\n\ttarget=\"_blank\">\n\t\t\t<span class=\"label\"> F\u00f6lj elevk\u00e5ren p\u00e5 TikTok<\/span>\n\t\t\t<\/a>\n\t\t\t\t\t\t\t\n\n\n<a href=\"https:\/\/www.instagram.com\/sjolinselevkarsodermalm\/\"\n\t\n\tclass=\"c-btn \"\n\tdata-style=\"round\"\n\tdata-size=\"md\"\n\tdata-width=\"full-mobile\"\n\tdata-variant=\"default\"\n\ttarget=\"_blank\">\n\t\t\t<span class=\"label\"> Instagram<\/span>\n\t\t\t<\/a>\n\t\t\t<\/div>\n\t\t<\/div>\n\n\t\t <div class=\"ams-fifty__media u-ratio-square\">\n\t\t \t\t\t\t\t<img decoding=\"async\" width=\"600\" height=\"400\" src=\"https:\/\/sjolinsgymnasium.se\/wp-content\/uploads\/sites\/6\/2023\/07\/kopia-av-sjolinssodermalm202303202803web39-600x400.jpg\" class=\"attachment-md size-md\" alt=\"Elever g\u00e5r ut fr\u00e5n skolan\" sizes=\"(min-width: 64em) 600px, calc(100vw - 160px)\" srcset=\"https:\/\/sjolinsgymnasium.se\/wp-content\/uploads\/sites\/6\/2023\/07\/kopia-av-sjolinssodermalm202303202803web39-600x400.jpg 600w, https:\/\/sjolinsgymnasium.se\/wp-content\/uploads\/sites\/6\/2023\/07\/kopia-av-sjolinssodermalm202303202803web39-300x200.jpg 300w, https:\/\/sjolinsgymnasium.se\/wp-content\/uploads\/sites\/6\/2023\/07\/kopia-av-sjolinssodermalm202303202803web39-400x267.jpg 400w, https:\/\/sjolinsgymnasium.se\/wp-content\/uploads\/sites\/6\/2023\/07\/kopia-av-sjolinssodermalm202303202803web39-800x533.jpg 800w, https:\/\/sjolinsgymnasium.se\/wp-content\/uploads\/sites\/6\/2023\/07\/kopia-av-sjolinssodermalm202303202803web39-1024x683.jpg 1024w, https:\/\/sjolinsgymnasium.se\/wp-content\/uploads\/sites\/6\/2023\/07\/kopia-av-sjolinssodermalm202303202803web39-1200x800.jpg 1200w, https:\/\/sjolinsgymnasium.se\/wp-content\/uploads\/sites\/6\/2023\/07\/kopia-av-sjolinssodermalm202303202803web39.jpg 2048w\" \/>\n\t\t\t\n\t\t\t\n\t\t\t\t\t<\/div>\n\t<\/div>\n\n\t\t\n\n<\/section>\n\n\n\n\t<div class=\"module_wrapper ams_remote_pages_module \">\n\t\t\n\n<section  class=\"ams-cta ams-cta--stacked c-block l-stacked\" data-color-scheme=\"vit\">\n\t<div class=\"l-container-narrow l-stack l-stack-fluid-2xl u-pt-fluid-3xl-6xl u-pb-fluid-3xl-6xl is-center is-center@md\">\n\t\t\t\t\t<div class=\"ams-cta__intro l-stack l-stack-lg\">\n\t\t\t\t\t\n\t<h2\n\tclass=\"c-heading u-font-title-1 \"\n\tstyle=\"\">\n\t\t\n\t\t\t\t\tV\u00e5ra gymnasieprogram\n\t\t\t\t\n\t<\/h2>\n\n\t\t\t\t\t\t\t\t\t<div class=\"c-text l-stack u-cs-xl u-font-body\">\n\t\t\t\t\t\t<p><span data-sheets-value=\"{&quot;1&quot;:2,&quot;2&quot;:&quot;Alla v\u00e5ra gymnasieprogram p\u00e5 Sj\u00f6lins \u00e4r h\u00f6gskolef\u00f6rberedande och ger dig en tydlig koppling till samh\u00e4llet genom case-arbete.\\n\\n\\n&quot;}\" data-sheets-userformat=\"{&quot;2&quot;:5025,&quot;3&quot;:{&quot;1&quot;:0},&quot;8&quot;:{&quot;1&quot;:[{&quot;1&quot;:2,&quot;2&quot;:0,&quot;5&quot;:{&quot;1&quot;:2,&quot;2&quot;:0}},{&quot;1&quot;:0,&quot;2&quot;:0,&quot;3&quot;:3},{&quot;1&quot;:1,&quot;2&quot;:0,&quot;4&quot;:1}]},&quot;10&quot;:0,&quot;11&quot;:4,&quot;12&quot;:0,&quot;15&quot;:&quot;Roboto&quot;}\">Alla v\u00e5ra gymnasieprogram p\u00e5 Sj\u00f6lins \u00e4r h\u00f6gskolef\u00f6rberedande och ger dig en tydlig koppling till samh\u00e4llet genom case-arbete.<br \/>\n<\/span><\/p>\n\n\t\t\t\t\t<\/div>\n\t\t\t\t\t\t\t<\/div>\n\t\t\n\t\t\n\t\t\t<div class=\"ams-cta__action u-inline-items\">\n\t\t\t\t\t\t\t\n\n\n<a href=\"https:\/\/sjolinsgymnasium.se\/sodermalm\/gymnasieprogram\/\"\n\t\n\tclass=\"c-btn \"\n\tdata-style=\"round\"\n\tdata-size=\"md\"\n\tdata-width=\"full-mobile\"\n\tdata-variant=\"default\"\n\ttarget=\"_self\">\n\t\t\t<span class=\"label\"> Till v\u00e5ra program<\/span>\n\t\t\t<\/a>\n\t\t\t<\/div>\n\t<\/div>\n\n\t\t\n\t\t\t\n\t\t\t\t\t\t\t\n\t\t\t\t<div class=\"c-bg c-bg--img\" data-settings=\"{&quot;desktop_settings&quot;:{&quot;size&quot;:&quot;cover&quot;,&quot;position&quot;:&quot;middle-center&quot;},&quot;mobile_settings&quot;:{&quot;size&quot;:&quot;cover&quot;,&quot;position&quot;:&quot;middle-center&quot;}}\" data-position=\"middle-center\" data-size=\"cover\">\n\t\t\t\n\t\t<\/div>\n\t\n<\/section>\n\t<\/div>\n\n\t","protected":false},"excerpt":{"rendered":"","protected":false},"author":1,"featured_media":0,"parent":0,"menu_order":0,"comment_status":"closed","ping_status":"closed","template":"","meta":{"footnotes":""},"yoast_head":"<!-- This site is optimized with the Yoast SEO plugin v22.0 - https:\/\/yoast.com\/wordpress\/plugins\/seo\/ -->\n<title>Om oss - Sj\u00f6lins Gymnasium S\u00f6dermalm<\/title>\n<meta name=\"description\" content=\"F\u00f6rutom Sj\u00f6lins vanliga program s\u00e5 kan elever som vill elitsatsa p\u00e5 sin sport v\u00e4lja NIU inom fotboll, handboll och hockey.\" \/>\n<meta name=\"robots\" content=\"index, follow, max-snippet:-1, max-image-preview:large, max-video-preview:-1\" \/>\n<link rel=\"canonical\" href=\"https:\/\/sjolinsgymnasium.se\/sodermalm\/om-oss\/\" \/>\n<meta property=\"og:locale\" content=\"sv_SE\" \/>\n<meta property=\"og:type\" content=\"article\" \/>\n<meta property=\"og:title\" content=\"Om oss - Sj\u00f6lins Gymnasium S\u00f6dermalm\" \/>\n<meta property=\"og:description\" content=\"F\u00f6rutom Sj\u00f6lins vanliga program s\u00e5 kan elever som vill elitsatsa p\u00e5 sin sport v\u00e4lja NIU inom fotboll, handboll och hockey.\" \/>\n<meta property=\"og:url\" content=\"https:\/\/sjolinsgymnasium.se\/sodermalm\/om-oss\/\" \/>\n<meta property=\"og:site_name\" content=\"S\u00f6dermalm\" \/>\n<meta property=\"article:modified_time\" content=\"2026-04-16T07:05:56+00:00\" \/>\n<meta name=\"twitter:card\" content=\"summary_large_image\" \/>\n<meta name=\"twitter:title\" content=\"Om oss - Sj\u00f6lins Gymnasium S\u00f6dermalm\" \/>\n<meta name=\"twitter:description\" content=\"F\u00f6rutom Sj\u00f6lins vanliga program s\u00e5 kan elever som vill elitsatsa p\u00e5 sin sport v\u00e4lja NIU inom fotboll, handboll och hockey.\" \/>\n<meta name=\"twitter:label1\" content=\"Est. reading time\" \/>\n\t<meta name=\"twitter:data1\" content=\"5 minuter\" \/>\n<script type=\"application\/ld+json\" class=\"yoast-schema-graph\">{\"@context\":\"https:\/\/schema.org\",\"@graph\":[{\"@type\":\"WebPage\",\"@id\":\"https:\/\/sjolinsgymnasium.se\/sodermalm\/om-oss\/\",\"url\":\"https:\/\/sjolinsgymnasium.se\/sodermalm\/om-oss\/\",\"name\":\"Om oss - Sj\u00f6lins Gymnasium S\u00f6dermalm\",\"isPartOf\":{\"@id\":\"https:\/\/sjolinsgymnasium.se\/sodermalm\/#website\"},\"datePublished\":\"2023-03-03T14:28:56+00:00\",\"dateModified\":\"2026-04-16T07:05:56+00:00\",\"description\":\"F\u00f6rutom Sj\u00f6lins vanliga program s\u00e5 kan elever som vill elitsatsa p\u00e5 sin sport v\u00e4lja NIU inom fotboll, handboll och hockey.\",\"breadcrumb\":{\"@id\":\"https:\/\/sjolinsgymnasium.se\/sodermalm\/om-oss\/#breadcrumb\"},\"inLanguage\":\"sv-SE\",\"potentialAction\":[{\"@type\":\"ReadAction\",\"target\":[\"https:\/\/sjolinsgymnasium.se\/sodermalm\/om-oss\/\"]}]},{\"@type\":\"BreadcrumbList\",\"@id\":\"https:\/\/sjolinsgymnasium.se\/sodermalm\/om-oss\/#breadcrumb\",\"itemListElement\":[{\"@type\":\"ListItem\",\"position\":1,\"name\":\"Start\",\"item\":\"https:\/\/sjolinsgymnasium.se\/sodermalm\/\"},{\"@type\":\"ListItem\",\"position\":2,\"name\":\"Om oss\"}]},{\"@type\":\"WebSite\",\"@id\":\"https:\/\/sjolinsgymnasium.se\/sodermalm\/#website\",\"url\":\"https:\/\/sjolinsgymnasium.se\/sodermalm\/\",\"name\":\"S\u00f6dermalm\",\"description\":\"Just another WordPress site\",\"potentialAction\":[{\"@type\":\"SearchAction\",\"target\":{\"@type\":\"EntryPoint\",\"urlTemplate\":\"https:\/\/sjolinsgymnasium.se\/sodermalm\/?s={search_term_string}\"},\"query-input\":\"required name=search_term_string\"}],\"inLanguage\":\"sv-SE\"}]}<\/script>\n<!-- \/ Yoast SEO plugin. -->","yoast_head_json":{"title":"Om oss - Sj\u00f6lins Gymnasium S\u00f6dermalm","description":"F\u00f6rutom Sj\u00f6lins vanliga program s\u00e5 kan elever som vill elitsatsa p\u00e5 sin sport v\u00e4lja NIU inom fotboll, handboll och hockey.","robots":{"index":"index","follow":"follow","max-snippet":"max-snippet:-1","max-image-preview":"max-image-preview:large","max-video-preview":"max-video-preview:-1"},"canonical":"https:\/\/sjolinsgymnasium.se\/sodermalm\/om-oss\/","og_locale":"sv_SE","og_type":"article","og_title":"Om oss - Sj\u00f6lins Gymnasium S\u00f6dermalm","og_description":"F\u00f6rutom Sj\u00f6lins vanliga program s\u00e5 kan elever som vill elitsatsa p\u00e5 sin sport v\u00e4lja NIU inom fotboll, handboll och hockey.","og_url":"https:\/\/sjolinsgymnasium.se\/sodermalm\/om-oss\/","og_site_name":"S\u00f6dermalm","article_modified_time":"2026-04-16T07:05:56+00:00","twitter_card":"summary_large_image","twitter_title":"Om oss - Sj\u00f6lins Gymnasium S\u00f6dermalm","twitter_description":"F\u00f6rutom Sj\u00f6lins vanliga program s\u00e5 kan elever som vill elitsatsa p\u00e5 sin sport v\u00e4lja NIU inom fotboll, handboll och hockey.","twitter_misc":{"Est. reading time":"5 minuter"},"schema":{"@context":"https:\/\/schema.org","@graph":[{"@type":"WebPage","@id":"https:\/\/sjolinsgymnasium.se\/sodermalm\/om-oss\/","url":"https:\/\/sjolinsgymnasium.se\/sodermalm\/om-oss\/","name":"Om oss - Sj\u00f6lins Gymnasium S\u00f6dermalm","isPartOf":{"@id":"https:\/\/sjolinsgymnasium.se\/sodermalm\/#website"},"datePublished":"2023-03-03T14:28:56+00:00","dateModified":"2026-04-16T07:05:56+00:00","description":"F\u00f6rutom Sj\u00f6lins vanliga program s\u00e5 kan elever som vill elitsatsa p\u00e5 sin sport v\u00e4lja NIU inom fotboll, handboll och hockey.","breadcrumb":{"@id":"https:\/\/sjolinsgymnasium.se\/sodermalm\/om-oss\/#breadcrumb"},"inLanguage":"sv-SE","potentialAction":[{"@type":"ReadAction","target":["https:\/\/sjolinsgymnasium.se\/sodermalm\/om-oss\/"]}]},{"@type":"BreadcrumbList","@id":"https:\/\/sjolinsgymnasium.se\/sodermalm\/om-oss\/#breadcrumb","itemListElement":[{"@type":"ListItem","position":1,"name":"Start","item":"https:\/\/sjolinsgymnasium.se\/sodermalm\/"},{"@type":"ListItem","position":2,"name":"Om oss"}]},{"@type":"WebSite","@id":"https:\/\/sjolinsgymnasium.se\/sodermalm\/#website","url":"https:\/\/sjolinsgymnasium.se\/sodermalm\/","name":"S\u00f6dermalm","description":"Just another WordPress site","potentialAction":[{"@type":"SearchAction","target":{"@type":"EntryPoint","urlTemplate":"https:\/\/sjolinsgymnasium.se\/sodermalm\/?s={search_term_string}"},"query-input":"required name=search_term_string"}],"inLanguage":"sv-SE"}]}},"_links":{"self":[{"href":"https:\/\/sjolinsgymnasium.se\/sodermalm\/wp-json\/wp\/v2\/pages\/412"}],"collection":[{"href":"https:\/\/sjolinsgymnasium.se\/sodermalm\/wp-json\/wp\/v2\/pages"}],"about":[{"href":"https:\/\/sjolinsgymnasium.se\/sodermalm\/wp-json\/wp\/v2\/types\/page"}],"author":[{"embeddable":true,"href":"https:\/\/sjolinsgymnasium.se\/sodermalm\/wp-json\/wp\/v2\/users\/1"}],"replies":[{"embeddable":true,"href":"https:\/\/sjolinsgymnasium.se\/sodermalm\/wp-json\/wp\/v2\/comments?post=412"}],"version-history":[{"count":10,"href":"https:\/\/sjolinsgymnasium.se\/sodermalm\/wp-json\/wp\/v2\/pages\/412\/revisions"}],"predecessor-version":[{"id":3661,"href":"https:\/\/sjolinsgymnasium.se\/sodermalm\/wp-json\/wp\/v2\/pages\/412\/revisions\/3661"}],"wp:attachment":[{"href":"https:\/\/sjolinsgymnasium.se\/sodermalm\/wp-json\/wp\/v2\/media?parent=412"}],"curies":[{"name":"wp","href":"https:\/\/api.w.org\/{rel}","templated":true}]}}