{"id":2024,"date":"2023-07-03T13:55:52","date_gmt":"2023-07-03T11:55:52","guid":{"rendered":""},"modified":"2026-04-16T08:15:57","modified_gmt":"2026-04-16T06:15:57","slug":"ekonomiprogrammet","status":"publish","type":"program_orientation","link":"https:\/\/sjolinsgymnasium.se\/malmo\/program\/ekonomiprogrammet\/","title":{"rendered":"Ekonomiprogrammet"},"content":{"rendered":"\n\t\n\t\n\t\n\n\t\n\t\n\t\t\n<section  class=\"c-block l-stacked  \" data-color-scheme=\"beige\">\n\t<div class=\"ams-fifty ams-fifty--container ams-fifty--right ams-fifty--bottom l-container u-pt-fluid-3xl-6xl u-pb-fluid-3xl-6xl\">\n\t\t<div class=\"ams-fifty__content l-stack l-stack-xl is-left is-left@lg\">\n\t\t\t<div class=\"ams-fifty__text l-stack l-stack-lg\">\n\t\t\t\t\t\n\t<h1\n\tclass=\"c-heading u-font-title-1 \"\n\tstyle=\"\">\n\t\t\n\t\t\t\t\t\t\t\t\tEkonomiprogrammet \n\t\t\t\t<span class=\"c-heading__sub is-below u-font-title-3\">\n\t\t\t\t\tp\u00e5 Sj\u00f6lins Malm\u00f6\n\t\t\t\t<\/span>\n\t\t\t\t\t\t\t\n\t<\/h1>\n\n\t\t\t\t\t\t\t\t\t<div class=\"text l-stack u-font-body\">\n\t\t\t\t\t\t<p style=\"text-align: left;\"><span data-sheets-value=\"{&quot;1&quot;:2,&quot;2&quot;:&quot;Har du siktet inst\u00e4llt p\u00e5 b\u00f6rsen, r\u00e4ttssalen eller m\u00e4klaryrket? Med v\u00e5r\\ncasemetodik f\u00e5r du en inblick i samh\u00e4llets mekanismer. Kunskaper du\\nkommer ha nytta av b\u00e5de p\u00e5 universitetet och i arbetslivet.&quot;}\" data-sheets-userformat=\"{&quot;2&quot;:5025,&quot;3&quot;:{&quot;1&quot;:0},&quot;8&quot;:{&quot;1&quot;:[{&quot;1&quot;:2,&quot;2&quot;:0,&quot;5&quot;:{&quot;1&quot;:2,&quot;2&quot;:0}},{&quot;1&quot;:0,&quot;2&quot;:0,&quot;3&quot;:3},{&quot;1&quot;:1,&quot;2&quot;:0,&quot;4&quot;:1}]},&quot;10&quot;:0,&quot;11&quot;:4,&quot;12&quot;:0,&quot;15&quot;:&quot;Roboto&quot;}\">Har du siktet inst\u00e4llt p\u00e5 b\u00f6rsen, r\u00e4ttssalen eller m\u00e4klaryrket? D\u00e5 passar Ekonomiprogrammet utm\u00e4rkt f\u00f6r dig. Med v\u00e5r casemetodik f\u00e5r du en inblick i samh\u00e4llets mekanismer. Kunskaper du\u00a0<\/span><span data-sheets-value=\"{&quot;1&quot;:2,&quot;2&quot;:&quot;Har du siktet inst\u00e4llt p\u00e5 b\u00f6rsen, r\u00e4ttssalen eller m\u00e4klaryrket? Med v\u00e5r\\ncasemetodik f\u00e5r du en inblick i samh\u00e4llets mekanismer. Kunskaper du\\nkommer ha nytta av b\u00e5de p\u00e5 universitetet och i arbetslivet.&quot;}\" data-sheets-userformat=\"{&quot;2&quot;:5025,&quot;3&quot;:{&quot;1&quot;:0},&quot;8&quot;:{&quot;1&quot;:[{&quot;1&quot;:2,&quot;2&quot;:0,&quot;5&quot;:{&quot;1&quot;:2,&quot;2&quot;:0}},{&quot;1&quot;:0,&quot;2&quot;:0,&quot;3&quot;:3},{&quot;1&quot;:1,&quot;2&quot;:0,&quot;4&quot;:1}]},&quot;10&quot;:0,&quot;11&quot;:4,&quot;12&quot;:0,&quot;15&quot;:&quot;Roboto&quot;}\">kommer ha nytta av b\u00e5de p\u00e5 universitetet och i arbetslivet.<\/span><\/p>\n\n\t\t\t\t\t<\/div>\n\t\t\t\t\t\t\t<\/div>\n\n\t\t\t\t<div class=\"ams-fifty__action u-inline-items\">\n\t\t\t\t\t\t\t\n\n\n<a href=\"https:\/\/sjolinsgymnasium.se\/malmo\/oppet-hus\"\n\t\n\tclass=\"c-btn \"\n\tdata-style=\"round\"\n\tdata-size=\"md\"\n\tdata-width=\"full-mobile\"\n\tdata-variant=\"default\"\n\ttarget=\"_self\">\n\t\t\t<span class=\"label\"> G\u00e5 p\u00e5 \u00d6ppet hus<\/span>\n\t\t\t<\/a>\n\t\t\t<\/div>\n\t\t<\/div>\n\n\t\t <div class=\"ams-fifty__media u-ratio-landscape\">\n\t\t \t\t\t\t\t<img decoding=\"async\" width=\"600\" height=\"400\" src=\"https:\/\/sjolinsgymnasium.se\/wp-content\/uploads\/sites\/4\/2023\/07\/sjolinsekonomiprogrammetmalmo202311202811-600x400.jpeg\" class=\"attachment-md size-md\" alt=\"L\u00e4rare skriver p\u00e5 tavlan i ett fullt klassrum\" sizes=\"(min-width: 64em) 600px, calc(100vw - 160px)\" srcset=\"https:\/\/sjolinsgymnasium.se\/wp-content\/uploads\/sites\/4\/2023\/07\/sjolinsekonomiprogrammetmalmo202311202811-600x400.jpeg 600w, https:\/\/sjolinsgymnasium.se\/wp-content\/uploads\/sites\/4\/2023\/07\/sjolinsekonomiprogrammetmalmo202311202811-300x200.jpeg 300w, https:\/\/sjolinsgymnasium.se\/wp-content\/uploads\/sites\/4\/2023\/07\/sjolinsekonomiprogrammetmalmo202311202811-400x267.jpeg 400w, https:\/\/sjolinsgymnasium.se\/wp-content\/uploads\/sites\/4\/2023\/07\/sjolinsekonomiprogrammetmalmo202311202811-800x533.jpeg 800w, https:\/\/sjolinsgymnasium.se\/wp-content\/uploads\/sites\/4\/2023\/07\/sjolinsekonomiprogrammetmalmo202311202811-1024x682.jpeg 1024w, https:\/\/sjolinsgymnasium.se\/wp-content\/uploads\/sites\/4\/2023\/07\/sjolinsekonomiprogrammetmalmo202311202811-1200x800.jpeg 1200w, https:\/\/sjolinsgymnasium.se\/wp-content\/uploads\/sites\/4\/2023\/07\/sjolinsekonomiprogrammetmalmo202311202811.jpeg 1280w\" \/>\n\t\t\t\n\t\t\t\n\t\t\t\t\t<\/div>\n\t<\/div>\n\n\t\t\n\n<\/section>\n\n\n\n\t\n\t\n\t\n\n\t\n\t\n\t\t\n<section  class=\"c-block l-stacked  \" data-color-scheme=\"vit\">\n\t<div class=\"ams-fifty ams-fifty--container ams-fifty--right ams-fifty--bottom l-container u-pt-fluid-3xl-6xl u-pb-fluid-3xl-6xl\">\n\t\t<div class=\"ams-fifty__content l-stack l-stack-xl is-left is-left@lg\">\n\t\t\t<div class=\"ams-fifty__text l-stack l-stack-lg\">\n\t\t\t\t\t\n\t<h2\n\tclass=\"c-heading u-font-title-1 \"\n\tstyle=\"\">\n\t\t\n\t\t\t\t\tOm Ekonomiprogrammet\n\t\t\t\t\n\t<\/h2>\n\n\t\t\t\t\t\t\t\t\t<div class=\"text l-stack u-font-body\">\n\t\t\t\t\t\t<p><span data-sheets-value=\"{&quot;1&quot;:2,&quot;2&quot;:&quot;Ekonomiprogrammet ger dig en bred bas att\\nbygga p\u00e5 och en gymnasieexamen som ger\\ndig allm\u00e4n h\u00f6gskolebeh\u00f6righet. M\u00f6jligheten\\natt v\u00e4lja inriktning g\u00f6r att du kan fokusera p\u00e5\\ndet du \u00e4r intresserad av. Dina gymnasie\u00e5r kommer k\u00e4nnetecknas av\\nekonomins m\u00e5nga skepnader. \u00c4mnen som\\nf\u00f6retagsekonomi, entrepren\u00f6rskap och juridik\\nkommer ge dig f\u00f6rst\u00e5else f\u00f6r hur ekonomin och det juridiska system som styr v\u00e5r v\u00e4rld. Du kommer f\u00e5 testa p\u00e5 att starta och driva ett eget\\nf\u00f6retag i samarbete med Ung F\u00f6retagsamhet. Du\\nf\u00e5r d\u00e5 chansen att f\u00f6rverkliga din aff\u00e4rsid\u00e9 och\\nutveckla din kreativitet s\u00e5v\u00e4l som din drivkraft\\nsamt kommunikations- och samarbetsf\u00f6rm\u00e5ga.\\nUnder dina tre \u00e5r p\u00e5 Sj\u00f6lins Malm\u00f6 f\u00e5r du l\u00f6sa\\ncase och \u00e4mnes\u00f6verskridande utmaningar,\\nvilket g\u00f6r dig v\u00e4l f\u00f6rberedd f\u00f6r vidare studier\\noch yrkesliv.&quot;}\" data-sheets-userformat=\"{&quot;2&quot;:5025,&quot;3&quot;:{&quot;1&quot;:0},&quot;8&quot;:{&quot;1&quot;:[{&quot;1&quot;:2,&quot;2&quot;:0,&quot;5&quot;:{&quot;1&quot;:2,&quot;2&quot;:0}},{&quot;1&quot;:0,&quot;2&quot;:0,&quot;3&quot;:3},{&quot;1&quot;:1,&quot;2&quot;:0,&quot;4&quot;:1}]},&quot;10&quot;:0,&quot;11&quot;:4,&quot;12&quot;:0,&quot;15&quot;:&quot;Roboto&quot;}\">Ekonomiprogrammet p\u00e5 Sj\u00f6lins Gymnasium i Malm\u00f6 ger dig en bred bas att bygga p\u00e5 och en gymnasieexamen som ger dig allm\u00e4n h\u00f6gskolebeh\u00f6righet. M\u00f6jligheten att v\u00e4lja inriktning g\u00f6r att du kan fokusera p\u00e5 det du \u00e4r intresserad av. Dina gymnasie\u00e5r kommer k\u00e4nnetecknas av ekonomins m\u00e5nga skepnader. \u00c4mnen som f\u00f6retagsekonomi, entrepren\u00f6rskap och juridik kommer ge dig f\u00f6rst\u00e5else f\u00f6r hur ekonomin och det juridiska system som styr v\u00e5r v\u00e4rld. Du kommer f\u00e5 testa p\u00e5 att starta och driva ett eget f\u00f6retag i samarbete med Ung F\u00f6retagsamhet. Under dina tre \u00e5r p\u00e5 Sj\u00f6lins Malm\u00f6 f\u00e5r du l\u00f6sa case och \u00e4mnes\u00f6verskridande utmaningar, vilket g\u00f6r dig v\u00e4l f\u00f6rberedd f\u00f6r vidare studier och yrkesliv.<\/span><\/p>\n\n\t\t\t\t\t<\/div>\n\t\t\t\t\t\t\t<\/div>\n\n\t\t\t\t\t<\/div>\n\n\t\t <div class=\"ams-fifty__media u-ratio-square\">\n\t\t \t\t\t\t\t<img decoding=\"async\" width=\"600\" height=\"400\" src=\"https:\/\/sjolinsgymnasium.se\/wp-content\/uploads\/sites\/4\/2023\/07\/sjolinsekonomimalmo202311202811-600x400.jpeg\" class=\"attachment-md size-md\" alt=\"Elever i ett grupprum\" sizes=\"(min-width: 64em) 600px, calc(100vw - 160px)\" srcset=\"https:\/\/sjolinsgymnasium.se\/wp-content\/uploads\/sites\/4\/2023\/07\/sjolinsekonomimalmo202311202811-600x400.jpeg 600w, https:\/\/sjolinsgymnasium.se\/wp-content\/uploads\/sites\/4\/2023\/07\/sjolinsekonomimalmo202311202811-300x200.jpeg 300w, https:\/\/sjolinsgymnasium.se\/wp-content\/uploads\/sites\/4\/2023\/07\/sjolinsekonomimalmo202311202811-400x267.jpeg 400w, https:\/\/sjolinsgymnasium.se\/wp-content\/uploads\/sites\/4\/2023\/07\/sjolinsekonomimalmo202311202811-800x533.jpeg 800w, https:\/\/sjolinsgymnasium.se\/wp-content\/uploads\/sites\/4\/2023\/07\/sjolinsekonomimalmo202311202811-1024x682.jpeg 1024w, https:\/\/sjolinsgymnasium.se\/wp-content\/uploads\/sites\/4\/2023\/07\/sjolinsekonomimalmo202311202811-1200x800.jpeg 1200w, https:\/\/sjolinsgymnasium.se\/wp-content\/uploads\/sites\/4\/2023\/07\/sjolinsekonomimalmo202311202811.jpeg 1280w\" \/>\n\t\t\t\n\t\t\t\n\t\t\t\t\t<\/div>\n\t<\/div>\n\n\t\t\n\t\t\t\n\t\t\t\t\t\t\t\n\t\t\t\t<div class=\"c-bg c-bg--img\" data-settings=\"{&quot;desktop_settings&quot;:{&quot;size&quot;:&quot;contain&quot;,&quot;position&quot;:&quot;bottom-left&quot;},&quot;mobile_settings&quot;:{&quot;size&quot;:&quot;contain&quot;,&quot;position&quot;:&quot;bottom-left&quot;}}\" data-position=\"middle-center\" data-size=\"cover\">\n\t\t\t\n\t\t<\/div>\n\t\n<\/section>\n\n\n\n\n<section  class=\"ams-courses-list c-block l-stacked\" data-color-scheme=\"kurslistning\">\n\t<div class=\"l-container l-stack l-stack-fluid-2xl u-pt-fluid-3xl-6xl u-pb-fluid-3xl-6xl is-center is-center@md\">\n\t\t\t\t\t<div class=\"ams-courses-list__intro l-stack l-stack-lg\">\n\t\t\t\t\t\n\t<h2\n\tclass=\"c-heading u-font-title-1 \"\n\tstyle=\"\">\n\t\t\n\t\t\t\t\tV\u00e5ra inriktningar\n\t\t\t\t\n\t<\/h2>\n\n\t\t\t\t\t\t\t\t\t<div class=\"c-text l-stack u-cs-xl u-font-body\">\n\t\t\t\t\t\t<p><span data-sheets-value=\"{&quot;1&quot;:2,&quot;2&quot;:&quot;P\u00e5 Sj\u00f6lins Ekonomiprogram kan du v\u00e4lja inriktningen Ekonomi eller Juridik.\\n\\n&quot;}\" data-sheets-userformat=\"{&quot;2&quot;:1053609,&quot;3&quot;:{&quot;1&quot;:0},&quot;6&quot;:{&quot;1&quot;:[{&quot;1&quot;:2,&quot;2&quot;:0,&quot;5&quot;:{&quot;1&quot;:2,&quot;2&quot;:0}},{&quot;1&quot;:0,&quot;2&quot;:0,&quot;3&quot;:3},{&quot;1&quot;:1,&quot;2&quot;:0,&quot;4&quot;:1}]},&quot;8&quot;:{&quot;1&quot;:[{&quot;1&quot;:2,&quot;2&quot;:0,&quot;5&quot;:{&quot;1&quot;:2,&quot;2&quot;:0}},{&quot;1&quot;:0,&quot;2&quot;:0,&quot;3&quot;:3},{&quot;1&quot;:1,&quot;2&quot;:0,&quot;4&quot;:1}]},&quot;10&quot;:0,&quot;11&quot;:4,&quot;12&quot;:0,&quot;15&quot;:&quot;Roboto&quot;,&quot;23&quot;:1}\">P\u00e5 Sj\u00f6lins Gymnasium Malm\u00f6s Ekonomiprogram kan du v\u00e4lja inriktningen Ekonomi eller Juridik.<\/span><\/p>\n\n\t\t\t\t\t<\/div>\n\t\t\t\t\t\t\t<\/div>\n\t\t\n\t\t\n\t\t\t\n<ul class=\"ams-courses-list__list l-grid u-gap-fluid-2xl-4xl u-justify-center\">\n\t\t\t<li class=\"l-col-6@md l-col-4@lg\">\n\t\t\t<article class=\"c-card has-media-zoom  u-shadow-lg\"\n\t\t\t\t\t\tdata-variant=\"border-top\"\n\t\t\t\t\t\tdata-style=\"square\"\n\t\t\t\t\t\tdata-click-area>\n\t\t\t\t<div class=\"c-card__content l-stack l-stack-sm\">\n\t\t\t\t\t\t\t\t\t\t\t<h3 class=\"c-card__title u-font-title-3\">\n\t\t\t\t\t\t\t\t\t\t\t\t\t\t\t<a class=\"c-card__title-link\" href=\"https:\/\/sjolinsgymnasium.se\/malmo\/program\/ekonomiprogrammet\/ekonomi\/\">\n\t\t\t\t\t\t\t\t\tEkonomi\n\t\t\t\t\t\t\t\t<\/a>\n\t\t\t\t\t\t\t\t\t\t\t\t\t<\/h3>\n\t\t\t\t\t\n\t\t\t\t\t\t\t\t\t\t\t<p class=\"c-card__text l-stack-xs u-font-body \">\n\t\t\t\t\t\t\tHar du en aff\u00e4rsid\u00e9 som du brinner f\u00f6r?\n\t\t\t\t\t\t<\/p>\n\t\t\t\t\t\n\t\t\t\t\t\t\t\t\t\t\t\t\t\t\t\t<ul class=\"c-card__list u-list-none l-stack-grow u-divider-top u-font-body\">\n\t\t\t\t\t\t\t\t\t\t\t\t\t\t\t<li>\n\t\t\t\t\t\t\t\t\t<strong>Program<\/strong>\n\t\t\t\t\t\t\t\t\t<ul class=\"u-list-dash\">\n\t\t\t\t\t\t\t\t\t\t\t\t\t\t\t\t\t\t\t\t\t<li>Ekonomiprogrammet<\/li>\n\t\t\t\t\t\t\t\t\t\t\t\t\t\t\t\t\t\t\t<\/ul>\n\t\t\t\t\t\t\t\t<\/li>\n\t\t\t\t\t\t\t\n\t\t\t\t\t\t\t\t\t\t\t\t\t\t\t\t\t\t\t\t\t\t\t\t<li>\n\t\t\t\t\t\t\t\t\t\t<strong>Inriktning<\/strong>\n\t\t\t\t\t\t\t\t\t\t<ul class=\"u-list-dash\">\n\t\t\t\t\t\t\t\t\t\t\t\t\t\t\t\t\t\t\t\t\t\t\t<li>Ekonomi<\/li>\n\t\t\t\t\t\t\t\t\t\t\t\t\t\t\t\t\t\t\t\t\t<\/ul>\n\t\t\t\t\t\t\t\t\t<\/li>\n\t\t\t\t\t\t\t\t\t\t\t\t\t\t\t\t\t\t\t\t\t<\/ul>\n\n\t\t\t\t\t\t<div class=\"c-card__icon c-card__icon--nl\">\n\t\t\t\t\t\t\t\t\t\t\t\t\t\t<svg class=\"ams-icon ams-icon--arrow-right\" width=\"32\" height=\"32\" viewbox=\"0 0 32 32\" fill=\"currentColor\" aria-hidden=\"true\" xmlns=\"http:\/\/www.w3.org\/2000\/svg\">\n\t\t\t\t\t\t\t\t\t\t\t\t\t\t\t\t<path d=\"M15.4617 0.252159L14.9567 0.75931C14.6219 1.09545 14.6219 1.64048 14.9567 1.97669L27.7062 14.7806H0.857144C0.383786 14.7806 0 15.166 0 15.6414V16.3587C0 16.8341 0.383786 17.2195 0.857144 17.2195H27.7062L14.9567 30.0234C14.6219 30.3595 14.6219 30.9045 14.9567 31.2407L15.4617 31.7479C15.7964 32.084 16.3392 32.084 16.6739 31.7479L31.749 16.6087C32.0837 16.2725 32.0837 15.7275 31.749 15.3913L16.6739 0.252159C16.3392 -0.084053 15.7964 -0.084053 15.4617 0.252159Z\"\/>\n\t\t\t\t\t\t\t\n\t\t\t\t\t\t\t<\/svg>\n\t\t\t\t\t\t<\/div>\n\t\t\t\t\t\t\t\t\t<\/div>\n\t\t\t\t<div class=\"c-card__media \" style=\" \">\n\t\t\t\t\t<img decoding=\"async\" width=\"400\" height=\"267\" src=\"https:\/\/sjolinsgymnasium.se\/wp-content\/uploads\/sites\/4\/2023\/07\/sjolinsekonomiekonomimalmo202311202811-400x267.jpeg\" class=\"attachment-sm size-sm wp-post-image\" alt=\"Tre lever i ett klassrum som skriver i sina b\u00f6cker\" sizes=\"(min-width: 64em) 300px, (min-width: 48em) calc(.50 * (100vw - 240px)), calc(100vw - 160px)\" srcset=\"https:\/\/sjolinsgymnasium.se\/wp-content\/uploads\/sites\/4\/2023\/07\/sjolinsekonomiekonomimalmo202311202811-400x267.jpeg 400w, https:\/\/sjolinsgymnasium.se\/wp-content\/uploads\/sites\/4\/2023\/07\/sjolinsekonomiekonomimalmo202311202811-300x200.jpeg 300w, https:\/\/sjolinsgymnasium.se\/wp-content\/uploads\/sites\/4\/2023\/07\/sjolinsekonomiekonomimalmo202311202811-600x400.jpeg 600w, https:\/\/sjolinsgymnasium.se\/wp-content\/uploads\/sites\/4\/2023\/07\/sjolinsekonomiekonomimalmo202311202811-800x533.jpeg 800w, https:\/\/sjolinsgymnasium.se\/wp-content\/uploads\/sites\/4\/2023\/07\/sjolinsekonomiekonomimalmo202311202811-1024x682.jpeg 1024w, https:\/\/sjolinsgymnasium.se\/wp-content\/uploads\/sites\/4\/2023\/07\/sjolinsekonomiekonomimalmo202311202811-1200x800.jpeg 1200w, https:\/\/sjolinsgymnasium.se\/wp-content\/uploads\/sites\/4\/2023\/07\/sjolinsekonomiekonomimalmo202311202811.jpeg 1280w\" \/>\n\t\t\t\t<\/div>\n\t\t\t<\/article>\n\t\t<\/li>\n\t\t\t<li class=\"l-col-6@md l-col-4@lg\">\n\t\t\t<article class=\"c-card has-media-zoom  u-shadow-lg\"\n\t\t\t\t\t\tdata-variant=\"border-top\"\n\t\t\t\t\t\tdata-style=\"square\"\n\t\t\t\t\t\tdata-click-area>\n\t\t\t\t<div class=\"c-card__content l-stack l-stack-sm\">\n\t\t\t\t\t\t\t\t\t\t\t<h3 class=\"c-card__title u-font-title-3\">\n\t\t\t\t\t\t\t\t\t\t\t\t\t\t\t<a class=\"c-card__title-link\" href=\"https:\/\/sjolinsgymnasium.se\/malmo\/program\/ekonomiprogrammet\/juridik\/\">\n\t\t\t\t\t\t\t\t\tJuridik\n\t\t\t\t\t\t\t\t<\/a>\n\t\t\t\t\t\t\t\t\t\t\t\t\t<\/h3>\n\t\t\t\t\t\n\t\t\t\t\t\t\t\t\t\t\t<p class=\"c-card__text l-stack-xs u-font-body \">\n\t\t\t\t\t\t\tBrinner du f\u00f6r r\u00e4ttvisan och vill g\u00f6ra skillnad f\u00f6r dina medm\u00e4nniskor?\n\t\t\t\t\t\t<\/p>\n\t\t\t\t\t\n\t\t\t\t\t\t\t\t\t\t\t\t\t\t\t\t<ul class=\"c-card__list u-list-none l-stack-grow u-divider-top u-font-body\">\n\t\t\t\t\t\t\t\t\t\t\t\t\t\t\t<li>\n\t\t\t\t\t\t\t\t\t<strong>Program<\/strong>\n\t\t\t\t\t\t\t\t\t<ul class=\"u-list-dash\">\n\t\t\t\t\t\t\t\t\t\t\t\t\t\t\t\t\t\t\t\t\t<li>Ekonomiprogrammet<\/li>\n\t\t\t\t\t\t\t\t\t\t\t\t\t\t\t\t\t\t\t<\/ul>\n\t\t\t\t\t\t\t\t<\/li>\n\t\t\t\t\t\t\t\n\t\t\t\t\t\t\t\t\t\t\t\t\t\t\t\t\t\t\t\t\t\t\t\t<li>\n\t\t\t\t\t\t\t\t\t\t<strong>Inriktning<\/strong>\n\t\t\t\t\t\t\t\t\t\t<ul class=\"u-list-dash\">\n\t\t\t\t\t\t\t\t\t\t\t\t\t\t\t\t\t\t\t\t\t\t\t<li>Juridik<\/li>\n\t\t\t\t\t\t\t\t\t\t\t\t\t\t\t\t\t\t\t\t\t<\/ul>\n\t\t\t\t\t\t\t\t\t<\/li>\n\t\t\t\t\t\t\t\t\t\t\t\t\t\t\t\t\t\t\t\t\t<\/ul>\n\n\t\t\t\t\t\t<div class=\"c-card__icon c-card__icon--nl\">\n\t\t\t\t\t\t\t\t\t\t\t\t\t\t<svg class=\"ams-icon ams-icon--arrow-right\" width=\"32\" height=\"32\" viewbox=\"0 0 32 32\" fill=\"currentColor\" aria-hidden=\"true\" xmlns=\"http:\/\/www.w3.org\/2000\/svg\">\n\t\t\t\t\t\t\t\t\t\t\t\t\t\t\t\t<path d=\"M15.4617 0.252159L14.9567 0.75931C14.6219 1.09545 14.6219 1.64048 14.9567 1.97669L27.7062 14.7806H0.857144C0.383786 14.7806 0 15.166 0 15.6414V16.3587C0 16.8341 0.383786 17.2195 0.857144 17.2195H27.7062L14.9567 30.0234C14.6219 30.3595 14.6219 30.9045 14.9567 31.2407L15.4617 31.7479C15.7964 32.084 16.3392 32.084 16.6739 31.7479L31.749 16.6087C32.0837 16.2725 32.0837 15.7275 31.749 15.3913L16.6739 0.252159C16.3392 -0.084053 15.7964 -0.084053 15.4617 0.252159Z\"\/>\n\t\t\t\t\t\t\t\n\t\t\t\t\t\t\t<\/svg>\n\t\t\t\t\t\t<\/div>\n\t\t\t\t\t\t\t\t\t<\/div>\n\t\t\t\t<div class=\"c-card__media \" style=\" \">\n\t\t\t\t\t<img decoding=\"async\" width=\"400\" height=\"207\" src=\"https:\/\/sjolinsgymnasium.se\/wp-content\/uploads\/sites\/4\/2023\/07\/sjolinsekonomijuridikmalmo202311202811-e1776319984229-400x207.jpeg\" class=\"attachment-sm size-sm wp-post-image\" alt=\"L\u00e4rare hj\u00e4lper tv\u00e5 elever med en uppgift i en skolb\u00e4nk\" sizes=\"(min-width: 64em) 300px, (min-width: 48em) calc(.50 * (100vw - 240px)), calc(100vw - 160px)\" srcset=\"https:\/\/sjolinsgymnasium.se\/wp-content\/uploads\/sites\/4\/2023\/07\/sjolinsekonomijuridikmalmo202311202811-e1776319984229-400x207.jpeg 400w, https:\/\/sjolinsgymnasium.se\/wp-content\/uploads\/sites\/4\/2023\/07\/sjolinsekonomijuridikmalmo202311202811-e1776319984229-300x155.jpeg 300w, https:\/\/sjolinsgymnasium.se\/wp-content\/uploads\/sites\/4\/2023\/07\/sjolinsekonomijuridikmalmo202311202811-e1776319984229-600x311.jpeg 600w, https:\/\/sjolinsgymnasium.se\/wp-content\/uploads\/sites\/4\/2023\/07\/sjolinsekonomijuridikmalmo202311202811-e1776319984229-800x414.jpeg 800w, https:\/\/sjolinsgymnasium.se\/wp-content\/uploads\/sites\/4\/2023\/07\/sjolinsekonomijuridikmalmo202311202811-e1776319984229-1024x530.jpeg 1024w, https:\/\/sjolinsgymnasium.se\/wp-content\/uploads\/sites\/4\/2023\/07\/sjolinsekonomijuridikmalmo202311202811-e1776319984229-1200x622.jpeg 1200w, https:\/\/sjolinsgymnasium.se\/wp-content\/uploads\/sites\/4\/2023\/07\/sjolinsekonomijuridikmalmo202311202811-e1776319984229.jpeg 1280w\" \/>\n\t\t\t\t<\/div>\n\t\t\t<\/article>\n\t\t<\/li>\n\t<\/ul>\n\t\n\n\t\t\t<\/div>\n\n\t\t\n\n<\/section>\n\n\n\n\n\n<section  class=\"ams-faq ams_event_module c-block l-stacked js-load-more\" data-color-scheme=\"poangplan\" data-count=\"5\" data-count-mobile=\"2\">\n\t<div class=\"l-container-narrow l-stack l-stack-fluid-2xl u-pt-fluid-3xl-6xl u-pb-fluid-3xl-6xl is-center is-center@md\">\n\t\t\t\t\t<div class=\"ams-faq__intro l-stack l-stack-lg\">\n\t\t\t\t\t\n\t<h2\n\tclass=\"c-heading u-font-title-1 \"\n\tstyle=\"\">\n\t\t\n\t\t\t\t\tVanliga fr\u00e5gor om Ekonomiprogrammet\n\t\t\t\t\n\t<\/h2>\n\n\t\t\t\t\t\t\t<\/div>\n\t\t\n\t\t\n\t\n\t    \n\t\n\t<ul\n\t\tid=\"ams-faq-list-69f70b47c2510\"\n\t\tclass=\"ams-faq__ac ams-accordion_module c-accordion js-results \"\n\t\taria-label=\"Vanliga fr\u00e5gor\"\n\t\tdata-variant=\"border-between\"\n\t\tdata-ajax-action=\"log_faq_view\"\n\t\tdata-ajax-url=\"https:\/\/sjolinsgymnasium.se\/malmo\/wp-admin\/admin-ajax.php\"\n\t\tdata-ajax-nonce=\"3c5f595f5d\"\n\t\tdata-filter-animation=\"off\">\n\n\t\t\n\t\t\t\t\t\t\t\t\t\t\t\t\t\t\t\n\t\t\t\n\t\t\t<li data-ajax-id=\"3008\" class=\"c-accordion__item \"\n\t\t\tdata-filter=\"individuella-val maj-2024\"\n\t\t\t>\n\t\t\t\t<h3 class=\"c-accordion__header\">\n\t\t\t\t\t\t\t\t\t\t<button class=\"c-accordion__trigger u-py-sm u-px-fluid-md-xl u-font-title-4\">\n\t\t\t\t\t\t<span>Vilka individuella val kan jag v\u00e4lja? <\/span>\n\t\t\t\t\t\t<svg class=\"ams-icon ams-icon__arrow-down\" width=\"24\" height=\"24\" viewbox=\"0 0 24 24\" fill=\"currentColor\" aria-hidden=\"true\" xmlns=\"http:\/\/www.w3.org\/2000\/svg\">\n\t\t\t\t\t\t\t\t\t\t\t\t\t<path d=\"m11.2033 18.4294-10.872894-10.67584c-.440539-.42594-.440539-1.1147 0-1.54065l.665495-.64345c.440539-.42595 1.152899-.42595 1.593439 0l9.41066 9.27114 9.4107-9.26207c.4405-.42595 1.1529-.42595 1.5934 0l.6655.64345c.4405.42594.4405 1.1147 0 1.54065l-10.8729 10.67587c-.4405.4168-1.1529.4168-1.5934-.0091z\"\/>\n\t\t\t\t\t\n\t\t\t\t\t\t<\/svg>\n\t\t\t\t\t<\/button>\n\t\t\t\t<\/h3>\n\t\t\t\t<div class=\"c-accordion__body l-stack u-font-body\">\n\t\t\t\t\t<div class=\"c-accordion__body__inner u-p-fluid-md-xl l-stack\">\n\t\t\t\t\t\t<p>Du som l\u00e4ser Ekonomiprogrammet eller Samh\u00e4llsvetenskapsprogrammet kan v\u00e4lja mellan f\u00f6ljande individuella val:<br \/>\nEng 7<br \/>\nNaK 2b<br \/>\nIdh 2<br \/>\nMatmat 3b<\/p>\n<p>Du som l\u00e4ser Naturvetenskapsprogrammet kan v\u00e4lja mellan f\u00f6ljande individuella val:<br \/>\nMatmat 5<br \/>\nEng 7<br \/>\nIdh 2<\/p>\n<p>Vi erbjuder \u00e4ven f\u00f6ljande morderna spr\u00e5k<br \/>\nDanska 2 &amp; 5<br \/>\nFranksa 4<br \/>\nSpanska 4<br \/>\nTyska 4<\/p>\n\n\t\t\t\t\t<\/div>\n\t\t\t\t<\/div>\n\t\t\t<\/li>\n\t\t\n\t\t\t\t\t\t\t\t\t\t\t\t\t\t\t\n\t\t\t\n\t\t\t<li data-ajax-id=\"3255\" class=\"c-accordion__item \"\n\t\t\tdata-filter=\"vad-behover-jag-betyg-for-att-lasa-ekonomiprogrammet januari-2024\"\n\t\t\t>\n\t\t\t\t<h3 class=\"c-accordion__header\">\n\t\t\t\t\t\t\t\t\t\t<button class=\"c-accordion__trigger u-py-sm u-px-fluid-md-xl u-font-title-4\">\n\t\t\t\t\t\t<span>Vad beh\u00f6ver jag f\u00f6r betyg f\u00f6r att l\u00e4sa Ekonomiprogrammet? <\/span>\n\t\t\t\t\t\t<svg class=\"ams-icon ams-icon__arrow-down\" width=\"24\" height=\"24\" viewbox=\"0 0 24 24\" fill=\"currentColor\" aria-hidden=\"true\" xmlns=\"http:\/\/www.w3.org\/2000\/svg\">\n\t\t\t\t\t\t\t\t\t\t\t\t\t<path d=\"m11.2033 18.4294-10.872894-10.67584c-.440539-.42594-.440539-1.1147 0-1.54065l.665495-.64345c.440539-.42595 1.152899-.42595 1.593439 0l9.41066 9.27114 9.4107-9.26207c.4405-.42595 1.1529-.42595 1.5934 0l.6655.64345c.4405.42594.4405 1.1147 0 1.54065l-10.8729 10.67587c-.4405.4168-1.1529.4168-1.5934-.0091z\"\/>\n\t\t\t\t\t\n\t\t\t\t\t\t<\/svg>\n\t\t\t\t\t<\/button>\n\t\t\t\t<\/h3>\n\t\t\t\t<div class=\"c-accordion__body l-stack u-font-body\">\n\t\t\t\t\t<div class=\"c-accordion__body__inner u-p-fluid-md-xl l-stack\">\n\t\t\t\t\t\t<p>F\u00f6r att vara beh\u00f6rig till gymnasiet m\u00e5ste du ha godk\u00e4nt i Svenska eller Svenska som andraspr\u00e5k, Engelska och Matte. Om du vill l\u00e4sa ett h\u00f6gskolef\u00f6rberedande program m\u00e5ste du ha godk\u00e4nt i ytterligare 9 \u00e4mnen, allts\u00e5 totalt 12 \u00e4mnen. F\u00f6r Ekonomiprogrammet ska 4 av de 9 \u00f6vriga godk\u00e4nda \u00e4mnena vara geografi, historia, samh\u00e4llskunskap och religionskunskap.<\/p>\n\n\t\t\t\t\t<\/div>\n\t\t\t\t<\/div>\n\t\t\t<\/li>\n\t\t\n\t\t\t\t\t\t\t\t\t\t\t\t\t\t\t\n\t\t\t\n\t\t\t<li data-ajax-id=\"3254\" class=\"c-accordion__item \"\n\t\t\tdata-filter=\"meritvarde januari-2024\"\n\t\t\t>\n\t\t\t\t<h3 class=\"c-accordion__header\">\n\t\t\t\t\t\t\t\t\t\t<button class=\"c-accordion__trigger u-py-sm u-px-fluid-md-xl u-font-title-4\">\n\t\t\t\t\t\t<span>Vad betyder antagningsgr\u00e4ns? <\/span>\n\t\t\t\t\t\t<svg class=\"ams-icon ams-icon__arrow-down\" width=\"24\" height=\"24\" viewbox=\"0 0 24 24\" fill=\"currentColor\" aria-hidden=\"true\" xmlns=\"http:\/\/www.w3.org\/2000\/svg\">\n\t\t\t\t\t\t\t\t\t\t\t\t\t<path d=\"m11.2033 18.4294-10.872894-10.67584c-.440539-.42594-.440539-1.1147 0-1.54065l.665495-.64345c.440539-.42595 1.152899-.42595 1.593439 0l9.41066 9.27114 9.4107-9.26207c.4405-.42595 1.1529-.42595 1.5934 0l.6655.64345c.4405.42594.4405 1.1147 0 1.54065l-10.8729 10.67587c-.4405.4168-1.1529.4168-1.5934-.0091z\"\/>\n\t\t\t\t\t\n\t\t\t\t\t\t<\/svg>\n\t\t\t\t\t<\/button>\n\t\t\t\t<\/h3>\n\t\t\t\t<div class=\"c-accordion__body l-stack u-font-body\">\n\t\t\t\t\t<div class=\"c-accordion__body__inner u-p-fluid-md-xl l-stack\">\n\t\t\t\t\t\t<p>F\u00f6rutom beh\u00f6righetskraven finns inga l\u00e4gsta krav p\u00e5 po\u00e4ng f\u00f6r programmen, utan det beror p\u00e5 vilka andra som s\u00f6ker det \u00e5ret. P\u00e5 en utbildning med t.ex. 30 platser kommer de 30 med h\u00f6gst po\u00e4ng in. Medelpo\u00e4ng \u00e4r medelv\u00e4rdet av meritpo\u00e4ngen de 30 har. Antagningsgr\u00e4ns \u00e4r den l\u00e4gsta po\u00e4ng n\u00e5gon kom in p\u00e5 det \u00e5ret.<\/p>\n\n\t\t\t\t\t<\/div>\n\t\t\t\t<\/div>\n\t\t\t<\/li>\n\t\t\n\t\t\t\t\t\t\t\t\t\t\t\t\t\t\t\n\t\t\t\n\t\t\t<li data-ajax-id=\"3253\" class=\"c-accordion__item \"\n\t\t\tdata-filter=\"meritvarde januari-2024\"\n\t\t\t>\n\t\t\t\t<h3 class=\"c-accordion__header\">\n\t\t\t\t\t\t\t\t\t\t<button class=\"c-accordion__trigger u-py-sm u-px-fluid-md-xl u-font-title-4\">\n\t\t\t\t\t\t<span>Hur r\u00e4knar jag ut mitt meritv\u00e4rde? <\/span>\n\t\t\t\t\t\t<svg class=\"ams-icon ams-icon__arrow-down\" width=\"24\" height=\"24\" viewbox=\"0 0 24 24\" fill=\"currentColor\" aria-hidden=\"true\" xmlns=\"http:\/\/www.w3.org\/2000\/svg\">\n\t\t\t\t\t\t\t\t\t\t\t\t\t<path d=\"m11.2033 18.4294-10.872894-10.67584c-.440539-.42594-.440539-1.1147 0-1.54065l.665495-.64345c.440539-.42595 1.152899-.42595 1.593439 0l9.41066 9.27114 9.4107-9.26207c.4405-.42595 1.1529-.42595 1.5934 0l.6655.64345c.4405.42594.4405 1.1147 0 1.54065l-10.8729 10.67587c-.4405.4168-1.1529.4168-1.5934-.0091z\"\/>\n\t\t\t\t\t\n\t\t\t\t\t\t<\/svg>\n\t\t\t\t\t<\/button>\n\t\t\t\t<\/h3>\n\t\t\t\t<div class=\"c-accordion__body l-stack u-font-body\">\n\t\t\t\t\t<div class=\"c-accordion__body__inner u-p-fluid-md-xl l-stack\">\n\t\t\t\t\t\t<p>P\u00e5 <a href=\"https:\/\/gymnasiekoll.se\/gymnasieval\/meritvarde\/\" target=\"_blank\" rel=\"noopener\">Gymnasiekoll.se<\/a> r\u00e4knar du enkelt ut ditt meritv\u00e4rde. <a href=\"https:\/\/gymnasiekoll.se\/gymnasieval\/meritvarde\/\">Klicka h\u00e4r f\u00f6r att komma direkt till gymnasiekoll!<\/a><\/p>\n\n\t\t\t\t\t<\/div>\n\t\t\t\t<\/div>\n\t\t\t<\/li>\n\t\t\n\t\t\t\t\t\t\t\t\t\t\t\t\t\t\t\n\t\t\t\n\t\t\t<li data-ajax-id=\"1860\" class=\"c-accordion__item \"\n\t\t\tdata-filter=\"vad-behover-jag-betyg-for-att-lasa-ekonomiprogrammet juni-2023\"\n\t\t\t>\n\t\t\t\t<h3 class=\"c-accordion__header\">\n\t\t\t\t\t\t\t\t\t\t<button class=\"c-accordion__trigger u-py-sm u-px-fluid-md-xl u-font-title-4\">\n\t\t\t\t\t\t<span>Vad \u00e4r det f\u00f6r meritv\u00e4rde\/antagningspo\u00e4ng p\u00e5 Ekonomiprogrammet?<\/span>\n\t\t\t\t\t\t<svg class=\"ams-icon ams-icon__arrow-down\" width=\"24\" height=\"24\" viewbox=\"0 0 24 24\" fill=\"currentColor\" aria-hidden=\"true\" xmlns=\"http:\/\/www.w3.org\/2000\/svg\">\n\t\t\t\t\t\t\t\t\t\t\t\t\t<path d=\"m11.2033 18.4294-10.872894-10.67584c-.440539-.42594-.440539-1.1147 0-1.54065l.665495-.64345c.440539-.42595 1.152899-.42595 1.593439 0l9.41066 9.27114 9.4107-9.26207c.4405-.42595 1.1529-.42595 1.5934 0l.6655.64345c.4405.42594.4405 1.1147 0 1.54065l-10.8729 10.67587c-.4405.4168-1.1529.4168-1.5934-.0091z\"\/>\n\t\t\t\t\t\n\t\t\t\t\t\t<\/svg>\n\t\t\t\t\t<\/button>\n\t\t\t\t<\/h3>\n\t\t\t\t<div class=\"c-accordion__body l-stack u-font-body\">\n\t\t\t\t\t<div class=\"c-accordion__body__inner u-p-fluid-md-xl l-stack\">\n\t\t\t\t\t\t<p>Ekonomiprogrammet med inriktning Ekonomi hade \u00e5r 2025 antagningspo\u00e4ng p\u00e5 225 po\u00e4ng och ett medelv\u00e4rde p\u00e5 255. Ekonomiprogrammet med inriktning Juridik hade \u00e5r 2025 antagningspo\u00e4ng p\u00e5 237.5 och ett medelv\u00e4rde p\u00e5 266. Kom ih\u00e5g att meritv\u00e4rdet kan \u00e4ndras fr\u00e5n \u00e5r till \u00e5r beroende p\u00e5 hur m\u00e5nga som s\u00f6ker programmet och vilka betyg de har!<\/p>\n\n\t\t\t\t\t<\/div>\n\t\t\t\t<\/div>\n\t\t\t<\/li>\n\t\t\t<\/ul>\n\n\t<div class=\"no-results u-mt-0 u-hide\" data-filter-fallback-id=\"ams-faq-list-69f70b47c2510\">\n\t<p>Det finns inga resultat som matchar din filtrering.<\/p>\n<\/div>\n\n\t\n\n\t\t\n\t\t\t<\/div>\n\n\t\t\n\n<\/section>\n\n\n\n\t\n\t\n\t\n\n\t\n\t\n\t\t\n<section  class=\"c-block l-stacked  \" data-color-scheme=\"vit\">\n\t<div class=\"ams-fifty ams-fifty--container ams-fifty--left ams-fifty--top l-container u-pt-fluid-3xl-6xl u-pb-fluid-3xl-6xl\">\n\t\t<div class=\"ams-fifty__content l-stack l-stack-xl is-left is-left@lg\">\n\t\t\t<div class=\"ams-fifty__text l-stack l-stack-lg\">\n\t\t\t\t\t\n\t<h2\n\tclass=\"c-heading u-font-title-1 \"\n\tstyle=\"\">\n\t\t\n\t\t\t\t\tHur r\u00e4knar jag ut min meritpo\u00e4ng?\n\t\t\t\t\n\t<\/h2>\n\n\t\t\t\t\t\t\t\t\t<div class=\"text l-stack u-font-body\">\n\t\t\t\t\t\t<p class=\"p1\">R\u00e4kna enkelt ut ditt meritv\u00e4rde fr\u00e5n grundskolan med hj\u00e4lp av meritv\u00e4rdesr\u00e4knaren p\u00e5 Gymnasiekolls hemsida.<\/p>\n\n\t\t\t\t\t<\/div>\n\t\t\t\t\t\t\t<\/div>\n\n\t\t\t\t<div class=\"ams-fifty__action u-inline-items\">\n\t\t\t\t\t\t\t\n\n\n<a href=\"https:\/\/gymnasiekoll.se\/gymnasieval\/meritvarde\/\"\n\t\n\tclass=\"c-btn \"\n\tdata-style=\"round\"\n\tdata-size=\"md\"\n\tdata-width=\"full-mobile\"\n\tdata-variant=\"default\"\n\ttarget=\"_blank\">\n\t\t\t<span class=\"label\"> R\u00e4kna ut ditt meritv\u00e4rde <\/span>\n\t\t\t<\/a>\n\t\t\t<\/div>\n\t\t<\/div>\n\n\t\t <div class=\"ams-fifty__media u-ratio-square\">\n\t\t \t\t\t\t\t<img decoding=\"async\" width=\"600\" height=\"485\" src=\"https:\/\/sjolinsgymnasium.se\/wp-content\/uploads\/sites\/4\/2023\/12\/sjolinsmeritvardemalmo202311202811-600x485.jpg\" class=\"attachment-md size-md\" alt=\"Tv\u00e5 elever i ett klassrum som l\u00e4ser en bok\" sizes=\"(min-width: 64em) 600px, calc(100vw - 160px)\" srcset=\"https:\/\/sjolinsgymnasium.se\/wp-content\/uploads\/sites\/4\/2023\/12\/sjolinsmeritvardemalmo202311202811-600x485.jpg 600w, https:\/\/sjolinsgymnasium.se\/wp-content\/uploads\/sites\/4\/2023\/12\/sjolinsmeritvardemalmo202311202811-300x243.jpg 300w, https:\/\/sjolinsgymnasium.se\/wp-content\/uploads\/sites\/4\/2023\/12\/sjolinsmeritvardemalmo202311202811-400x323.jpg 400w, https:\/\/sjolinsgymnasium.se\/wp-content\/uploads\/sites\/4\/2023\/12\/sjolinsmeritvardemalmo202311202811-800x647.jpg 800w, https:\/\/sjolinsgymnasium.se\/wp-content\/uploads\/sites\/4\/2023\/12\/sjolinsmeritvardemalmo202311202811-1024x828.jpg 1024w, https:\/\/sjolinsgymnasium.se\/wp-content\/uploads\/sites\/4\/2023\/12\/sjolinsmeritvardemalmo202311202811.jpg 1055w\" \/>\n\t\t\t\n\t\t\t\n\t\t\t\t\t<\/div>\n\t<\/div>\n\n\t\t\n\n<\/section>\n\n\n\n\n\n<section  class=\"ams-testimonial testimonial_module c-block l-stacked\" data-color-scheme=\"kort-beige-bakgrund\">\n\t<div class=\"l-container l-stack l-stack-fluid-2xl u-pt-fluid-3xl-6xl u-pb-fluid-3xl-6xl is-center is-center@md\">\n\t\t\t\t\t<div class=\"ams-testimonial__intro l-stack l-stack-lg\">\n\t\t\t\t\t\n\t<h2\n\tclass=\"c-heading u-font-title-1 \"\n\tstyle=\"\">\n\t\t\n\t\t\t\t\tElevintervjuer\n\t\t\t\t\n\t<\/h2>\n\n\t\t\t\t\t\t\t\t\t<div class=\"c-text l-stack u-cs-xl u-font-body\">\n\t\t\t\t\t\t<p><span data-sheets-value=\"{&quot;1&quot;:2,&quot;2&quot;:&quot;F\u00e5 en inblick i hur det \u00e4r att g\u00e5 p\u00e5 Sj\u00f6lins genom v\u00e5ra elevers perspektiv.&quot;}\" data-sheets-userformat=\"{&quot;2&quot;:7105,&quot;3&quot;:{&quot;1&quot;:0},&quot;9&quot;:0,&quot;10&quot;:1,&quot;11&quot;:4,&quot;12&quot;:0,&quot;14&quot;:{&quot;1&quot;:2,&quot;2&quot;:0},&quot;15&quot;:&quot;Roboto&quot;}\">F\u00e5 en inblick i hur det \u00e4r att g\u00e5 p\u00e5 Sj\u00f6lins Gymnasium genom v\u00e5ra elevers perspektiv.<\/span><\/p>\n\n\t\t\t\t\t<\/div>\n\t\t\t\t\t\t\t<\/div>\n\t\t\n\t\t\n\t\n\t\t\n\t\t\t\n<ul\n\tid=\"ams-testimonial-list-69f70b47d1e2c\"\n\tclass=\"ams-testimonial__list  l-grid u-gap-fluid-2xl-4xl js-results \"\n\tdata-filter-animation=\"off\">\n\t\t\t\t\t\t\t\t\t\t\t\n\t\t\n\t\t\n\t\t<li class=\"l-col-6@md \" data-filter=\"ekonomiprogrammet juli-2026\">\n\t\t\t<article class=\"c-card has-media-zoom \" data-variant=\"inside-half\" data-click-area>\n\t\t\t\t<div class=\"c-card__content l-stack l-stack-sm is-left is-left@md\">\n\t\t\t\t\t\t\t\t\t\t\t<blockquote class=\"c-card__title u-font-title-3\">\n\t\t\t\t\t\t\t\t\t\t\t\t\t\t\t<p class=\"u-quote-marks\"><a href=\"https:\/\/sjolinsgymnasium.se\/malmo\/elevintervjuer\/lokal\/juel-om-ekonomiprogrammet-pa-sjolins\" class=\"link\">Det b\u00e4sta med programmet \u00e4r att man blir v\u00e4l f\u00f6rberedd inf\u00f6r vidare studier&#8230;<\/a><\/p>\n\t\t\t\t\t\t\t\t\t\t\t\t\t<\/blockquote>\n\t\t\t\t\t\n\t\t\t\t\t\t\t\t\t\t\t<p class=\"c-card__text l-stack-grow u-divider-top u-font-body\">\n\t\t\t\t\t\t\t<span class=\"author u-mr-fluid-lg\">Juel<\/span>\n\t\t\t\t\t\t\t<span class=\"title u-mr-fluid-lg\">Elev<\/span>\n\t\t\t\t\t\t<\/p>\n\t\t\t\t\t\n\t\t\t\t\t<div class=\"c-card__icon\">\n\t\t\t\t\t\t<svg class=\"ams-icon ams-icon--arrow-right\" width=\"32\" height=\"32\" viewBox=\"0 0 32 32\" fill=\"currentColor\" aria-hidden=\"true\" xmlns=\"http:\/\/www.w3.org\/2000\/svg\">\n\t\t\t\t\t\t\t<path d=\"M15.4617 0.252159L14.9567 0.75931C14.6219 1.09545 14.6219 1.64048 14.9567 1.97669L27.7062 14.7806H0.857144C0.383786 14.7806 0 15.166 0 15.6414V16.3587C0 16.8341 0.383786 17.2195 0.857144 17.2195H27.7062L14.9567 30.0234C14.6219 30.3595 14.6219 30.9045 14.9567 31.2407L15.4617 31.7479C15.7964 32.084 16.3392 32.084 16.6739 31.7479L31.749 16.6087C32.0837 16.2725 32.0837 15.7275 31.749 15.3913L16.6739 0.252159C16.3392 -0.084053 15.7964 -0.084053 15.4617 0.252159Z\"\/>\n\t\t\t\t\t\t<\/svg>\n\t\t\t\t\t<\/div>\n\t\t\t\t<\/div>\n\t\t\t\t<div class=\"c-card__media\" style=\" \">\n\t\t\t\t\t<img decoding=\"async\" width=\"600\" height=\"691\" src=\"https:\/\/sjolinsgymnasium.se\/wp-content\/uploads\/2023\/07\/juel-elev-600x691.jpeg\" class=\"attachment-md size-md\" alt=\"Elev sitter i ett klassrum med sin dator.\" sizes=\"(min-width: 80em) 600px, (min-width: 48em) calc(.50 * (100vw - 240px)), calc(100vw - 160px)\" srcset=\"https:\/\/sjolinsgymnasium.se\/wp-content\/uploads\/2023\/07\/juel-elev-600x691.jpeg 600w, https:\/\/sjolinsgymnasium.se\/wp-content\/uploads\/2023\/07\/juel-elev-300x345.jpeg 300w, https:\/\/sjolinsgymnasium.se\/wp-content\/uploads\/2023\/07\/juel-elev-400x460.jpeg 400w, https:\/\/sjolinsgymnasium.se\/wp-content\/uploads\/2023\/07\/juel-elev.jpeg 768w\" \/>\n\t\t\t\t<\/div>\n\t\t\t<\/article>\n\t\t<\/li>\n\t<\/ul>\n\t\n\t<div class=\"no-results u-mt-0 u-hide\" data-filter-fallback-id=\"ams-testimonial-list-69f70b47d1e2c\">\n\t<p>Det finns inga resultat som matchar din filtrering.<\/p>\n<\/div>\n\n\t\n\n\t\t\n\t\t\t<div class=\"ams-testimonial__action u-inline-items\">\n\t\t\t\t\t\t\t\n\n\n<a href=\"https:\/\/sjolinsgymnasium.se\/malmo\/elevintervjuer\/\"\n\t\n\tclass=\"c-btn \"\n\tdata-style=\"round\"\n\tdata-size=\"md\"\n\tdata-width=\"full-mobile\"\n\tdata-variant=\"default\"\n\ttarget=\"_self\">\n\t\t\t<span class=\"label\"> Se alla elevintervjuer<\/span>\n\t\t\t<\/a>\n\t\t\t<\/div>\n\t<\/div>\n\n\t\t\n\n<\/section>\n\n\n\n\t<div class=\"module_wrapper ams_remote_pages_module \">\n\t\t\n\n<section  class=\"ams-cta ams-cta--stacked c-block l-stacked\" data-color-scheme=\"vit\">\n\t<div class=\"l-container-narrow l-stack l-stack-fluid-2xl u-pt-fluid-3xl-6xl u-pb-fluid-3xl-6xl is-center is-center@md\">\n\t\t\t\t\t<div class=\"ams-cta__intro l-stack l-stack-lg\">\n\t\t\t\t\t\n\t<h2\n\tclass=\"c-heading u-font-title-1 \"\n\tstyle=\"\">\n\t\t\n\t\t\t\t\tVar detta inte n\u00e5got f\u00f6r dig?\n\t\t\t\t\n\t<\/h2>\n\n\t\t\t\t\t\t\t\t\t<div class=\"c-text l-stack u-cs-xl u-font-body\">\n\t\t\t\t\t\t<p><span data-sheets-value=\"{&quot;1&quot;:2,&quot;2&quot;:&quot;Alla v\u00e5ra gymnasieprogram p\u00e5 Sj\u00f6lins \u00e4r h\u00f6gskolef\u00f6rberedande och ger dig en tydlig koppling till samh\u00e4llet genom case-arbete.\\n\\n\\n&quot;}\" data-sheets-userformat=\"{&quot;2&quot;:5025,&quot;3&quot;:{&quot;1&quot;:0},&quot;8&quot;:{&quot;1&quot;:[{&quot;1&quot;:2,&quot;2&quot;:0,&quot;5&quot;:{&quot;1&quot;:2,&quot;2&quot;:0}},{&quot;1&quot;:0,&quot;2&quot;:0,&quot;3&quot;:3},{&quot;1&quot;:1,&quot;2&quot;:0,&quot;4&quot;:1}]},&quot;10&quot;:0,&quot;11&quot;:4,&quot;12&quot;:0,&quot;15&quot;:&quot;Roboto&quot;}\">D\u00e5 kanske du \u00e4r mer intresserad av n\u00e5got av v\u00e5ra andra program!<br \/>\n<\/span><\/p>\n\n\t\t\t\t\t<\/div>\n\t\t\t\t\t\t\t<\/div>\n\t\t\n\t\t\n\t\t\t<div class=\"ams-cta__action u-inline-items\">\n\t\t\t\t\t\t\t\n\n\n<a href=\"https:\/\/sjolinsgymnasium.se\/malmo\/gymnasieprogram\/\"\n\t\n\tclass=\"c-btn \"\n\tdata-style=\"round\"\n\tdata-size=\"md\"\n\tdata-width=\"full-mobile\"\n\tdata-variant=\"default\"\n\ttarget=\"_self\">\n\t\t\t<span class=\"label\"> Till v\u00e5ra program<\/span>\n\t\t\t<\/a>\n\t\t\t<\/div>\n\t<\/div>\n\n\t\t\n\t\t\t\n\t\t\t\t\t\t\t\n\t\t\t\t<div class=\"c-bg c-bg--img\" data-settings=\"{&quot;desktop_settings&quot;:{&quot;size&quot;:&quot;cover&quot;,&quot;position&quot;:&quot;middle-center&quot;},&quot;mobile_settings&quot;:{&quot;size&quot;:&quot;cover&quot;,&quot;position&quot;:&quot;middle-center&quot;}}\" data-position=\"middle-center\" data-size=\"cover\">\n\t\t\t\n\t\t<\/div>\n\t\n<\/section>\n\t<\/div>\n\n\t","protected":false},"excerpt":{"rendered":"<p>\u00c4r du intresserad av ekonomi, juridik, entrepren\u00f6rskap och marknadsf\u00f6ring?<\/p>\n","protected":false},"featured_media":2807,"parent":0,"menu_order":0,"template":"","yoast_head":"<!-- This site is optimized with the Yoast SEO plugin v22.0 - https:\/\/yoast.com\/wordpress\/plugins\/seo\/ -->\n<title>Plugga Ekonomiprogrammet i Malm\u00f6 - Sj\u00f6lins Gymnasium<\/title>\n<meta name=\"description\" content=\"Har du siktet inst\u00e4llt p\u00e5 b\u00f6rsen, r\u00e4ttssalen eller m\u00e4klaryrket? Med v\u00e5r casemetodik f\u00e5r du en inblick i samh\u00e4llets mekanismer.\" \/>\n<meta name=\"robots\" content=\"index, follow, max-snippet:-1, max-image-preview:large, max-video-preview:-1\" \/>\n<link rel=\"canonical\" href=\"https:\/\/sjolinsgymnasium.se\/malmo\/program\/ekonomiprogrammet\/\" \/>\n<meta property=\"og:locale\" content=\"sv_SE\" \/>\n<meta property=\"og:type\" content=\"article\" \/>\n<meta property=\"og:title\" content=\"Plugga Ekonomiprogrammet i Malm\u00f6 - Sj\u00f6lins Gymnasium\" \/>\n<meta property=\"og:description\" content=\"Har du siktet inst\u00e4llt p\u00e5 b\u00f6rsen, r\u00e4ttssalen eller m\u00e4klaryrket? Med v\u00e5r casemetodik f\u00e5r du en inblick i samh\u00e4llets mekanismer.\" \/>\n<meta property=\"og:url\" content=\"https:\/\/sjolinsgymnasium.se\/malmo\/program\/ekonomiprogrammet\/\" \/>\n<meta property=\"og:site_name\" content=\"Malm\u00f6\" \/>\n<meta property=\"article:modified_time\" content=\"2026-04-16T06:15:57+00:00\" \/>\n<meta property=\"og:image\" content=\"https:\/\/sjolinsgymnasium.se\/wp-content\/uploads\/sites\/4\/2023\/07\/sjolinsekonomiprogrammetmalmo202311202811-1200x630.jpeg\" \/>\n\t<meta property=\"og:image:width\" content=\"1200\" \/>\n\t<meta property=\"og:image:height\" content=\"630\" \/>\n\t<meta property=\"og:image:type\" content=\"image\/jpeg\" \/>\n<meta name=\"twitter:card\" content=\"summary_large_image\" \/>\n<meta name=\"twitter:title\" content=\"Plugga Ekonomiprogrammet i Malm\u00f6 - Sj\u00f6lins Gymnasium\" \/>\n<meta name=\"twitter:description\" content=\"Har du siktet inst\u00e4llt p\u00e5 b\u00f6rsen, r\u00e4ttssalen eller m\u00e4klaryrket? Med v\u00e5r casemetodik f\u00e5r du en inblick i samh\u00e4llets mekanismer.\" \/>\n<meta name=\"twitter:image\" content=\"https:\/\/sjolinsgymnasium.se\/wp-content\/uploads\/sites\/4\/2023\/07\/sjolinsekonomiprogrammetmalmo202311202811-1200x630.jpeg\" \/>\n<meta name=\"twitter:label1\" content=\"Est. reading time\" \/>\n\t<meta name=\"twitter:data1\" content=\"2 minuter\" \/>\n<script type=\"application\/ld+json\" class=\"yoast-schema-graph\">{\"@context\":\"https:\/\/schema.org\",\"@graph\":[{\"@type\":\"WebPage\",\"@id\":\"https:\/\/sjolinsgymnasium.se\/malmo\/program\/ekonomiprogrammet\/\",\"url\":\"https:\/\/sjolinsgymnasium.se\/malmo\/program\/ekonomiprogrammet\/\",\"name\":\"Plugga Ekonomiprogrammet i Malm\u00f6 - Sj\u00f6lins Gymnasium\",\"isPartOf\":{\"@id\":\"https:\/\/sjolinsgymnasium.se\/malmo\/#website\"},\"datePublished\":\"2023-07-03T11:55:52+00:00\",\"dateModified\":\"2026-04-16T06:15:57+00:00\",\"description\":\"Har du siktet inst\u00e4llt p\u00e5 b\u00f6rsen, r\u00e4ttssalen eller m\u00e4klaryrket? Med v\u00e5r casemetodik f\u00e5r du en inblick i samh\u00e4llets mekanismer.\",\"breadcrumb\":{\"@id\":\"https:\/\/sjolinsgymnasium.se\/malmo\/program\/ekonomiprogrammet\/#breadcrumb\"},\"inLanguage\":\"sv-SE\",\"potentialAction\":[{\"@type\":\"ReadAction\",\"target\":[\"https:\/\/sjolinsgymnasium.se\/malmo\/program\/ekonomiprogrammet\/\"]}]},{\"@type\":\"BreadcrumbList\",\"@id\":\"https:\/\/sjolinsgymnasium.se\/malmo\/program\/ekonomiprogrammet\/#breadcrumb\",\"itemListElement\":[{\"@type\":\"ListItem\",\"position\":1,\"name\":\"Start\",\"item\":\"https:\/\/sjolinsgymnasium.se\/malmo\"},{\"@type\":\"ListItem\",\"position\":2,\"name\":\"V\u00e5ra gymnasieprogram\"}]},{\"@type\":\"WebSite\",\"@id\":\"https:\/\/sjolinsgymnasium.se\/malmo\/#website\",\"url\":\"https:\/\/sjolinsgymnasium.se\/malmo\/\",\"name\":\"Malm\u00f6\",\"description\":\"Just another WordPress site\",\"potentialAction\":[{\"@type\":\"SearchAction\",\"target\":{\"@type\":\"EntryPoint\",\"urlTemplate\":\"https:\/\/sjolinsgymnasium.se\/malmo\/?s={search_term_string}\"},\"query-input\":\"required name=search_term_string\"}],\"inLanguage\":\"sv-SE\"}]}<\/script>\n<!-- \/ Yoast SEO plugin. -->","yoast_head_json":{"title":"Plugga Ekonomiprogrammet i Malm\u00f6 - Sj\u00f6lins Gymnasium","description":"Har du siktet inst\u00e4llt p\u00e5 b\u00f6rsen, r\u00e4ttssalen eller m\u00e4klaryrket? Med v\u00e5r casemetodik f\u00e5r du en inblick i samh\u00e4llets mekanismer.","robots":{"index":"index","follow":"follow","max-snippet":"max-snippet:-1","max-image-preview":"max-image-preview:large","max-video-preview":"max-video-preview:-1"},"canonical":"https:\/\/sjolinsgymnasium.se\/malmo\/program\/ekonomiprogrammet\/","og_locale":"sv_SE","og_type":"article","og_title":"Plugga Ekonomiprogrammet i Malm\u00f6 - Sj\u00f6lins Gymnasium","og_description":"Har du siktet inst\u00e4llt p\u00e5 b\u00f6rsen, r\u00e4ttssalen eller m\u00e4klaryrket? Med v\u00e5r casemetodik f\u00e5r du en inblick i samh\u00e4llets mekanismer.","og_url":"https:\/\/sjolinsgymnasium.se\/malmo\/program\/ekonomiprogrammet\/","og_site_name":"Malm\u00f6","article_modified_time":"2026-04-16T06:15:57+00:00","og_image":[{"width":1200,"height":630,"url":"https:\/\/sjolinsgymnasium.se\/wp-content\/uploads\/sites\/4\/2023\/07\/sjolinsekonomiprogrammetmalmo202311202811-1200x630.jpeg","type":"image\/jpeg"}],"twitter_card":"summary_large_image","twitter_title":"Plugga Ekonomiprogrammet i Malm\u00f6 - Sj\u00f6lins Gymnasium","twitter_description":"Har du siktet inst\u00e4llt p\u00e5 b\u00f6rsen, r\u00e4ttssalen eller m\u00e4klaryrket? Med v\u00e5r casemetodik f\u00e5r du en inblick i samh\u00e4llets mekanismer.","twitter_image":"https:\/\/sjolinsgymnasium.se\/wp-content\/uploads\/sites\/4\/2023\/07\/sjolinsekonomiprogrammetmalmo202311202811-1200x630.jpeg","twitter_misc":{"Est. reading time":"2 minuter"},"schema":{"@context":"https:\/\/schema.org","@graph":[{"@type":"WebPage","@id":"https:\/\/sjolinsgymnasium.se\/malmo\/program\/ekonomiprogrammet\/","url":"https:\/\/sjolinsgymnasium.se\/malmo\/program\/ekonomiprogrammet\/","name":"Plugga Ekonomiprogrammet i Malm\u00f6 - Sj\u00f6lins Gymnasium","isPartOf":{"@id":"https:\/\/sjolinsgymnasium.se\/malmo\/#website"},"datePublished":"2023-07-03T11:55:52+00:00","dateModified":"2026-04-16T06:15:57+00:00","description":"Har du siktet inst\u00e4llt p\u00e5 b\u00f6rsen, r\u00e4ttssalen eller m\u00e4klaryrket? Med v\u00e5r casemetodik f\u00e5r du en inblick i samh\u00e4llets mekanismer.","breadcrumb":{"@id":"https:\/\/sjolinsgymnasium.se\/malmo\/program\/ekonomiprogrammet\/#breadcrumb"},"inLanguage":"sv-SE","potentialAction":[{"@type":"ReadAction","target":["https:\/\/sjolinsgymnasium.se\/malmo\/program\/ekonomiprogrammet\/"]}]},{"@type":"BreadcrumbList","@id":"https:\/\/sjolinsgymnasium.se\/malmo\/program\/ekonomiprogrammet\/#breadcrumb","itemListElement":[{"@type":"ListItem","position":1,"name":"Start","item":"https:\/\/sjolinsgymnasium.se\/malmo"},{"@type":"ListItem","position":2,"name":"V\u00e5ra gymnasieprogram"}]},{"@type":"WebSite","@id":"https:\/\/sjolinsgymnasium.se\/malmo\/#website","url":"https:\/\/sjolinsgymnasium.se\/malmo\/","name":"Malm\u00f6","description":"Just another WordPress site","potentialAction":[{"@type":"SearchAction","target":{"@type":"EntryPoint","urlTemplate":"https:\/\/sjolinsgymnasium.se\/malmo\/?s={search_term_string}"},"query-input":"required name=search_term_string"}],"inLanguage":"sv-SE"}]}},"_links":{"self":[{"href":"https:\/\/sjolinsgymnasium.se\/malmo\/wp-json\/wp\/v2\/program_orientation\/2024"}],"collection":[{"href":"https:\/\/sjolinsgymnasium.se\/malmo\/wp-json\/wp\/v2\/program_orientation"}],"about":[{"href":"https:\/\/sjolinsgymnasium.se\/malmo\/wp-json\/wp\/v2\/types\/program_orientation"}],"version-history":[{"count":10,"href":"https:\/\/sjolinsgymnasium.se\/malmo\/wp-json\/wp\/v2\/program_orientation\/2024\/revisions"}],"predecessor-version":[{"id":3413,"href":"https:\/\/sjolinsgymnasium.se\/malmo\/wp-json\/wp\/v2\/program_orientation\/2024\/revisions\/3413"}],"wp:featuredmedia":[{"embeddable":true,"href":"https:\/\/sjolinsgymnasium.se\/malmo\/wp-json\/wp\/v2\/media\/2807"}],"wp:attachment":[{"href":"https:\/\/sjolinsgymnasium.se\/malmo\/wp-json\/wp\/v2\/media?parent=2024"}],"curies":[{"name":"wp","href":"https:\/\/api.w.org\/{rel}","templated":true}]}}